{"id":4196,"date":"2022-02-20T14:58:46","date_gmt":"2022-02-20T13:58:46","guid":{"rendered":"https:\/\/www.campinganderwald.at\/vandretur-2\/"},"modified":"2023-01-18T17:37:45","modified_gmt":"2023-01-18T16:37:45","slug":"vandretur-2","status":"publish","type":"page","link":"https:\/\/www.campinganderwald.at\/da\/vandretur-2\/","title":{"rendered":"Klatre"},"content":{"rendered":"\t\t<div data-elementor-type=\"wp-page\" data-elementor-id=\"4196\" class=\"elementor elementor-4196 elementor-1711\" data-elementor-post-type=\"page\">\n\t\t\t\t\t\t<section class=\"elementor-section elementor-top-section elementor-element elementor-element-ed5d843 elementor-section-boxed elementor-section-height-default elementor-section-height-default qodef-elementor-content-no\" data-id=\"ed5d843\" data-element_type=\"section\" data-e-type=\"section\">\n\t\t\t\t\t\t<div class=\"elementor-container elementor-column-gap-default\">\n\t\t\t\t\t<div class=\"elementor-column elementor-col-100 elementor-top-column elementor-element elementor-element-b142fe4\" data-id=\"b142fe4\" data-element_type=\"column\" data-e-type=\"column\">\n\t\t\t<div class=\"elementor-widget-wrap elementor-element-populated\">\n\t\t\t\t\t\t<div class=\"elementor-element elementor-element-48ab2f9 elementor-widget elementor-widget-qi_addons_for_elementor_section_title\" data-id=\"48ab2f9\" data-element_type=\"widget\" data-e-type=\"widget\" data-widget_type=\"qi_addons_for_elementor_section_title.default\">\n\t\t\t\t<div class=\"elementor-widget-container\">\n\t\t\t\t\t<div class=\"qodef-shortcode qodef-m qodef-qi-section-title qodef-decoration--italic qodef-link--underline-draw qodef-subtitle-icon--left\">\n\t\t\t\t<h5 class=\"qodef-m-subtitle\">\n\t\tSigt h\u00f8jt\t\t\t<\/h5>\n\t\t\t<h2 class=\"qodef-m-title\">\n\t\tKlatre\t<\/h2>\n\t\t\t<div class=\"qodef-m-text\"><p>Det milde klima i den sydlige del af Alperne giver dig de perfekte betingelser for bjergbestigning allerede i april. Vores Kanzianiberg udvikler sig mere og mere til et m\u00f8dested inden for klatresporten. Den st\u00f8rste og mest spektakul\u00e6re klatrehave i det sydlige \u00d8strig er en af de bedste klatrehaver i \u00d8strig med mere end 300 ruter og 400 pladser. Vi er basislejren for alle dem, der allerede kan klatre, dem, der \u00f8nsker at skifte fra hallen til klippen, og begyndere og familier, der \u00f8nsker at pr\u00f8ve at klatre for f\u00f8rste gang.<\/p><\/div>\n\t<\/div>\n\t\t\t\t<\/div>\n\t\t\t\t<\/div>\n\t\t\t\t\t<\/div>\n\t\t<\/div>\n\t\t\t\t\t<\/div>\n\t\t<\/section>\n\t\t\t\t<section class=\"elementor-section elementor-top-section elementor-element elementor-element-573b9a2 elementor-section-full_width elementor-section-height-default elementor-section-height-default qodef-elementor-content-no\" data-id=\"573b9a2\" data-element_type=\"section\" data-e-type=\"section\">\n\t\t\t\t\t\t<div class=\"elementor-container elementor-column-gap-default\">\n\t\t\t\t\t<div class=\"elementor-column elementor-col-100 elementor-top-column elementor-element elementor-element-d7c0207\" data-id=\"d7c0207\" data-element_type=\"column\" data-e-type=\"column\">\n\t\t\t<div class=\"elementor-widget-wrap elementor-element-populated\">\n\t\t\t\t\t\t<div class=\"elementor-element elementor-element-b7b01d4 elementor-widget elementor-widget-kamperen_core_image_slider\" data-id=\"b7b01d4\" data-element_type=\"widget\" data-e-type=\"widget\" data-widget_type=\"kamperen_core_image_slider.default\">\n\t\t\t\t<div class=\"elementor-widget-container\">\n\t\t\t\t\t<div class=\"qodef-shortcode qodef-m  qodef-image-slider qodef-col-width-auto qodef-magnific-popup qodef-popup-gallery qodef-grid qodef-swiper-container   qodef-col-num--1  qodef-responsive--predefined\" data-options='{\"slidesPerView\":\"auto\", \"loop\":\"true\", \"centeredSlides\":\"true\", \"slidesPerView1440\":\"auto\", \"slidesPerView1366\":\"auto\", \"slidesPerView1024\":\"auto\", \"slidesPerView768\":\"auto\", \"slidesPerView680\":\"auto\", \"slidesPerView480\":\"auto\"}'>\n\t<div class=\"swiper-wrapper\">\n\t\t<div class=\"qodef-e qodef-image-wrapper swiper-slide\">\n\t\t\t<a class=\"qodef-popup-item\" itemprop=\"image\" href=\"https:\/\/www.campinganderwald.at\/wp-content\/uploads\/2022\/02\/57bf163fe722a_o.jpg\" data-type=\"image\" title=\"\">\n\t\t\t<img fetchpriority=\"high\" decoding=\"async\" src=\"https:\/\/www.campinganderwald.at\/wp-content\/uploads\/2022\/02\/57bf163fe722a_o-300x300.jpg\" alt=\"\" width=\"300\" height=\"300\" data-ratio=\"1\" \/>\t\t\t<\/a>\n\t<\/div>\n<div class=\"qodef-e qodef-image-wrapper swiper-slide\">\n\t\t\t<a class=\"qodef-popup-item\" itemprop=\"image\" href=\"https:\/\/www.campinganderwald.at\/wp-content\/uploads\/2022\/03\/4c0eb17bced59_o.jpg\" data-type=\"image\" title=\"\">\n\t\t\t<img decoding=\"async\" src=\"https:\/\/www.campinganderwald.at\/wp-content\/uploads\/2022\/03\/4c0eb17bced59_o-300x300.jpg\" alt=\"\" width=\"300\" height=\"300\" data-ratio=\"1\" \/>\t\t\t<\/a>\n\t<\/div>\n<div class=\"qodef-e qodef-image-wrapper swiper-slide\">\n\t\t\t<a class=\"qodef-popup-item\" itemprop=\"image\" href=\"https:\/\/www.campinganderwald.at\/wp-content\/uploads\/2022\/03\/532c392656181_o.jpg\" data-type=\"image\" title=\"\">\n\t\t\t<img decoding=\"async\" src=\"https:\/\/www.campinganderwald.at\/wp-content\/uploads\/2022\/03\/532c392656181_o-300x300.jpg\" alt=\"\" width=\"300\" height=\"300\" data-ratio=\"1\" \/>\t\t\t<\/a>\n\t<\/div>\n<div class=\"qodef-e qodef-image-wrapper swiper-slide\">\n\t\t\t<a class=\"qodef-popup-item\" itemprop=\"image\" href=\"https:\/\/www.campinganderwald.at\/wp-content\/uploads\/2022\/03\/520e9283aa67f_o.jpg\" data-type=\"image\" title=\"\">\n\t\t\t<img loading=\"lazy\" decoding=\"async\" src=\"https:\/\/www.campinganderwald.at\/wp-content\/uploads\/2022\/03\/520e9283aa67f_o-300x300.jpg\" alt=\"\" width=\"300\" height=\"300\" data-ratio=\"1\" \/>\t\t\t<\/a>\n\t<\/div>\n<div class=\"qodef-e qodef-image-wrapper swiper-slide\">\n\t\t\t<a class=\"qodef-popup-item\" itemprop=\"image\" href=\"https:\/\/www.campinganderwald.at\/wp-content\/uploads\/2022\/03\/57bf180a898bb_o.jpg\" data-type=\"image\" title=\"\">\n\t\t\t<img loading=\"lazy\" decoding=\"async\" src=\"https:\/\/www.campinganderwald.at\/wp-content\/uploads\/2022\/03\/57bf180a898bb_o-300x300.jpg\" alt=\"\" width=\"300\" height=\"300\" data-ratio=\"1\" \/>\t\t\t<\/a>\n\t<\/div>\n<div class=\"qodef-e qodef-image-wrapper swiper-slide\">\n\t\t\t<a class=\"qodef-popup-item\" itemprop=\"image\" href=\"https:\/\/www.campinganderwald.at\/wp-content\/uploads\/2022\/03\/532c39593d303_o.jpg\" data-type=\"image\" title=\"\">\n\t\t\t<img loading=\"lazy\" decoding=\"async\" src=\"https:\/\/www.campinganderwald.at\/wp-content\/uploads\/2022\/03\/532c39593d303_o-300x300.jpg\" alt=\"\" width=\"300\" height=\"300\" data-ratio=\"1\" \/>\t\t\t<\/a>\n\t<\/div>\n<div class=\"qodef-e qodef-image-wrapper swiper-slide\">\n\t\t\t<a class=\"qodef-popup-item\" itemprop=\"image\" href=\"https:\/\/www.campinganderwald.at\/wp-content\/uploads\/2022\/03\/4c0eb16600d6b_o.jpg\" data-type=\"image\" title=\"\">\n\t\t\t<img loading=\"lazy\" decoding=\"async\" src=\"https:\/\/www.campinganderwald.at\/wp-content\/uploads\/2022\/03\/4c0eb16600d6b_o-300x300.jpg\" alt=\"\" width=\"300\" height=\"300\" data-ratio=\"1\" \/>\t\t\t<\/a>\n\t<\/div>\n<div class=\"qodef-e qodef-image-wrapper swiper-slide\">\n\t\t\t<a class=\"qodef-popup-item\" itemprop=\"image\" href=\"https:\/\/www.campinganderwald.at\/wp-content\/uploads\/2022\/03\/532c390cccfbf_o.jpg\" data-type=\"image\" title=\"\">\n\t\t\t<img loading=\"lazy\" decoding=\"async\" src=\"https:\/\/www.campinganderwald.at\/wp-content\/uploads\/2022\/03\/532c390cccfbf_o-300x300.jpg\" alt=\"\" width=\"300\" height=\"300\" data-ratio=\"1\" \/>\t\t\t<\/a>\n\t<\/div>\n<div class=\"qodef-e qodef-image-wrapper swiper-slide\">\n\t\t\t<a class=\"qodef-popup-item\" itemprop=\"image\" href=\"https:\/\/www.campinganderwald.at\/wp-content\/uploads\/2022\/03\/532c39030457b_o.jpg\" data-type=\"image\" title=\"\">\n\t\t\t<img loading=\"lazy\" decoding=\"async\" src=\"https:\/\/www.campinganderwald.at\/wp-content\/uploads\/2022\/03\/532c39030457b_o-300x300.jpg\" alt=\"\" width=\"300\" height=\"300\" data-ratio=\"1\" \/>\t\t\t<\/a>\n\t<\/div>\n<div class=\"qodef-e qodef-image-wrapper swiper-slide\">\n\t\t\t<a class=\"qodef-popup-item\" itemprop=\"image\" href=\"https:\/\/www.campinganderwald.at\/wp-content\/uploads\/2022\/03\/532c394f4288a_o.jpg\" data-type=\"image\" title=\"\">\n\t\t\t<img loading=\"lazy\" decoding=\"async\" src=\"https:\/\/www.campinganderwald.at\/wp-content\/uploads\/2022\/03\/532c394f4288a_o-300x300.jpg\" alt=\"\" width=\"300\" height=\"300\" data-ratio=\"1\" \/>\t\t\t<\/a>\n\t<\/div>\n<div class=\"qodef-e qodef-image-wrapper swiper-slide\">\n\t\t\t<a class=\"qodef-popup-item\" itemprop=\"image\" href=\"https:\/\/www.campinganderwald.at\/wp-content\/uploads\/2022\/03\/532c3934ba516_o.jpg\" data-type=\"image\" title=\"\">\n\t\t\t<img loading=\"lazy\" decoding=\"async\" src=\"https:\/\/www.campinganderwald.at\/wp-content\/uploads\/2022\/03\/532c3934ba516_o-300x300.jpg\" alt=\"\" width=\"300\" height=\"300\" data-ratio=\"1\" \/>\t\t\t<\/a>\n\t<\/div>\n<div class=\"qodef-e qodef-image-wrapper swiper-slide\">\n\t\t\t<a class=\"qodef-popup-item\" itemprop=\"image\" href=\"https:\/\/www.campinganderwald.at\/wp-content\/uploads\/2022\/03\/532c39195330d_o.jpg\" data-type=\"image\" title=\"\">\n\t\t\t<img loading=\"lazy\" decoding=\"async\" src=\"https:\/\/www.campinganderwald.at\/wp-content\/uploads\/2022\/03\/532c39195330d_o-300x300.jpg\" alt=\"\" width=\"300\" height=\"300\" data-ratio=\"1\" \/>\t\t\t<\/a>\n\t<\/div>\n\t<\/div>\n\t\t<div class=\"swiper-button-prev \"><svg  xmlns=\"http:\/\/www.w3.org\/2000\/svg\" width=\"30.256\" height=\"25.243\" viewBox=\"0 0 30.256 25.243\"><g transform=\"translate(30.621 30.621) rotate(180)\"><path d=\"M7.5,18H31.159\" transform=\"translate(-5.635)\" fill=\"none\" stroke=\"#fff\" stroke-linecap=\"square\" stroke-linejoin=\"round\" stroke-width=\"3\"\/><path d=\"M18,7.5,28.5,18,18,28.5\" fill=\"none\" stroke=\"#fff\" stroke-linecap=\"square\" stroke-width=\"3\"\/><\/g><\/svg><\/div>\n\t<div class=\"swiper-button-next \"><svg  xmlns=\"http:\/\/www.w3.org\/2000\/svg\" width=\"30.256\" height=\"25.243\" viewBox=\"0 0 30.256 25.243\"><g transform=\"translate(-0.365 -5.379)\"><path d=\"M7.5,18H31.159\" transform=\"translate(-5.635)\" fill=\"none\" stroke=\"#fff\" stroke-linecap=\"square\" stroke-linejoin=\"round\" stroke-width=\"3\"\/><path d=\"M18,7.5,28.5,18,18,28.5\" fill=\"none\" stroke=\"#fff\" stroke-linecap=\"square\" stroke-width=\"3\"\/><\/g><\/svg><\/div>\n\t<\/div>\n\t\t\t\t<\/div>\n\t\t\t\t<\/div>\n\t\t\t\t\t<\/div>\n\t\t<\/div>\n\t\t\t\t\t<\/div>\n\t\t<\/section>\n\t\t\t\t<section class=\"elementor-section elementor-top-section elementor-element elementor-element-f5a7d6c elementor-section-boxed elementor-section-height-default elementor-section-height-default qodef-elementor-content-no\" data-id=\"f5a7d6c\" data-element_type=\"section\" data-e-type=\"section\">\n\t\t\t\t\t\t<div class=\"elementor-container elementor-column-gap-default\">\n\t\t\t\t\t\t<\/div>\n\t\t<\/section>\n\t\t\t\t<section class=\"elementor-section elementor-top-section elementor-element elementor-element-772b9a9 elementor-section-boxed elementor-section-height-default elementor-section-height-default qodef-elementor-content-no\" data-id=\"772b9a9\" data-element_type=\"section\" data-e-type=\"section\">\n\t\t\t\t\t\t<div class=\"elementor-container elementor-column-gap-default\">\n\t\t\t\t\t\t<\/div>\n\t\t<\/section>\n\t\t\t\t<section class=\"elementor-section elementor-top-section elementor-element elementor-element-e9ad205 elementor-section-boxed elementor-section-height-default elementor-section-height-default qodef-elementor-content-no\" data-id=\"e9ad205\" data-element_type=\"section\" data-e-type=\"section\">\n\t\t\t\t\t\t<div class=\"elementor-container elementor-column-gap-default\">\n\t\t\t\t\t\t<\/div>\n\t\t<\/section>\n\t\t\t\t<section class=\"elementor-section elementor-top-section elementor-element elementor-element-dafc96c elementor-section-boxed elementor-section-height-default elementor-section-height-default qodef-elementor-content-no\" data-id=\"dafc96c\" data-element_type=\"section\" data-e-type=\"section\">\n\t\t\t\t\t\t<div class=\"elementor-container elementor-column-gap-default\">\n\t\t\t\t\t\t<\/div>\n\t\t<\/section>\n\t\t\t\t<section class=\"elementor-section elementor-top-section elementor-element elementor-element-fd07165 elementor-section-boxed elementor-section-height-default elementor-section-height-default qodef-elementor-content-no\" data-id=\"fd07165\" data-element_type=\"section\" data-e-type=\"section\">\n\t\t\t\t\t\t<div class=\"elementor-container elementor-column-gap-default\">\n\t\t\t\t\t\t<\/div>\n\t\t<\/section>\n\t\t\t\t<section class=\"elementor-section elementor-top-section elementor-element elementor-element-08fce25 elementor-section-boxed elementor-section-height-default elementor-section-height-default qodef-elementor-content-no\" data-id=\"08fce25\" data-element_type=\"section\" data-e-type=\"section\">\n\t\t\t\t\t\t<div class=\"elementor-container elementor-column-gap-default\">\n\t\t\t\t\t<div class=\"elementor-column elementor-col-50 elementor-top-column elementor-element elementor-element-00479e8\" data-id=\"00479e8\" data-element_type=\"column\" data-e-type=\"column\">\n\t\t\t<div class=\"elementor-widget-wrap elementor-element-populated\">\n\t\t\t\t\t\t<div class=\"elementor-element elementor-element-52f5bb1 elementor-widget elementor-widget-text-editor\" data-id=\"52f5bb1\" data-element_type=\"widget\" data-e-type=\"widget\" data-widget_type=\"text-editor.default\">\n\t\t\t\t<div class=\"elementor-widget-container\">\n\t\t\t\t\t\t\t\t\t<h4>Vores service til alle klatrere<\/h4>\n<ul>\n<li>Topos fra Kanzianiberg<\/li>\n<li>Pr\u00f8veklatring med bjergskolen &#8220;high life&#8221;<\/li>\n<li>Klatrekurser med bjergskolen &#8220;high life&#8221;<\/li>\n<li>Via ferrata-s\u00e6t til leje for vores g\u00e6ster<\/li>\n<li>Guidede via ferrata-ture med vores bjergskole<\/li>\n<\/ul>\n\t\t\t\t\t\t\t\t<\/div>\n\t\t\t\t<\/div>\n\t\t\t\t\t<\/div>\n\t\t<\/div>\n\t\t\t\t<div class=\"elementor-column elementor-col-50 elementor-top-column elementor-element elementor-element-0c4c226\" data-id=\"0c4c226\" data-element_type=\"column\" data-e-type=\"column\">\n\t\t\t<div class=\"elementor-widget-wrap elementor-element-populated\">\n\t\t\t\t\t\t<div class=\"elementor-element elementor-element-760c63f elementor-widget elementor-widget-text-editor\" data-id=\"760c63f\" data-element_type=\"widget\" data-e-type=\"widget\" data-widget_type=\"text-editor.default\">\n\t\t\t\t<div class=\"elementor-widget-container\">\n\t\t\t\t\t\t\t\t\t<h4>Hvad g\u00f8r os ellers til den perfekte base camp for alle klatrefans?<\/h4>\n<ul>\n<li>Camping i naturen<\/li>\n<li>Perfekte pladser til telte og busser<\/li>\n<li>Vores fremragende restaurant til at genoplade dine batterier.<\/li>\n<li>Sv\u00f8mning i den krystalklare, varme Faaker See.<\/li>\n<li>En skov ved s\u00f8en direkte ved \u00d8strigs sydligste bades\u00f8!<\/li>\n<li>Mange tr\u00e6er til slackline ;-)&#8230;.og en gratis workshop for at l\u00e6re det &#8220;rigtigt&#8221; \ud83d\ude09<\/li>\n<\/ul>\n\t\t\t\t\t\t\t\t<\/div>\n\t\t\t\t<\/div>\n\t\t\t\t\t<\/div>\n\t\t<\/div>\n\t\t\t\t\t<\/div>\n\t\t<\/section>\n\t\t\t\t<\/div>\n\t\t","protected":false},"excerpt":{"rendered":"<p>Sigt h\u00f8jt Klatre Det milde klima i den sydlige del af Alperne giver dig de perfekte betingelser for bjergbestigning allerede i april. Vores Kanzianiberg udvikler sig mere og mere til et m\u00f8dested inden for klatresporten. Den st\u00f8rste og mest spektakul\u00e6re klatrehave i det sydlige \u00d8strig er en af de bedste klatrehaver i \u00d8strig med mere [&hellip;]<\/p>\n","protected":false},"author":2,"featured_media":0,"parent":0,"menu_order":0,"comment_status":"closed","ping_status":"closed","template":"","meta":{"footnotes":""},"class_list":["post-4196","page","type-page","status-publish","hentry"],"yoast_head":"<!-- This site is optimized with the Yoast SEO plugin v27.5 - https:\/\/yoast.com\/product\/yoast-seo-wordpress\/ -->\n<title>Klatre - Camping Anderwald<\/title>\n<meta name=\"robots\" content=\"index, follow, max-snippet:-1, max-image-preview:large, max-video-preview:-1\" \/>\n<link rel=\"canonical\" href=\"https:\/\/www.campinganderwald.at\/da\/vandretur-2\/\" \/>\n<meta property=\"og:locale\" content=\"da_DK\" \/>\n<meta property=\"og:type\" content=\"article\" \/>\n<meta property=\"og:title\" content=\"Klatre - Camping Anderwald\" \/>\n<meta property=\"og:description\" content=\"Sigt h\u00f8jt Klatre Det milde klima i den sydlige del af Alperne giver dig de perfekte betingelser for bjergbestigning allerede i april. Vores Kanzianiberg udvikler sig mere og mere til et m\u00f8dested inden for klatresporten. Den st\u00f8rste og mest spektakul\u00e6re klatrehave i det sydlige \u00d8strig er en af de bedste klatrehaver i \u00d8strig med mere [&hellip;]\" \/>\n<meta property=\"og:url\" content=\"https:\/\/www.campinganderwald.at\/da\/vandretur-2\/\" \/>\n<meta property=\"og:site_name\" content=\"Camping Anderwald\" \/>\n<meta property=\"article:modified_time\" content=\"2023-01-18T16:37:45+00:00\" \/>\n<meta property=\"og:image\" content=\"https:\/\/www.campinganderwald.at\/wp-content\/uploads\/2022\/02\/57bf163fe722a_o-300x300.jpg\" \/>\n<meta name=\"twitter:card\" content=\"summary_large_image\" \/>\n<meta name=\"twitter:label1\" content=\"Estimeret l\u00e6setid\" \/>\n\t<meta name=\"twitter:data1\" content=\"1 minut\" \/>\n<script type=\"application\/ld+json\" class=\"yoast-schema-graph\">{\"@context\":\"https:\\\/\\\/schema.org\",\"@graph\":[{\"@type\":\"WebPage\",\"@id\":\"https:\\\/\\\/www.campinganderwald.at\\\/da\\\/vandretur-2\\\/\",\"url\":\"https:\\\/\\\/www.campinganderwald.at\\\/da\\\/vandretur-2\\\/\",\"name\":\"Klatre - Camping Anderwald\",\"isPartOf\":{\"@id\":\"https:\\\/\\\/www.campinganderwald.at\\\/da\\\/#website\"},\"primaryImageOfPage\":{\"@id\":\"https:\\\/\\\/www.campinganderwald.at\\\/da\\\/vandretur-2\\\/#primaryimage\"},\"image\":{\"@id\":\"https:\\\/\\\/www.campinganderwald.at\\\/da\\\/vandretur-2\\\/#primaryimage\"},\"thumbnailUrl\":\"https:\\\/\\\/www.campinganderwald.at\\\/wp-content\\\/uploads\\\/2022\\\/02\\\/57bf163fe722a_o-300x300.jpg\",\"datePublished\":\"2022-02-20T13:58:46+00:00\",\"dateModified\":\"2023-01-18T16:37:45+00:00\",\"breadcrumb\":{\"@id\":\"https:\\\/\\\/www.campinganderwald.at\\\/da\\\/vandretur-2\\\/#breadcrumb\"},\"inLanguage\":\"da-DK\",\"potentialAction\":[{\"@type\":\"ReadAction\",\"target\":[\"https:\\\/\\\/www.campinganderwald.at\\\/da\\\/vandretur-2\\\/\"]}]},{\"@type\":\"ImageObject\",\"inLanguage\":\"da-DK\",\"@id\":\"https:\\\/\\\/www.campinganderwald.at\\\/da\\\/vandretur-2\\\/#primaryimage\",\"url\":\"https:\\\/\\\/www.campinganderwald.at\\\/wp-content\\\/uploads\\\/2022\\\/02\\\/57bf163fe722a_o-300x300.jpg\",\"contentUrl\":\"https:\\\/\\\/www.campinganderwald.at\\\/wp-content\\\/uploads\\\/2022\\\/02\\\/57bf163fe722a_o-300x300.jpg\"},{\"@type\":\"BreadcrumbList\",\"@id\":\"https:\\\/\\\/www.campinganderwald.at\\\/da\\\/vandretur-2\\\/#breadcrumb\",\"itemListElement\":[{\"@type\":\"ListItem\",\"position\":1,\"name\":\"Startseite\",\"item\":\"https:\\\/\\\/www.campinganderwald.at\\\/da\\\/\"},{\"@type\":\"ListItem\",\"position\":2,\"name\":\"Klatre\"}]},{\"@type\":\"WebSite\",\"@id\":\"https:\\\/\\\/www.campinganderwald.at\\\/da\\\/#website\",\"url\":\"https:\\\/\\\/www.campinganderwald.at\\\/da\\\/\",\"name\":\"Camping Anderwald\",\"description\":\"Unser Campingplatz liegt direkt am Faaker See in K\u00e4rnten, eingebettet in die traumhafte Kulisse der das gesamte Gebiet umgebenden Karawanken. Der Faaker See ist nicht nur der s\u00fcdlichste Badesee K\u00e4rntens, er ist auch einer der...\",\"publisher\":{\"@id\":\"https:\\\/\\\/www.campinganderwald.at\\\/da\\\/#organization\"},\"potentialAction\":[{\"@type\":\"SearchAction\",\"target\":{\"@type\":\"EntryPoint\",\"urlTemplate\":\"https:\\\/\\\/www.campinganderwald.at\\\/da\\\/?s={search_term_string}\"},\"query-input\":{\"@type\":\"PropertyValueSpecification\",\"valueRequired\":true,\"valueName\":\"search_term_string\"}}],\"inLanguage\":\"da-DK\"},{\"@type\":\"Organization\",\"@id\":\"https:\\\/\\\/www.campinganderwald.at\\\/da\\\/#organization\",\"name\":\"Camping Anderwald\",\"url\":\"https:\\\/\\\/www.campinganderwald.at\\\/da\\\/\",\"logo\":{\"@type\":\"ImageObject\",\"inLanguage\":\"da-DK\",\"@id\":\"https:\\\/\\\/www.campinganderwald.at\\\/da\\\/#\\\/schema\\\/logo\\\/image\\\/\",\"url\":\"https:\\\/\\\/www.campinganderwald.at\\\/wp-content\\\/uploads\\\/2022\\\/01\\\/campingAnderwald-logo.svg\",\"contentUrl\":\"https:\\\/\\\/www.campinganderwald.at\\\/wp-content\\\/uploads\\\/2022\\\/01\\\/campingAnderwald-logo.svg\",\"caption\":\"Camping Anderwald\"},\"image\":{\"@id\":\"https:\\\/\\\/www.campinganderwald.at\\\/da\\\/#\\\/schema\\\/logo\\\/image\\\/\"}}]}<\/script>\n<!-- \/ Yoast SEO plugin. -->","yoast_head_json":{"title":"Klatre - Camping Anderwald","robots":{"index":"index","follow":"follow","max-snippet":"max-snippet:-1","max-image-preview":"max-image-preview:large","max-video-preview":"max-video-preview:-1"},"canonical":"https:\/\/www.campinganderwald.at\/da\/vandretur-2\/","og_locale":"da_DK","og_type":"article","og_title":"Klatre - Camping Anderwald","og_description":"Sigt h\u00f8jt Klatre Det milde klima i den sydlige del af Alperne giver dig de perfekte betingelser for bjergbestigning allerede i april. Vores Kanzianiberg udvikler sig mere og mere til et m\u00f8dested inden for klatresporten. Den st\u00f8rste og mest spektakul\u00e6re klatrehave i det sydlige \u00d8strig er en af de bedste klatrehaver i \u00d8strig med mere [&hellip;]","og_url":"https:\/\/www.campinganderwald.at\/da\/vandretur-2\/","og_site_name":"Camping Anderwald","article_modified_time":"2023-01-18T16:37:45+00:00","og_image":[{"url":"https:\/\/www.campinganderwald.at\/wp-content\/uploads\/2022\/02\/57bf163fe722a_o-300x300.jpg","type":"","width":"","height":""}],"twitter_card":"summary_large_image","twitter_misc":{"Estimeret l\u00e6setid":"1 minut"},"schema":{"@context":"https:\/\/schema.org","@graph":[{"@type":"WebPage","@id":"https:\/\/www.campinganderwald.at\/da\/vandretur-2\/","url":"https:\/\/www.campinganderwald.at\/da\/vandretur-2\/","name":"Klatre - Camping Anderwald","isPartOf":{"@id":"https:\/\/www.campinganderwald.at\/da\/#website"},"primaryImageOfPage":{"@id":"https:\/\/www.campinganderwald.at\/da\/vandretur-2\/#primaryimage"},"image":{"@id":"https:\/\/www.campinganderwald.at\/da\/vandretur-2\/#primaryimage"},"thumbnailUrl":"https:\/\/www.campinganderwald.at\/wp-content\/uploads\/2022\/02\/57bf163fe722a_o-300x300.jpg","datePublished":"2022-02-20T13:58:46+00:00","dateModified":"2023-01-18T16:37:45+00:00","breadcrumb":{"@id":"https:\/\/www.campinganderwald.at\/da\/vandretur-2\/#breadcrumb"},"inLanguage":"da-DK","potentialAction":[{"@type":"ReadAction","target":["https:\/\/www.campinganderwald.at\/da\/vandretur-2\/"]}]},{"@type":"ImageObject","inLanguage":"da-DK","@id":"https:\/\/www.campinganderwald.at\/da\/vandretur-2\/#primaryimage","url":"https:\/\/www.campinganderwald.at\/wp-content\/uploads\/2022\/02\/57bf163fe722a_o-300x300.jpg","contentUrl":"https:\/\/www.campinganderwald.at\/wp-content\/uploads\/2022\/02\/57bf163fe722a_o-300x300.jpg"},{"@type":"BreadcrumbList","@id":"https:\/\/www.campinganderwald.at\/da\/vandretur-2\/#breadcrumb","itemListElement":[{"@type":"ListItem","position":1,"name":"Startseite","item":"https:\/\/www.campinganderwald.at\/da\/"},{"@type":"ListItem","position":2,"name":"Klatre"}]},{"@type":"WebSite","@id":"https:\/\/www.campinganderwald.at\/da\/#website","url":"https:\/\/www.campinganderwald.at\/da\/","name":"Camping Anderwald","description":"Unser Campingplatz liegt direkt am Faaker See in K\u00e4rnten, eingebettet in die traumhafte Kulisse der das gesamte Gebiet umgebenden Karawanken. Der Faaker See ist nicht nur der s\u00fcdlichste Badesee K\u00e4rntens, er ist auch einer der...","publisher":{"@id":"https:\/\/www.campinganderwald.at\/da\/#organization"},"potentialAction":[{"@type":"SearchAction","target":{"@type":"EntryPoint","urlTemplate":"https:\/\/www.campinganderwald.at\/da\/?s={search_term_string}"},"query-input":{"@type":"PropertyValueSpecification","valueRequired":true,"valueName":"search_term_string"}}],"inLanguage":"da-DK"},{"@type":"Organization","@id":"https:\/\/www.campinganderwald.at\/da\/#organization","name":"Camping Anderwald","url":"https:\/\/www.campinganderwald.at\/da\/","logo":{"@type":"ImageObject","inLanguage":"da-DK","@id":"https:\/\/www.campinganderwald.at\/da\/#\/schema\/logo\/image\/","url":"https:\/\/www.campinganderwald.at\/wp-content\/uploads\/2022\/01\/campingAnderwald-logo.svg","contentUrl":"https:\/\/www.campinganderwald.at\/wp-content\/uploads\/2022\/01\/campingAnderwald-logo.svg","caption":"Camping Anderwald"},"image":{"@id":"https:\/\/www.campinganderwald.at\/da\/#\/schema\/logo\/image\/"}}]}},"_links":{"self":[{"href":"https:\/\/www.campinganderwald.at\/da\/wp-json\/wp\/v2\/pages\/4196","targetHints":{"allow":["GET"]}}],"collection":[{"href":"https:\/\/www.campinganderwald.at\/da\/wp-json\/wp\/v2\/pages"}],"about":[{"href":"https:\/\/www.campinganderwald.at\/da\/wp-json\/wp\/v2\/types\/page"}],"author":[{"embeddable":true,"href":"https:\/\/www.campinganderwald.at\/da\/wp-json\/wp\/v2\/users\/2"}],"replies":[{"embeddable":true,"href":"https:\/\/www.campinganderwald.at\/da\/wp-json\/wp\/v2\/comments?post=4196"}],"version-history":[{"count":0,"href":"https:\/\/www.campinganderwald.at\/da\/wp-json\/wp\/v2\/pages\/4196\/revisions"}],"wp:attachment":[{"href":"https:\/\/www.campinganderwald.at\/da\/wp-json\/wp\/v2\/media?parent=4196"}],"curies":[{"name":"wp","href":"https:\/\/api.w.org\/{rel}","templated":true}]}}