{"id":1021,"date":"2021-06-08T11:56:32","date_gmt":"2021-06-08T11:56:32","guid":{"rendered":"https:\/\/kamperen.qodeinteractive.com\/?page_id=1021"},"modified":"2025-06-16T09:24:40","modified_gmt":"2025-06-16T08:24:40","slug":"baumzelt","status":"publish","type":"page","link":"https:\/\/www.campinganderwald.at\/de\/baumzelt\/","title":{"rendered":"Baumzelte"},"content":{"rendered":"\t\t<div data-elementor-type=\"wp-page\" data-elementor-id=\"1021\" class=\"elementor elementor-1021\" data-elementor-post-type=\"page\">\n\t\t\t\t\t\t<section class=\"elementor-section elementor-top-section elementor-element elementor-element-b2476e1 elementor-section-boxed elementor-section-height-default elementor-section-height-default qodef-elementor-content-no\" data-id=\"b2476e1\" data-element_type=\"section\" data-e-type=\"section\">\n\t\t\t\t\t\t<div class=\"elementor-container elementor-column-gap-default\">\n\t\t\t\t\t<div class=\"elementor-column elementor-col-100 elementor-top-column elementor-element elementor-element-df591f0\" data-id=\"df591f0\" data-element_type=\"column\" data-e-type=\"column\">\n\t\t\t<div class=\"elementor-widget-wrap elementor-element-populated\">\n\t\t\t\t\t\t<div class=\"elementor-element elementor-element-8be1158 elementor-widget elementor-widget-qi_addons_for_elementor_section_title\" data-id=\"8be1158\" data-element_type=\"widget\" data-e-type=\"widget\" data-widget_type=\"qi_addons_for_elementor_section_title.default\">\n\t\t\t\t<div class=\"elementor-widget-container\">\n\t\t\t\t\t<div class=\"qodef-shortcode qodef-m qodef-qi-section-title qodef-decoration--italic qodef-link--underline-draw qodef-subtitle-icon--left\">\n\t\t\t\t<h5 class=\"qodef-m-subtitle\">\n\t\tTentsile treetent\t\t\t<\/h5>\n\t\t\t<h2 class=\"qodef-m-title\">\n\t\tSchlafen im Baum\t<\/h2>\n\t\t\t<div class=\"qodef-m-text\"><p>Wohnen im Baumzelt - ein Abenteuer unter Sternen direkt im Uferwald am Faaker See. In nur 5m Entfernung zum Wasser schwebend zwischen den B\u00e4umen \u00fcbernachten. Wenn eine Mietunterkunft zu uns passt dann diese \ud83d\ude09<\/p><\/div>\n\t<\/div>\n\t\t\t\t<\/div>\n\t\t\t\t<\/div>\n\t\t\t\t<div class=\"elementor-element elementor-element-231f8ae elementor-arrows-position-inside elementor-widget elementor-widget-image-carousel\" data-id=\"231f8ae\" data-element_type=\"widget\" data-e-type=\"widget\" data-settings=\"{&quot;slides_to_show&quot;:&quot;1&quot;,&quot;navigation&quot;:&quot;arrows&quot;,&quot;lazyload&quot;:&quot;yes&quot;,&quot;pause_on_hover&quot;:&quot;no&quot;,&quot;autoplay&quot;:&quot;yes&quot;,&quot;pause_on_interaction&quot;:&quot;yes&quot;,&quot;autoplay_speed&quot;:5000,&quot;infinite&quot;:&quot;yes&quot;,&quot;effect&quot;:&quot;slide&quot;,&quot;speed&quot;:500}\" data-widget_type=\"image-carousel.default\">\n\t\t\t\t<div class=\"elementor-widget-container\">\n\t\t\t\t\t\t\t<div class=\"elementor-image-carousel-wrapper swiper\" role=\"region\" aria-roledescription=\"carousel\" aria-label=\"Bild Karussell\" dir=\"ltr\">\n\t\t\t<div class=\"elementor-image-carousel swiper-wrapper swiper-image-stretch\" aria-live=\"off\">\n\t\t\t\t\t\t\t\t<div class=\"swiper-slide\" role=\"group\" aria-roledescription=\"slide\" aria-label=\"1 von 5\"><a data-elementor-open-lightbox=\"yes\" data-elementor-lightbox-slideshow=\"231f8ae\" data-elementor-lightbox-title=\"Baumzelt1\" data-e-action-hash=\"#elementor-action%3Aaction%3Dlightbox%26settings%3DeyJpZCI6MTEwNjcsInVybCI6Imh0dHBzOlwvXC93d3cuY2FtcGluZ2FuZGVyd2FsZC5hdFwvd3AtY29udGVudFwvdXBsb2Fkc1wvMjAyNFwvMDFcL0JhdW16ZWx0MS1zY2FsZWQuanBnIiwic2xpZGVzaG93IjoiMjMxZjhhZSJ9\" href=\"https:\/\/www.campinganderwald.at\/wp-content\/uploads\/2024\/01\/Baumzelt1-scaled.jpg\"><figure class=\"swiper-slide-inner\"><img class=\"swiper-slide-image swiper-lazy\" data-src=\"https:\/\/www.campinganderwald.at\/wp-content\/uploads\/2024\/01\/Baumzelt1-1300x650.jpg\" alt=\"Baumzelt1\" \/><div class=\"swiper-lazy-preloader\"><\/div><\/figure><\/a><\/div><div class=\"swiper-slide\" role=\"group\" aria-roledescription=\"slide\" aria-label=\"2 von 5\"><a data-elementor-open-lightbox=\"yes\" data-elementor-lightbox-slideshow=\"231f8ae\" data-elementor-lightbox-title=\"Basecamp Anderwald-63\" data-e-action-hash=\"#elementor-action%3Aaction%3Dlightbox%26settings%3DeyJpZCI6MTEwODUsInVybCI6Imh0dHBzOlwvXC93d3cuY2FtcGluZ2FuZGVyd2FsZC5hdFwvd3AtY29udGVudFwvdXBsb2Fkc1wvMjAyNFwvMDFcL0Jhc2VjYW1wLUFuZGVyd2FsZC02My1zY2FsZWQuanBnIiwic2xpZGVzaG93IjoiMjMxZjhhZSJ9\" href=\"https:\/\/www.campinganderwald.at\/wp-content\/uploads\/2024\/01\/Basecamp-Anderwald-63-scaled.jpg\"><figure class=\"swiper-slide-inner\"><img class=\"swiper-slide-image swiper-lazy\" data-src=\"https:\/\/www.campinganderwald.at\/wp-content\/uploads\/2024\/01\/Basecamp-Anderwald-63-1300x650.jpg\" alt=\"Basecamp Anderwald-63\" \/><div class=\"swiper-lazy-preloader\"><\/div><\/figure><\/a><\/div><div class=\"swiper-slide\" role=\"group\" aria-roledescription=\"slide\" aria-label=\"3 von 5\"><a data-elementor-open-lightbox=\"yes\" data-elementor-lightbox-slideshow=\"231f8ae\" data-elementor-lightbox-title=\"Basecamp Anderwald-65\" data-e-action-hash=\"#elementor-action%3Aaction%3Dlightbox%26settings%3DeyJpZCI6MTEwNzMsInVybCI6Imh0dHBzOlwvXC93d3cuY2FtcGluZ2FuZGVyd2FsZC5hdFwvd3AtY29udGVudFwvdXBsb2Fkc1wvMjAyNFwvMDFcL0Jhc2VjYW1wLUFuZGVyd2FsZC02NS1zY2FsZWQuanBnIiwic2xpZGVzaG93IjoiMjMxZjhhZSJ9\" href=\"https:\/\/www.campinganderwald.at\/wp-content\/uploads\/2024\/01\/Basecamp-Anderwald-65-scaled.jpg\"><figure class=\"swiper-slide-inner\"><img class=\"swiper-slide-image swiper-lazy\" data-src=\"https:\/\/www.campinganderwald.at\/wp-content\/uploads\/2024\/01\/Basecamp-Anderwald-65-1300x650.jpg\" alt=\"Basecamp Anderwald-65\" \/><div class=\"swiper-lazy-preloader\"><\/div><\/figure><\/a><\/div><div class=\"swiper-slide\" role=\"group\" aria-roledescription=\"slide\" aria-label=\"4 von 5\"><a data-elementor-open-lightbox=\"yes\" data-elementor-lightbox-slideshow=\"231f8ae\" data-elementor-lightbox-title=\"DCIM103GOPRO\" data-e-action-hash=\"#elementor-action%3Aaction%3Dlightbox%26settings%3DeyJpZCI6MTEwNjEsInVybCI6Imh0dHBzOlwvXC93d3cuY2FtcGluZ2FuZGVyd2FsZC5hdFwvd3AtY29udGVudFwvdXBsb2Fkc1wvMjAyNFwvMDFcL0JhdW16ZWx0Mi1zY2FsZWQuanBnIiwic2xpZGVzaG93IjoiMjMxZjhhZSJ9\" href=\"https:\/\/www.campinganderwald.at\/wp-content\/uploads\/2024\/01\/Baumzelt2-scaled.jpg\"><figure class=\"swiper-slide-inner\"><img class=\"swiper-slide-image swiper-lazy\" data-src=\"https:\/\/www.campinganderwald.at\/wp-content\/uploads\/2024\/01\/Baumzelt2-1300x650.jpg\" alt=\"DCIM103GOPRO\" \/><div class=\"swiper-lazy-preloader\"><\/div><\/figure><\/a><\/div><div class=\"swiper-slide\" role=\"group\" aria-roledescription=\"slide\" aria-label=\"5 von 5\"><a data-elementor-open-lightbox=\"yes\" data-elementor-lightbox-slideshow=\"231f8ae\" data-elementor-lightbox-title=\"Basecamp Anderwald-64\" data-e-action-hash=\"#elementor-action%3Aaction%3Dlightbox%26settings%3DeyJpZCI6MTEwNzksInVybCI6Imh0dHBzOlwvXC93d3cuY2FtcGluZ2FuZGVyd2FsZC5hdFwvd3AtY29udGVudFwvdXBsb2Fkc1wvMjAyNFwvMDFcL0Jhc2VjYW1wLUFuZGVyd2FsZC02NC1zY2FsZWQuanBnIiwic2xpZGVzaG93IjoiMjMxZjhhZSJ9\" href=\"https:\/\/www.campinganderwald.at\/wp-content\/uploads\/2024\/01\/Basecamp-Anderwald-64-scaled.jpg\"><figure class=\"swiper-slide-inner\"><img class=\"swiper-slide-image swiper-lazy\" data-src=\"https:\/\/www.campinganderwald.at\/wp-content\/uploads\/2024\/01\/Basecamp-Anderwald-64-1300x650.jpg\" alt=\"Basecamp Anderwald-64\" \/><div class=\"swiper-lazy-preloader\"><\/div><\/figure><\/a><\/div>\t\t\t<\/div>\n\t\t\t\t\t\t\t\t\t\t\t\t<div class=\"elementor-swiper-button elementor-swiper-button-prev\" role=\"button\" tabindex=\"0\">\n\t\t\t\t\t\t<i aria-hidden=\"true\" class=\"eicon-chevron-left\"><\/i>\t\t\t\t\t<\/div>\n\t\t\t\t\t<div class=\"elementor-swiper-button elementor-swiper-button-next\" role=\"button\" tabindex=\"0\">\n\t\t\t\t\t\t<i aria-hidden=\"true\" class=\"eicon-chevron-right\"><\/i>\t\t\t\t\t<\/div>\n\t\t\t\t\n\t\t\t\t\t\t\t\t\t<\/div>\n\t\t\t\t\t\t<\/div>\n\t\t\t\t<\/div>\n\t\t\t\t\t<\/div>\n\t\t<\/div>\n\t\t\t\t\t<\/div>\n\t\t<\/section>\n\t\t\t\t<section class=\"elementor-section elementor-top-section elementor-element elementor-element-94e73d2 elementor-section-boxed elementor-section-height-default elementor-section-height-default qodef-elementor-content-no\" data-id=\"94e73d2\" data-element_type=\"section\" data-e-type=\"section\">\n\t\t\t\t\t\t<div class=\"elementor-container elementor-column-gap-default\">\n\t\t\t\t\t<div class=\"elementor-column elementor-col-50 elementor-top-column elementor-element elementor-element-03d9bfc\" data-id=\"03d9bfc\" data-element_type=\"column\" data-e-type=\"column\">\n\t\t\t<div class=\"elementor-widget-wrap elementor-element-populated\">\n\t\t\t\t\t\t<div class=\"elementor-element elementor-element-4f4777a elementor-widget elementor-widget-text-editor\" data-id=\"4f4777a\" data-element_type=\"widget\" data-e-type=\"widget\" data-widget_type=\"text-editor.default\">\n\t\t\t\t<div class=\"elementor-widget-container\">\n\t\t\t\t\t\t\t\t\t<h4>Brauche ich noch was dazu?<\/h4><p>Wir haben alles vorbereitet &#8211; du brauchst Dich nur noch zu trauen!<\/p><p><strong>Preis pro Nacht im Baumzelt: 59\u20ac<\/strong><br \/><strong>Preis pro Nacht im 2-Personen-Zelt: 49\u20ac<\/strong><\/p><p>Beides inkl. wahlweise Mittags\/Abendmen\u00fc &amp; Fr\u00fchst\u00fcck.<\/p>\t\t\t\t\t\t\t\t<\/div>\n\t\t\t\t<\/div>\n\t\t\t\t\t<\/div>\n\t\t<\/div>\n\t\t\t\t<div class=\"elementor-column elementor-col-50 elementor-top-column elementor-element elementor-element-da25f49\" data-id=\"da25f49\" data-element_type=\"column\" data-e-type=\"column\">\n\t\t\t<div class=\"elementor-widget-wrap elementor-element-populated\">\n\t\t\t\t\t\t<div class=\"elementor-element elementor-element-4ba897a elementor-widget elementor-widget-text-editor\" data-id=\"4ba897a\" data-element_type=\"widget\" data-e-type=\"widget\" data-widget_type=\"text-editor.default\">\n\t\t\t\t<div class=\"elementor-widget-container\">\n\t\t\t\t\t\t\t\t\t<h4>Auf einen Blick:<\/h4><p>\u00dcbernachtung im Baumzelt von Tentsile mit bis zu 3 Personen. Schlafsack inklusive. Fr\u00fchst\u00fcck wahlweise im Restaurant oder direkt am See.<\/p><p>3 G\u00e4nge Men\u00fc &#8211; wahlweise Mittag oder Abendessen.\u00a0Top Sanit\u00e4r Anlagen &#8211; direkt am See &#8211; mit passenden Tourentipps &amp; Kartenmaterial<\/p>\t\t\t\t\t\t\t\t<\/div>\n\t\t\t\t<\/div>\n\t\t\t\t\t<\/div>\n\t\t<\/div>\n\t\t\t\t\t<\/div>\n\t\t<\/section>\n\t\t\t\t<section class=\"elementor-section elementor-top-section elementor-element elementor-element-32f4f03 elementor-section-boxed elementor-section-height-default elementor-section-height-default qodef-elementor-content-no\" data-id=\"32f4f03\" data-element_type=\"section\" data-e-type=\"section\">\n\t\t\t\t\t\t<div class=\"elementor-container elementor-column-gap-default\">\n\t\t\t\t\t<div class=\"elementor-column elementor-col-50 elementor-top-column elementor-element elementor-element-c7fed8b\" data-id=\"c7fed8b\" data-element_type=\"column\" data-e-type=\"column\">\n\t\t\t<div class=\"elementor-widget-wrap elementor-element-populated\">\n\t\t\t\t\t\t<div class=\"elementor-element elementor-element-986d872 elementor-widget elementor-widget-qi_addons_for_elementor_button\" data-id=\"986d872\" data-element_type=\"widget\" data-e-type=\"widget\" data-widget_type=\"qi_addons_for_elementor_button.default\">\n\t\t\t\t<div class=\"elementor-widget-container\">\n\t\t\t\t\t<a class=\"qodef-shortcode qodef-m qodef-qi-button qodef-html--link qodef-layout--filled qodef-type--standard qodef-size--full qodef-icon--right qodef-hover--icon-move-horizontal-short\" href=\"\" target=\"_self\">\n\t<span class=\"qodef-m-text\">Zur Reservierung<\/span>\n\t<\/a>\n\t\t\t\t<\/div>\n\t\t\t\t<\/div>\n\t\t\t\t\t<\/div>\n\t\t<\/div>\n\t\t\t\t<div class=\"elementor-column elementor-col-50 elementor-top-column elementor-element elementor-element-ce0a73f\" data-id=\"ce0a73f\" data-element_type=\"column\" data-e-type=\"column\">\n\t\t\t<div class=\"elementor-widget-wrap elementor-element-populated\">\n\t\t\t\t\t\t<div class=\"elementor-element elementor-element-70a4c15 elementor-widget elementor-widget-qi_addons_for_elementor_button\" data-id=\"70a4c15\" data-element_type=\"widget\" data-e-type=\"widget\" data-widget_type=\"qi_addons_for_elementor_button.default\">\n\t\t\t\t<div class=\"elementor-widget-container\">\n\t\t\t\t\t<a class=\"qodef-shortcode qodef-m qodef-qi-button qodef-html--link qodef-layout--filled qodef-type--standard qodef-size--full qodef-icon--right qodef-hover--icon-move-horizontal-short\" href=\"https:\/\/www.camping.at\/de\/content\/mein-erster-campingurlaub-tag-1\/\" target=\"_blank\" rel=\"nofollow\">\n\t<span class=\"qodef-m-text\">Testbericht<\/span>\n\t<\/a>\n\t\t\t\t<\/div>\n\t\t\t\t<\/div>\n\t\t\t\t\t<\/div>\n\t\t<\/div>\n\t\t\t\t\t<\/div>\n\t\t<\/section>\n\t\t\t\t<section class=\"elementor-section elementor-top-section elementor-element elementor-element-6a7f61a elementor-section-full_width qodef-elementor-content-grid elementor-section-height-default elementor-section-height-default\" data-id=\"6a7f61a\" data-element_type=\"section\" data-e-type=\"section\">\n\t\t\t\t\t\t<div class=\"elementor-container elementor-column-gap-default\">\n\t\t\t\t\t<div class=\"elementor-column elementor-col-100 elementor-top-column elementor-element elementor-element-9c6a0ad\" data-id=\"9c6a0ad\" data-element_type=\"column\" data-e-type=\"column\">\n\t\t\t<div class=\"elementor-widget-wrap elementor-element-populated\">\n\t\t\t\t\t\t<div class=\"elementor-element elementor-element-649a2ec elementor-widget elementor-widget-spacer\" data-id=\"649a2ec\" data-element_type=\"widget\" data-e-type=\"widget\" data-widget_type=\"spacer.default\">\n\t\t\t\t<div class=\"elementor-widget-container\">\n\t\t\t\t\t\t\t<div class=\"elementor-spacer\">\n\t\t\t<div class=\"elementor-spacer-inner\"><\/div>\n\t\t<\/div>\n\t\t\t\t\t\t<\/div>\n\t\t\t\t<\/div>\n\t\t\t\t<div class=\"elementor-element elementor-element-1c08ef9 elementor-widget elementor-widget-qi_addons_for_elementor_section_title\" data-id=\"1c08ef9\" data-element_type=\"widget\" data-e-type=\"widget\" data-widget_type=\"qi_addons_for_elementor_section_title.default\">\n\t\t\t\t<div class=\"elementor-widget-container\">\n\t\t\t\t\t<div class=\"qodef-shortcode qodef-m qodef-qi-section-title qodef-decoration--italic qodef-link--underline-draw qodef-subtitle-icon--left\">\n\t\t\t\t<h5 class=\"qodef-m-subtitle\">\n\t\tFAQs\t\t\t<\/h5>\n\t\t\t<h2 class=\"qodef-m-title\">\n\t\tH\u00e4ufige Fragen\t<\/h2>\n\t\t\t<\/div>\n\t\t\t\t<\/div>\n\t\t\t\t<\/div>\n\t\t\t\t<div class=\"elementor-element elementor-element-05a456e elementor-widget elementor-widget-qi_addons_for_elementor_accordion\" data-id=\"05a456e\" data-element_type=\"widget\" data-e-type=\"widget\" data-widget_type=\"qi_addons_for_elementor_accordion.default\">\n\t\t\t\t<div class=\"elementor-widget-container\">\n\t\t\t\t\t<div class=\"qodef-shortcode qodef-m qodef-qi-accordion qodef-qi-clear qodef-behavior--accordion qodef-layout--simple qodef-style--standard qodef-height--auto\">\n\t<h5 class=\"qodef-e-title-holder\">\n\t<span class=\"qodef-e-title\">Ich war noch nie campen (oder auf einem Campingplatz), was brauche ich alles dazu?<\/span>\n\t<span class=\"qodef-e-mark\">\n\t\t<span class=\"qodef-icon--plus\">\n\t\t\t\t<span class=\"qodef-e-icon\">\n\t\t<i aria-hidden=\"true\" class=\"fas fa-plus\"><\/i>\t<\/span>\n\t\t\t<\/span>\n\t\t<span class=\"qodef-icon--minus\">\n\t\t\t\t<span class=\"qodef-e-icon\">\n\t\t<i aria-hidden=\"true\" class=\"fas fa-minus\"><\/i>\t<\/span>\n\t\t\t<\/span>\n\t<\/span>\n<\/h5>\n<div class=\"qodef-e-content\">\n\t<div class=\"qodef-e-content-inner\">\n\t\t<p>Nur dich, deinen Schlafsack, (kann gegen extra Geb\u00fchr auch ausgeliehen werden), deinen Kulturbeutel mit Handtuch und deine Badesachen! Glamping ist das Modewort dazu - \u00fcbernachten in besonderen Schlafm\u00f6glichkeiten an besonderen Pl\u00e4tzen. Und Du brauchst Dich um nichts zu k\u00fcmmern - wir haben alles f\u00fcr Dich hier. Unsere Zelte eignen sich perfekt f\u00fcr Deinen 1. Campingurlaub.<\/p>\t<\/div>\n<\/div>\n<h5 class=\"qodef-e-title-holder\">\n\t<span class=\"qodef-e-title\">Wie ist das mit WC &amp; Duschen?<\/span>\n\t<span class=\"qodef-e-mark\">\n\t\t<span class=\"qodef-icon--plus\">\n\t\t\t\t<span class=\"qodef-e-icon\">\n\t\t<i aria-hidden=\"true\" class=\"fas fa-plus\"><\/i>\t<\/span>\n\t\t\t<\/span>\n\t\t<span class=\"qodef-icon--minus\">\n\t\t\t\t<span class=\"qodef-e-icon\">\n\t\t<i aria-hidden=\"true\" class=\"fas fa-minus\"><\/i>\t<\/span>\n\t\t\t<\/span>\n\t<\/span>\n<\/h5>\n<div class=\"qodef-e-content\">\n\t<div class=\"qodef-e-content-inner\">\n\t\t<p>Im Hauptgeb\u00e4ude - etwa 50 Meter entfernt, haben wir unsere modernen, sch\u00f6nen Sanit\u00e4ranlagen - Duschen, Waschkabinen, Aufenthaltsraum, etc. - alles was Ihr braucht.<\/p><p>LINK<\/p>\t<\/div>\n<\/div>\n<h5 class=\"qodef-e-title-holder\">\n\t<span class=\"qodef-e-title\">Die Baumzelte sind wirklich direkt am See?<\/span>\n\t<span class=\"qodef-e-mark\">\n\t\t<span class=\"qodef-icon--plus\">\n\t\t\t\t<span class=\"qodef-e-icon\">\n\t\t<i aria-hidden=\"true\" class=\"fas fa-plus\"><\/i>\t<\/span>\n\t\t\t<\/span>\n\t\t<span class=\"qodef-icon--minus\">\n\t\t\t\t<span class=\"qodef-e-icon\">\n\t\t<i aria-hidden=\"true\" class=\"fas fa-minus\"><\/i>\t<\/span>\n\t\t\t<\/span>\n\t<\/span>\n<\/h5>\n<div class=\"qodef-e-content\">\n\t<div class=\"qodef-e-content-inner\">\n\t\t<p>Ja - sie wirken wie Ufos - wir befestigen Sie an den F\u00f6hren die hier schon seit hunderten von Jahren an unserem naturbelassenem Ufer des Faaker See\u00b4s wachsen.<\/p>\t<\/div>\n<\/div>\n<h5 class=\"qodef-e-title-holder\">\n\t<span class=\"qodef-e-title\">Wie ist das mit dem Essen?<\/span>\n\t<span class=\"qodef-e-mark\">\n\t\t<span class=\"qodef-icon--plus\">\n\t\t\t\t<span class=\"qodef-e-icon\">\n\t\t<i aria-hidden=\"true\" class=\"fas fa-plus\"><\/i>\t<\/span>\n\t\t\t<\/span>\n\t\t<span class=\"qodef-icon--minus\">\n\t\t\t\t<span class=\"qodef-e-icon\">\n\t\t<i aria-hidden=\"true\" class=\"fas fa-minus\"><\/i>\t<\/span>\n\t\t\t<\/span>\n\t<\/span>\n<\/h5>\n<div class=\"qodef-e-content\">\n\t<div class=\"qodef-e-content-inner\">\n\t\t<p>In unserem Angebot ist Fr\u00fchst\u00fcck &amp; Mittag- oder \u00a0Abendessen inkludiert. Und wir haben ein wirklich gutes \u00a0a la Cart Restaurant- versprochen.<\/p>\t<\/div>\n<\/div>\n<h5 class=\"qodef-e-title-holder\">\n\t<span class=\"qodef-e-title\">Kann ich ohne Auto anreisen?<\/span>\n\t<span class=\"qodef-e-mark\">\n\t\t<span class=\"qodef-icon--plus\">\n\t\t\t\t<span class=\"qodef-e-icon\">\n\t\t<i aria-hidden=\"true\" class=\"fas fa-plus\"><\/i>\t<\/span>\n\t\t\t<\/span>\n\t\t<span class=\"qodef-icon--minus\">\n\t\t\t\t<span class=\"qodef-e-icon\">\n\t\t<i aria-hidden=\"true\" class=\"fas fa-minus\"><\/i>\t<\/span>\n\t\t\t<\/span>\n\t<\/span>\n<\/h5>\n<div class=\"qodef-e-content\">\n\t<div class=\"qodef-e-content-inner\">\n\t\t<p>Die Anreise ist auch mit \u00f6ffentlichen Verkehrsmitteln sehr gut m\u00f6glich.<br \/>Zug und Bus stehen zur Verf\u00fcgung und per Abholservice schaffst Du auch die letzten Kilometer zu uns.<\/p><p>MEHR DAZU<\/p>\t<\/div>\n<\/div>\n<h5 class=\"qodef-e-title-holder\">\n\t<span class=\"qodef-e-title\">Ich bin auf einer Etappenradtour, kann ich bei Euch Station machen?<\/span>\n\t<span class=\"qodef-e-mark\">\n\t\t<span class=\"qodef-icon--plus\">\n\t\t\t\t<span class=\"qodef-e-icon\">\n\t\t<i aria-hidden=\"true\" class=\"fas fa-plus\"><\/i>\t<\/span>\n\t\t\t<\/span>\n\t\t<span class=\"qodef-icon--minus\">\n\t\t\t\t<span class=\"qodef-e-icon\">\n\t\t<i aria-hidden=\"true\" class=\"fas fa-minus\"><\/i>\t<\/span>\n\t\t\t<\/span>\n\t<\/span>\n<\/h5>\n<div class=\"qodef-e-content\">\n\t<div class=\"qodef-e-content-inner\">\n\t\t<p>Auch per Fahrrad (Drauradweg, Ciclovia Alpe Adria, MTB Tour 3) oder zu Fu\u00df (Alpe Adria Trail, Jakobsweg, Marienpilgerweg) kannst Du uns erreichen.<\/p>\t<\/div>\n<\/div>\n<h5 class=\"qodef-e-title-holder\">\n\t<span class=\"qodef-e-title\">Wie ist die Wassertemperatur vom Faaker See?<\/span>\n\t<span class=\"qodef-e-mark\">\n\t\t<span class=\"qodef-icon--plus\">\n\t\t\t\t<span class=\"qodef-e-icon\">\n\t\t<i aria-hidden=\"true\" class=\"fas fa-plus\"><\/i>\t<\/span>\n\t\t\t<\/span>\n\t\t<span class=\"qodef-icon--minus\">\n\t\t\t\t<span class=\"qodef-e-icon\">\n\t\t<i aria-hidden=\"true\" class=\"fas fa-minus\"><\/i>\t<\/span>\n\t\t\t<\/span>\n\t<\/span>\n<\/h5>\n<div class=\"qodef-e-content\">\n\t<div class=\"qodef-e-content-inner\">\n\t\t<p>Der Faaker See ist einer der w\u00e4rmsten Badeseen \u00d6sterreichs. Ab Mai kannst Du baden. Ab Juni ist er warm ;-).<\/p>\t<\/div>\n<\/div>\n<h5 class=\"qodef-e-title-holder\">\n\t<span class=\"qodef-e-title\">Kann ich direkt vom Zelt aus etwas unternehmen?<\/span>\n\t<span class=\"qodef-e-mark\">\n\t\t<span class=\"qodef-icon--plus\">\n\t\t\t\t<span class=\"qodef-e-icon\">\n\t\t<i aria-hidden=\"true\" class=\"fas fa-plus\"><\/i>\t<\/span>\n\t\t\t<\/span>\n\t\t<span class=\"qodef-icon--minus\">\n\t\t\t\t<span class=\"qodef-e-icon\">\n\t\t<i aria-hidden=\"true\" class=\"fas fa-minus\"><\/i>\t<\/span>\n\t\t\t<\/span>\n\t<\/span>\n<\/h5>\n<div class=\"qodef-e-content\">\n\t<div class=\"qodef-e-content-inner\">\n\t\t<p>Ja. Wir sind seit Jahren Basiscamp f\u00fcr Wander, Kletterer, MTB\u00b4ler und Radfahrer und bieten auch Canyoningtouren im S\u00fcden K\u00e4rntens, Sloweniens &amp; Italiens an. Wir haben alle wichtigen Tipps &amp; Kartenmaterial f\u00fcr Touren (MTB, Wandern, Klettern, Klettersteig, Radfahren) von den Karawanken bis zum Triglav. Mit unserer Bergschule\" High Life\" gibt es auch ein qualitativ hochwertiges\u00a0<a class=\"intext int textintlink\" href=\"https:\/\/www.campinganderwald.at\/de\/bergschule\/\" target=\"_self\">Angebot an gef\u00fchrten Touren<\/a>\u00a0(Canyoning!)<\/p>\t<\/div>\n<\/div>\n<\/div>\n\t\t\t\t<\/div>\n\t\t\t\t<\/div>\n\t\t\t\t\t<\/div>\n\t\t<\/div>\n\t\t\t\t\t<\/div>\n\t\t<\/section>\n\t\t\t\t<\/div>\n\t\t","protected":false},"excerpt":{"rendered":"<p>Tentsile treetent Schlafen im Baum Wohnen im Baumzelt &#8211; ein Abenteuer unter Sternen direkt im Uferwald am Faaker See. In nur 5m Entfernung zum Wasser schwebend zwischen den B\u00e4umen \u00fcbernachten. Wenn eine Mietunterkunft zu uns passt dann diese \ud83d\ude09 Brauche ich noch was dazu? Wir haben alles vorbereitet &#8211; du brauchst Dich nur noch zu [&hellip;]<\/p>\n","protected":false},"author":2,"featured_media":0,"parent":0,"menu_order":0,"comment_status":"closed","ping_status":"closed","template":"page-full-width.php","meta":{"footnotes":""},"class_list":["post-1021","page","type-page","status-publish","hentry"],"yoast_head":"<!-- This site is optimized with the Yoast SEO plugin v27.5 - https:\/\/yoast.com\/product\/yoast-seo-wordpress\/ -->\n<title>Baumzelte - Camping Anderwald<\/title>\n<meta name=\"robots\" content=\"index, follow, max-snippet:-1, max-image-preview:large, max-video-preview:-1\" \/>\n<link rel=\"canonical\" href=\"https:\/\/www.campinganderwald.at\/de\/baumzelt\/\" \/>\n<meta property=\"og:locale\" content=\"de_DE\" \/>\n<meta property=\"og:type\" content=\"article\" \/>\n<meta property=\"og:title\" content=\"Baumzelte - Camping Anderwald\" \/>\n<meta property=\"og:description\" content=\"Tentsile treetent Schlafen im Baum Wohnen im Baumzelt &#8211; ein Abenteuer unter Sternen direkt im Uferwald am Faaker See. In nur 5m Entfernung zum Wasser schwebend zwischen den B\u00e4umen \u00fcbernachten. Wenn eine Mietunterkunft zu uns passt dann diese \ud83d\ude09 Brauche ich noch was dazu? Wir haben alles vorbereitet &#8211; du brauchst Dich nur noch zu [&hellip;]\" \/>\n<meta property=\"og:url\" content=\"https:\/\/www.campinganderwald.at\/de\/baumzelt\/\" \/>\n<meta property=\"og:site_name\" content=\"Camping Anderwald\" \/>\n<meta property=\"article:modified_time\" content=\"2025-06-16T08:24:40+00:00\" \/>\n<meta property=\"og:image\" content=\"https:\/\/www.campinganderwald.at\/wp-content\/uploads\/2024\/01\/Baumzelt1-1300x650.jpg\" \/>\n<meta name=\"twitter:card\" content=\"summary_large_image\" \/>\n<meta name=\"twitter:label1\" content=\"Gesch\u00e4tzte Lesezeit\" \/>\n\t<meta name=\"twitter:data1\" content=\"4\u00a0Minuten\" \/>\n<script type=\"application\/ld+json\" class=\"yoast-schema-graph\">{\"@context\":\"https:\\\/\\\/schema.org\",\"@graph\":[{\"@type\":\"WebPage\",\"@id\":\"https:\\\/\\\/www.campinganderwald.at\\\/de\\\/baumzelt\\\/\",\"url\":\"https:\\\/\\\/www.campinganderwald.at\\\/de\\\/baumzelt\\\/\",\"name\":\"Baumzelte - Camping Anderwald\",\"isPartOf\":{\"@id\":\"https:\\\/\\\/www.campinganderwald.at\\\/de\\\/#website\"},\"primaryImageOfPage\":{\"@id\":\"https:\\\/\\\/www.campinganderwald.at\\\/de\\\/baumzelt\\\/#primaryimage\"},\"image\":{\"@id\":\"https:\\\/\\\/www.campinganderwald.at\\\/de\\\/baumzelt\\\/#primaryimage\"},\"thumbnailUrl\":\"https:\\\/\\\/www.campinganderwald.at\\\/wp-content\\\/uploads\\\/2024\\\/01\\\/Baumzelt1-1300x650.jpg\",\"datePublished\":\"2021-06-08T11:56:32+00:00\",\"dateModified\":\"2025-06-16T08:24:40+00:00\",\"breadcrumb\":{\"@id\":\"https:\\\/\\\/www.campinganderwald.at\\\/de\\\/baumzelt\\\/#breadcrumb\"},\"inLanguage\":\"de\",\"potentialAction\":[{\"@type\":\"ReadAction\",\"target\":[\"https:\\\/\\\/www.campinganderwald.at\\\/de\\\/baumzelt\\\/\"]}]},{\"@type\":\"ImageObject\",\"inLanguage\":\"de\",\"@id\":\"https:\\\/\\\/www.campinganderwald.at\\\/de\\\/baumzelt\\\/#primaryimage\",\"url\":\"https:\\\/\\\/www.campinganderwald.at\\\/wp-content\\\/uploads\\\/2024\\\/01\\\/Baumzelt1-1300x650.jpg\",\"contentUrl\":\"https:\\\/\\\/www.campinganderwald.at\\\/wp-content\\\/uploads\\\/2024\\\/01\\\/Baumzelt1-1300x650.jpg\"},{\"@type\":\"BreadcrumbList\",\"@id\":\"https:\\\/\\\/www.campinganderwald.at\\\/de\\\/baumzelt\\\/#breadcrumb\",\"itemListElement\":[{\"@type\":\"ListItem\",\"position\":1,\"name\":\"Startseite\",\"item\":\"https:\\\/\\\/www.campinganderwald.at\\\/de\\\/\"},{\"@type\":\"ListItem\",\"position\":2,\"name\":\"Baumzelte\"}]},{\"@type\":\"WebSite\",\"@id\":\"https:\\\/\\\/www.campinganderwald.at\\\/de\\\/#website\",\"url\":\"https:\\\/\\\/www.campinganderwald.at\\\/de\\\/\",\"name\":\"Camping Anderwald\",\"description\":\"Unser Campingplatz liegt direkt am Faaker See in K\u00e4rnten, eingebettet in die traumhafte Kulisse der das gesamte Gebiet umgebenden Karawanken. Der Faaker See ist nicht nur der s\u00fcdlichste Badesee K\u00e4rntens, er ist auch einer der...\",\"publisher\":{\"@id\":\"https:\\\/\\\/www.campinganderwald.at\\\/de\\\/#organization\"},\"potentialAction\":[{\"@type\":\"SearchAction\",\"target\":{\"@type\":\"EntryPoint\",\"urlTemplate\":\"https:\\\/\\\/www.campinganderwald.at\\\/de\\\/?s={search_term_string}\"},\"query-input\":{\"@type\":\"PropertyValueSpecification\",\"valueRequired\":true,\"valueName\":\"search_term_string\"}}],\"inLanguage\":\"de\"},{\"@type\":\"Organization\",\"@id\":\"https:\\\/\\\/www.campinganderwald.at\\\/de\\\/#organization\",\"name\":\"Camping Anderwald\",\"url\":\"https:\\\/\\\/www.campinganderwald.at\\\/de\\\/\",\"logo\":{\"@type\":\"ImageObject\",\"inLanguage\":\"de\",\"@id\":\"https:\\\/\\\/www.campinganderwald.at\\\/de\\\/#\\\/schema\\\/logo\\\/image\\\/\",\"url\":\"https:\\\/\\\/www.campinganderwald.at\\\/wp-content\\\/uploads\\\/2022\\\/01\\\/campingAnderwald-logo.svg\",\"contentUrl\":\"https:\\\/\\\/www.campinganderwald.at\\\/wp-content\\\/uploads\\\/2022\\\/01\\\/campingAnderwald-logo.svg\",\"caption\":\"Camping Anderwald\"},\"image\":{\"@id\":\"https:\\\/\\\/www.campinganderwald.at\\\/de\\\/#\\\/schema\\\/logo\\\/image\\\/\"}}]}<\/script>\n<!-- \/ Yoast SEO plugin. -->","yoast_head_json":{"title":"Baumzelte - Camping Anderwald","robots":{"index":"index","follow":"follow","max-snippet":"max-snippet:-1","max-image-preview":"max-image-preview:large","max-video-preview":"max-video-preview:-1"},"canonical":"https:\/\/www.campinganderwald.at\/de\/baumzelt\/","og_locale":"de_DE","og_type":"article","og_title":"Baumzelte - Camping Anderwald","og_description":"Tentsile treetent Schlafen im Baum Wohnen im Baumzelt &#8211; ein Abenteuer unter Sternen direkt im Uferwald am Faaker See. In nur 5m Entfernung zum Wasser schwebend zwischen den B\u00e4umen \u00fcbernachten. Wenn eine Mietunterkunft zu uns passt dann diese \ud83d\ude09 Brauche ich noch was dazu? Wir haben alles vorbereitet &#8211; du brauchst Dich nur noch zu [&hellip;]","og_url":"https:\/\/www.campinganderwald.at\/de\/baumzelt\/","og_site_name":"Camping Anderwald","article_modified_time":"2025-06-16T08:24:40+00:00","og_image":[{"url":"https:\/\/www.campinganderwald.at\/wp-content\/uploads\/2024\/01\/Baumzelt1-1300x650.jpg","type":"","width":"","height":""}],"twitter_card":"summary_large_image","twitter_misc":{"Gesch\u00e4tzte Lesezeit":"4\u00a0Minuten"},"schema":{"@context":"https:\/\/schema.org","@graph":[{"@type":"WebPage","@id":"https:\/\/www.campinganderwald.at\/de\/baumzelt\/","url":"https:\/\/www.campinganderwald.at\/de\/baumzelt\/","name":"Baumzelte - Camping Anderwald","isPartOf":{"@id":"https:\/\/www.campinganderwald.at\/de\/#website"},"primaryImageOfPage":{"@id":"https:\/\/www.campinganderwald.at\/de\/baumzelt\/#primaryimage"},"image":{"@id":"https:\/\/www.campinganderwald.at\/de\/baumzelt\/#primaryimage"},"thumbnailUrl":"https:\/\/www.campinganderwald.at\/wp-content\/uploads\/2024\/01\/Baumzelt1-1300x650.jpg","datePublished":"2021-06-08T11:56:32+00:00","dateModified":"2025-06-16T08:24:40+00:00","breadcrumb":{"@id":"https:\/\/www.campinganderwald.at\/de\/baumzelt\/#breadcrumb"},"inLanguage":"de","potentialAction":[{"@type":"ReadAction","target":["https:\/\/www.campinganderwald.at\/de\/baumzelt\/"]}]},{"@type":"ImageObject","inLanguage":"de","@id":"https:\/\/www.campinganderwald.at\/de\/baumzelt\/#primaryimage","url":"https:\/\/www.campinganderwald.at\/wp-content\/uploads\/2024\/01\/Baumzelt1-1300x650.jpg","contentUrl":"https:\/\/www.campinganderwald.at\/wp-content\/uploads\/2024\/01\/Baumzelt1-1300x650.jpg"},{"@type":"BreadcrumbList","@id":"https:\/\/www.campinganderwald.at\/de\/baumzelt\/#breadcrumb","itemListElement":[{"@type":"ListItem","position":1,"name":"Startseite","item":"https:\/\/www.campinganderwald.at\/de\/"},{"@type":"ListItem","position":2,"name":"Baumzelte"}]},{"@type":"WebSite","@id":"https:\/\/www.campinganderwald.at\/de\/#website","url":"https:\/\/www.campinganderwald.at\/de\/","name":"Camping Anderwald","description":"Unser Campingplatz liegt direkt am Faaker See in K\u00e4rnten, eingebettet in die traumhafte Kulisse der das gesamte Gebiet umgebenden Karawanken. Der Faaker See ist nicht nur der s\u00fcdlichste Badesee K\u00e4rntens, er ist auch einer der...","publisher":{"@id":"https:\/\/www.campinganderwald.at\/de\/#organization"},"potentialAction":[{"@type":"SearchAction","target":{"@type":"EntryPoint","urlTemplate":"https:\/\/www.campinganderwald.at\/de\/?s={search_term_string}"},"query-input":{"@type":"PropertyValueSpecification","valueRequired":true,"valueName":"search_term_string"}}],"inLanguage":"de"},{"@type":"Organization","@id":"https:\/\/www.campinganderwald.at\/de\/#organization","name":"Camping Anderwald","url":"https:\/\/www.campinganderwald.at\/de\/","logo":{"@type":"ImageObject","inLanguage":"de","@id":"https:\/\/www.campinganderwald.at\/de\/#\/schema\/logo\/image\/","url":"https:\/\/www.campinganderwald.at\/wp-content\/uploads\/2022\/01\/campingAnderwald-logo.svg","contentUrl":"https:\/\/www.campinganderwald.at\/wp-content\/uploads\/2022\/01\/campingAnderwald-logo.svg","caption":"Camping Anderwald"},"image":{"@id":"https:\/\/www.campinganderwald.at\/de\/#\/schema\/logo\/image\/"}}]}},"_links":{"self":[{"href":"https:\/\/www.campinganderwald.at\/de\/wp-json\/wp\/v2\/pages\/1021","targetHints":{"allow":["GET"]}}],"collection":[{"href":"https:\/\/www.campinganderwald.at\/de\/wp-json\/wp\/v2\/pages"}],"about":[{"href":"https:\/\/www.campinganderwald.at\/de\/wp-json\/wp\/v2\/types\/page"}],"author":[{"embeddable":true,"href":"https:\/\/www.campinganderwald.at\/de\/wp-json\/wp\/v2\/users\/2"}],"replies":[{"embeddable":true,"href":"https:\/\/www.campinganderwald.at\/de\/wp-json\/wp\/v2\/comments?post=1021"}],"version-history":[{"count":3,"href":"https:\/\/www.campinganderwald.at\/de\/wp-json\/wp\/v2\/pages\/1021\/revisions"}],"predecessor-version":[{"id":11093,"href":"https:\/\/www.campinganderwald.at\/de\/wp-json\/wp\/v2\/pages\/1021\/revisions\/11093"}],"wp:attachment":[{"href":"https:\/\/www.campinganderwald.at\/de\/wp-json\/wp\/v2\/media?parent=1021"}],"curies":[{"name":"wp","href":"https:\/\/api.w.org\/{rel}","templated":true}]}}