{"id":10892,"date":"2024-01-01T01:56:42","date_gmt":"2024-01-01T00:56:42","guid":{"rendered":"https:\/\/www.campinganderwald.at\/?page_id=10892"},"modified":"2024-01-04T15:46:05","modified_gmt":"2024-01-04T14:46:05","slug":"hoehlenkanu-2","status":"publish","type":"page","link":"https:\/\/www.campinganderwald.at\/de\/hoehlenkanu-2\/","title":{"rendered":"F.A.Q."},"content":{"rendered":"\t\t<div data-elementor-type=\"wp-page\" data-elementor-id=\"10892\" class=\"elementor elementor-10892\" data-elementor-post-type=\"page\">\n\t\t\t\t\t\t<section class=\"elementor-section elementor-top-section elementor-element elementor-element-ed5d843 elementor-section-boxed elementor-section-height-default elementor-section-height-default qodef-elementor-content-no\" data-id=\"ed5d843\" data-element_type=\"section\" data-e-type=\"section\">\n\t\t\t\t\t\t<div class=\"elementor-container elementor-column-gap-default\">\n\t\t\t\t\t<div class=\"elementor-column elementor-col-100 elementor-top-column elementor-element elementor-element-b142fe4\" data-id=\"b142fe4\" data-element_type=\"column\" data-e-type=\"column\">\n\t\t\t<div class=\"elementor-widget-wrap elementor-element-populated\">\n\t\t\t\t\t\t<div class=\"elementor-element elementor-element-c1553c2 elementor-widget elementor-widget-qi_addons_for_elementor_section_title\" data-id=\"c1553c2\" data-element_type=\"widget\" data-e-type=\"widget\" data-widget_type=\"qi_addons_for_elementor_section_title.default\">\n\t\t\t\t<div class=\"elementor-widget-container\">\n\t\t\t\t\t<div class=\"qodef-shortcode qodef-m qodef-qi-section-title qodef-decoration--italic qodef-link--underline-draw qodef-subtitle-icon--left\">\n\t\t\t\t<h5 class=\"qodef-m-subtitle\">\n\t\tFragen?\t\t\t<\/h5>\n\t\t\t<h2 class=\"qodef-m-title\">\n\t\tF.A.Q.\t<\/h2>\n\t\t\t<div class=\"qodef-m-text\"><p>(weiter zu: <a href=\"\/neuigkeiten\">News<\/a> \/ Blog)<\/p><p>\u00a0<\/p><p>Untergrund am Campingplatz? <strong>Schotter-, Kies- oder Waldboden.<\/strong> \u00a0<\/p><p>Ausstattung? <strong>Modernes Sanit\u00e4r mit Aufenthaltsraum, Kinderraum, Kiosk, Restaurant etc.<\/strong><\/p><p>Strom? <strong>Ja an jedem Platz<\/strong><\/p><p>Kann ich auch mit Caravan kommen? <strong>Ja klar. Caravan, Bus, Zelt, Wanderer, Alleinreisende, Radfahrer, Hunde alle sind willkommen!.<\/strong><\/p><p>Wasseranschluss? <strong>Nein \u2013 die Wurzeln unseres Waldes lassen das nicht zu.<\/strong><\/p><p>Lagerfeuer? <strong>Ja, im April, Mai, September &amp; Oktober gibt es unsere Feuerschale am Strand.<\/strong><\/p><p>Hund? <strong>Ja, sehr gerne - baden geht aber leider nur in unserer Hundedusche \ud83d\ude09<\/strong><\/p><p>Gr\u00f6\u00dfe? <strong>Unser Camping ist 3,6ha gro\u00df &amp; hat in etwa Platz f\u00fcr 200 Familien<\/strong><\/p><p>\u00a0F\u00fcr Kinder?<strong> Neben Teilen unseres Sport &amp; Triathlonprogramms, die Villa Kunterbunt, Waldwanderungen, Waldspielplatz etc.<\/strong><\/p><p>Sanit\u00e4ranlagen? <strong>Ja klar wir haben top barrierefreie Sanit\u00e4ranlagen mit Einzelwaschkabinen, Babywasch &amp; Wickelbereich.<\/strong><\/p><p>W-Lan? <strong>Am ganzen Platz &amp; gratis.<\/strong><\/p><p>Shop? <strong>Ja ein Kiosk- klein aber gut sortiert- mit regionalen Besonderheiten, frischem Geb\u00e4ck &amp; Co.<\/strong><\/p><p>Dauercamper? <strong>Nein- haben wir nicht.<\/strong><\/p><p>Mietbares? <strong>Nur unsere Baumzelte\/Zweimannzelte- perfekt f\u00fcr Radfahrer, Wanderer oder Romantiker \u2013 buchbar in Mai, Juni, September &amp; Oktober<\/strong><\/p><p>Reservierung? <strong>Ja \u2013 unbedingt f\u00fcr Juli<\/strong> <strong>&amp; August<\/strong><\/p><p>Anzahlung? <strong>Gibt es bei uns keine.<\/strong><\/p><\/div>\n\t<\/div>\n\t\t\t\t<\/div>\n\t\t\t\t<\/div>\n\t\t\t\t\t<\/div>\n\t\t<\/div>\n\t\t\t\t\t<\/div>\n\t\t<\/section>\n\t\t\t\t<section class=\"elementor-section elementor-top-section elementor-element elementor-element-0383aae elementor-section-boxed elementor-section-height-default elementor-section-height-default qodef-elementor-content-no\" data-id=\"0383aae\" data-element_type=\"section\" data-e-type=\"section\">\n\t\t\t\t\t\t<div class=\"elementor-container elementor-column-gap-default\">\n\t\t\t\t\t<div class=\"elementor-column elementor-col-50 elementor-top-column elementor-element elementor-element-00479e8\" data-id=\"00479e8\" data-element_type=\"column\" data-e-type=\"column\">\n\t\t\t<div class=\"elementor-widget-wrap\">\n\t\t\t\t\t\t\t<\/div>\n\t\t<\/div>\n\t\t\t\t<div class=\"elementor-column elementor-col-50 elementor-top-column elementor-element elementor-element-e697eae\" data-id=\"e697eae\" data-element_type=\"column\" data-e-type=\"column\">\n\t\t\t<div class=\"elementor-widget-wrap\">\n\t\t\t\t\t\t\t<\/div>\n\t\t<\/div>\n\t\t\t\t\t<\/div>\n\t\t<\/section>\n\t\t\t\t<section class=\"elementor-section elementor-top-section elementor-element elementor-element-4319fbd elementor-section-boxed elementor-section-height-default elementor-section-height-default qodef-elementor-content-no\" data-id=\"4319fbd\" data-element_type=\"section\" data-e-type=\"section\">\n\t\t\t\t\t\t<div class=\"elementor-container elementor-column-gap-default\">\n\t\t\t\t\t<div class=\"elementor-column elementor-col-100 elementor-top-column elementor-element elementor-element-7a835ec\" data-id=\"7a835ec\" data-element_type=\"column\" data-e-type=\"column\">\n\t\t\t<div class=\"elementor-widget-wrap\">\n\t\t\t\t\t\t\t<\/div>\n\t\t<\/div>\n\t\t\t\t\t<\/div>\n\t\t<\/section>\n\t\t\t\t<\/div>\n\t\t","protected":false},"excerpt":{"rendered":"<p>Fragen? F.A.Q. (weiter zu: News \/ Blog) \u00a0 Untergrund am Campingplatz? Schotter-, Kies- oder Waldboden. \u00a0 Ausstattung? Modernes Sanit\u00e4r mit Aufenthaltsraum, Kinderraum, Kiosk, Restaurant etc. Strom? Ja an jedem Platz Kann ich auch mit Caravan kommen? Ja klar. Caravan, Bus, Zelt, Wanderer, Alleinreisende, Radfahrer, Hunde alle sind willkommen!. Wasseranschluss? Nein \u2013 die Wurzeln unseres Waldes [&hellip;]<\/p>\n","protected":false},"author":4,"featured_media":0,"parent":0,"menu_order":0,"comment_status":"closed","ping_status":"closed","template":"","meta":{"footnotes":""},"class_list":["post-10892","page","type-page","status-publish","hentry"],"yoast_head":"<!-- This site is optimized with the Yoast SEO plugin v27.5 - https:\/\/yoast.com\/product\/yoast-seo-wordpress\/ -->\n<title>F.A.Q. - Camping Anderwald<\/title>\n<meta name=\"robots\" content=\"index, follow, max-snippet:-1, max-image-preview:large, max-video-preview:-1\" \/>\n<link rel=\"canonical\" href=\"https:\/\/www.campinganderwald.at\/de\/hoehlenkanu-2\/\" \/>\n<meta property=\"og:locale\" content=\"de_DE\" \/>\n<meta property=\"og:type\" content=\"article\" \/>\n<meta property=\"og:title\" content=\"F.A.Q. - Camping Anderwald\" \/>\n<meta property=\"og:description\" content=\"Fragen? F.A.Q. (weiter zu: News \/ Blog) \u00a0 Untergrund am Campingplatz? Schotter-, Kies- oder Waldboden. \u00a0 Ausstattung? Modernes Sanit\u00e4r mit Aufenthaltsraum, Kinderraum, Kiosk, Restaurant etc. Strom? Ja an jedem Platz Kann ich auch mit Caravan kommen? Ja klar. Caravan, Bus, Zelt, Wanderer, Alleinreisende, Radfahrer, Hunde alle sind willkommen!. Wasseranschluss? Nein \u2013 die Wurzeln unseres Waldes [&hellip;]\" \/>\n<meta property=\"og:url\" content=\"https:\/\/www.campinganderwald.at\/de\/hoehlenkanu-2\/\" \/>\n<meta property=\"og:site_name\" content=\"Camping Anderwald\" \/>\n<meta property=\"article:modified_time\" content=\"2024-01-04T14:46:05+00:00\" \/>\n<meta name=\"twitter:card\" content=\"summary_large_image\" \/>\n<meta name=\"twitter:label1\" content=\"Gesch\u00e4tzte Lesezeit\" \/>\n\t<meta name=\"twitter:data1\" content=\"1\u00a0Minute\" \/>\n<script type=\"application\/ld+json\" class=\"yoast-schema-graph\">{\"@context\":\"https:\\\/\\\/schema.org\",\"@graph\":[{\"@type\":\"WebPage\",\"@id\":\"https:\\\/\\\/www.campinganderwald.at\\\/de\\\/hoehlenkanu-2\\\/\",\"url\":\"https:\\\/\\\/www.campinganderwald.at\\\/de\\\/hoehlenkanu-2\\\/\",\"name\":\"F.A.Q. - Camping Anderwald\",\"isPartOf\":{\"@id\":\"https:\\\/\\\/www.campinganderwald.at\\\/de\\\/#website\"},\"datePublished\":\"2024-01-01T00:56:42+00:00\",\"dateModified\":\"2024-01-04T14:46:05+00:00\",\"breadcrumb\":{\"@id\":\"https:\\\/\\\/www.campinganderwald.at\\\/de\\\/hoehlenkanu-2\\\/#breadcrumb\"},\"inLanguage\":\"de\",\"potentialAction\":[{\"@type\":\"ReadAction\",\"target\":[\"https:\\\/\\\/www.campinganderwald.at\\\/de\\\/hoehlenkanu-2\\\/\"]}]},{\"@type\":\"BreadcrumbList\",\"@id\":\"https:\\\/\\\/www.campinganderwald.at\\\/de\\\/hoehlenkanu-2\\\/#breadcrumb\",\"itemListElement\":[{\"@type\":\"ListItem\",\"position\":1,\"name\":\"Startseite\",\"item\":\"https:\\\/\\\/www.campinganderwald.at\\\/de\\\/\"},{\"@type\":\"ListItem\",\"position\":2,\"name\":\"F.A.Q.\"}]},{\"@type\":\"WebSite\",\"@id\":\"https:\\\/\\\/www.campinganderwald.at\\\/de\\\/#website\",\"url\":\"https:\\\/\\\/www.campinganderwald.at\\\/de\\\/\",\"name\":\"Camping Anderwald\",\"description\":\"Unser Campingplatz liegt direkt am Faaker See in K\u00e4rnten, eingebettet in die traumhafte Kulisse der das gesamte Gebiet umgebenden Karawanken. Der Faaker See ist nicht nur der s\u00fcdlichste Badesee K\u00e4rntens, er ist auch einer der...\",\"publisher\":{\"@id\":\"https:\\\/\\\/www.campinganderwald.at\\\/de\\\/#organization\"},\"potentialAction\":[{\"@type\":\"SearchAction\",\"target\":{\"@type\":\"EntryPoint\",\"urlTemplate\":\"https:\\\/\\\/www.campinganderwald.at\\\/de\\\/?s={search_term_string}\"},\"query-input\":{\"@type\":\"PropertyValueSpecification\",\"valueRequired\":true,\"valueName\":\"search_term_string\"}}],\"inLanguage\":\"de\"},{\"@type\":\"Organization\",\"@id\":\"https:\\\/\\\/www.campinganderwald.at\\\/de\\\/#organization\",\"name\":\"Camping Anderwald\",\"url\":\"https:\\\/\\\/www.campinganderwald.at\\\/de\\\/\",\"logo\":{\"@type\":\"ImageObject\",\"inLanguage\":\"de\",\"@id\":\"https:\\\/\\\/www.campinganderwald.at\\\/de\\\/#\\\/schema\\\/logo\\\/image\\\/\",\"url\":\"https:\\\/\\\/www.campinganderwald.at\\\/wp-content\\\/uploads\\\/2022\\\/01\\\/campingAnderwald-logo.svg\",\"contentUrl\":\"https:\\\/\\\/www.campinganderwald.at\\\/wp-content\\\/uploads\\\/2022\\\/01\\\/campingAnderwald-logo.svg\",\"caption\":\"Camping Anderwald\"},\"image\":{\"@id\":\"https:\\\/\\\/www.campinganderwald.at\\\/de\\\/#\\\/schema\\\/logo\\\/image\\\/\"}}]}<\/script>\n<!-- \/ Yoast SEO plugin. -->","yoast_head_json":{"title":"F.A.Q. - Camping Anderwald","robots":{"index":"index","follow":"follow","max-snippet":"max-snippet:-1","max-image-preview":"max-image-preview:large","max-video-preview":"max-video-preview:-1"},"canonical":"https:\/\/www.campinganderwald.at\/de\/hoehlenkanu-2\/","og_locale":"de_DE","og_type":"article","og_title":"F.A.Q. - Camping Anderwald","og_description":"Fragen? F.A.Q. (weiter zu: News \/ Blog) \u00a0 Untergrund am Campingplatz? Schotter-, Kies- oder Waldboden. \u00a0 Ausstattung? Modernes Sanit\u00e4r mit Aufenthaltsraum, Kinderraum, Kiosk, Restaurant etc. Strom? Ja an jedem Platz Kann ich auch mit Caravan kommen? Ja klar. Caravan, Bus, Zelt, Wanderer, Alleinreisende, Radfahrer, Hunde alle sind willkommen!. Wasseranschluss? Nein \u2013 die Wurzeln unseres Waldes [&hellip;]","og_url":"https:\/\/www.campinganderwald.at\/de\/hoehlenkanu-2\/","og_site_name":"Camping Anderwald","article_modified_time":"2024-01-04T14:46:05+00:00","twitter_card":"summary_large_image","twitter_misc":{"Gesch\u00e4tzte Lesezeit":"1\u00a0Minute"},"schema":{"@context":"https:\/\/schema.org","@graph":[{"@type":"WebPage","@id":"https:\/\/www.campinganderwald.at\/de\/hoehlenkanu-2\/","url":"https:\/\/www.campinganderwald.at\/de\/hoehlenkanu-2\/","name":"F.A.Q. - Camping Anderwald","isPartOf":{"@id":"https:\/\/www.campinganderwald.at\/de\/#website"},"datePublished":"2024-01-01T00:56:42+00:00","dateModified":"2024-01-04T14:46:05+00:00","breadcrumb":{"@id":"https:\/\/www.campinganderwald.at\/de\/hoehlenkanu-2\/#breadcrumb"},"inLanguage":"de","potentialAction":[{"@type":"ReadAction","target":["https:\/\/www.campinganderwald.at\/de\/hoehlenkanu-2\/"]}]},{"@type":"BreadcrumbList","@id":"https:\/\/www.campinganderwald.at\/de\/hoehlenkanu-2\/#breadcrumb","itemListElement":[{"@type":"ListItem","position":1,"name":"Startseite","item":"https:\/\/www.campinganderwald.at\/de\/"},{"@type":"ListItem","position":2,"name":"F.A.Q."}]},{"@type":"WebSite","@id":"https:\/\/www.campinganderwald.at\/de\/#website","url":"https:\/\/www.campinganderwald.at\/de\/","name":"Camping Anderwald","description":"Unser Campingplatz liegt direkt am Faaker See in K\u00e4rnten, eingebettet in die traumhafte Kulisse der das gesamte Gebiet umgebenden Karawanken. Der Faaker See ist nicht nur der s\u00fcdlichste Badesee K\u00e4rntens, er ist auch einer der...","publisher":{"@id":"https:\/\/www.campinganderwald.at\/de\/#organization"},"potentialAction":[{"@type":"SearchAction","target":{"@type":"EntryPoint","urlTemplate":"https:\/\/www.campinganderwald.at\/de\/?s={search_term_string}"},"query-input":{"@type":"PropertyValueSpecification","valueRequired":true,"valueName":"search_term_string"}}],"inLanguage":"de"},{"@type":"Organization","@id":"https:\/\/www.campinganderwald.at\/de\/#organization","name":"Camping Anderwald","url":"https:\/\/www.campinganderwald.at\/de\/","logo":{"@type":"ImageObject","inLanguage":"de","@id":"https:\/\/www.campinganderwald.at\/de\/#\/schema\/logo\/image\/","url":"https:\/\/www.campinganderwald.at\/wp-content\/uploads\/2022\/01\/campingAnderwald-logo.svg","contentUrl":"https:\/\/www.campinganderwald.at\/wp-content\/uploads\/2022\/01\/campingAnderwald-logo.svg","caption":"Camping Anderwald"},"image":{"@id":"https:\/\/www.campinganderwald.at\/de\/#\/schema\/logo\/image\/"}}]}},"_links":{"self":[{"href":"https:\/\/www.campinganderwald.at\/de\/wp-json\/wp\/v2\/pages\/10892","targetHints":{"allow":["GET"]}}],"collection":[{"href":"https:\/\/www.campinganderwald.at\/de\/wp-json\/wp\/v2\/pages"}],"about":[{"href":"https:\/\/www.campinganderwald.at\/de\/wp-json\/wp\/v2\/types\/page"}],"author":[{"embeddable":true,"href":"https:\/\/www.campinganderwald.at\/de\/wp-json\/wp\/v2\/users\/4"}],"replies":[{"embeddable":true,"href":"https:\/\/www.campinganderwald.at\/de\/wp-json\/wp\/v2\/comments?post=10892"}],"version-history":[{"count":3,"href":"https:\/\/www.campinganderwald.at\/de\/wp-json\/wp\/v2\/pages\/10892\/revisions"}],"predecessor-version":[{"id":11157,"href":"https:\/\/www.campinganderwald.at\/de\/wp-json\/wp\/v2\/pages\/10892\/revisions\/11157"}],"wp:attachment":[{"href":"https:\/\/www.campinganderwald.at\/de\/wp-json\/wp\/v2\/media?parent=10892"}],"curies":[{"name":"wp","href":"https:\/\/api.w.org\/{rel}","templated":true}]}}