{"id":11248,"date":"2024-01-08T16:55:01","date_gmt":"2024-01-08T15:55:01","guid":{"rendered":"https:\/\/www.campinganderwald.at\/?page_id=11248"},"modified":"2024-01-10T20:54:54","modified_gmt":"2024-01-10T19:54:54","slug":"campen-von-april-bis-november","status":"publish","type":"page","link":"https:\/\/www.campinganderwald.at\/de\/campen-von-april-bis-november\/","title":{"rendered":"Campen von April bis November"},"content":{"rendered":"\t\t<div data-elementor-type=\"wp-page\" data-elementor-id=\"11248\" class=\"elementor elementor-11248\" data-elementor-post-type=\"page\">\n\t\t\t\t\t\t<section class=\"elementor-section elementor-top-section elementor-element elementor-element-ed5d843 elementor-section-boxed elementor-section-height-default elementor-section-height-default qodef-elementor-content-no\" data-id=\"ed5d843\" data-element_type=\"section\" data-e-type=\"section\">\n\t\t\t\t\t\t<div class=\"elementor-container elementor-column-gap-default\">\n\t\t\t\t\t<div class=\"elementor-column elementor-col-100 elementor-top-column elementor-element elementor-element-b142fe4\" data-id=\"b142fe4\" data-element_type=\"column\" data-e-type=\"column\">\n\t\t\t<div class=\"elementor-widget-wrap elementor-element-populated\">\n\t\t\t\t\t\t<div class=\"elementor-element elementor-element-c1553c2 elementor-widget elementor-widget-qi_addons_for_elementor_section_title\" data-id=\"c1553c2\" data-element_type=\"widget\" data-e-type=\"widget\" data-widget_type=\"qi_addons_for_elementor_section_title.default\">\n\t\t\t\t<div class=\"elementor-widget-container\">\n\t\t\t\t\t<div class=\"qodef-shortcode qodef-m qodef-qi-section-title qodef-decoration--italic qodef-link--underline-draw qodef-subtitle-icon--left\">\n\t\t\t\t<h5 class=\"qodef-m-subtitle\">\n\t\tBesonderheiten im Jahresverlauf\t\t\t<\/h5>\n\t\t\t<h2 class=\"qodef-m-title\">\n\t\tApril bis November...\t<\/h2>\n\t\t\t<div class=\"qodef-m-text\"><p>Wir lieben Campen in praktisch jeder Jahreszeit- vor allem in der Sommerh\u00e4lfte des Jahres- und haben unseren Campingplatz deshalb l\u00e4nger ge\u00f6ffnet wie die meisenten anderen in \u00d6sterreich. Jedes Monat hat seine Besonderheiten und die wollen wir Dir gerne am Campingplatz und auch gleich jetzt auf unserer Website n\u00e4her bringen...<\/p><\/div>\n\t<\/div>\n\t\t\t\t<\/div>\n\t\t\t\t<\/div>\n\t\t\t\t\t<\/div>\n\t\t<\/div>\n\t\t\t\t\t<\/div>\n\t\t<\/section>\n\t\t\t\t<section class=\"elementor-section elementor-top-section elementor-element elementor-element-2eb4fd4 elementor-section-boxed elementor-section-height-default elementor-section-height-default qodef-elementor-content-no\" data-id=\"2eb4fd4\" data-element_type=\"section\" data-e-type=\"section\">\n\t\t\t\t\t\t<div class=\"elementor-container elementor-column-gap-default\">\n\t\t\t\t\t<div class=\"elementor-column elementor-col-50 elementor-top-column elementor-element elementor-element-00479e8\" data-id=\"00479e8\" data-element_type=\"column\" data-e-type=\"column\">\n\t\t\t<div class=\"elementor-widget-wrap elementor-element-populated\">\n\t\t\t\t\t\t<div class=\"elementor-element elementor-element-6253904 elementor-widget elementor-widget-text-editor\" data-id=\"6253904\" data-element_type=\"widget\" data-e-type=\"widget\" data-widget_type=\"text-editor.default\">\n\t\t\t\t<div class=\"elementor-widget-container\">\n\t\t\t\t\t\t\t\t\t<p>April: Ganz viel Platz und Ruhe, ab dem 1.4. haben wir ge\u00f6ffnet \u2013 ein See f\u00fcr Dich ganz alleine. Der Schnee auf den Bergen ist gerade erst weg- der Fr\u00fchling beginnt. Mildes Wetter an der S\u00fcdseite der Alpen perfekt f\u00fcr Kanuten, Rennradfahrer, Birdwatcher, Wanderer &amp; Naturliebhaber.<\/p>\t\t\t\t\t\t\t\t<\/div>\n\t\t\t\t<\/div>\n\t\t\t\t<div class=\"elementor-element elementor-element-458d182 elementor-widget elementor-widget-text-editor\" data-id=\"458d182\" data-element_type=\"widget\" data-e-type=\"widget\" data-widget_type=\"text-editor.default\">\n\t\t\t\t<div class=\"elementor-widget-container\">\n\t\t\t\t\t\t\t\t\t<p>Mai: Im Faaker See kann man ab Anfang Mai schon schwimmen. Unser Restaurant hat ge\u00f6ffnet und wir starten mit unserem Bergprogramm und den gef\u00fchrten MTB Touren. Alle Trails sind jetzt ge\u00f6ffnet und Top in Shape.<\/p><p>Sehr beliebt: Unser Fr\u00fchsommer Angebot &#8211; 7 Tage campen und 1 Men\u00fc pro Person\/Tag (bis Ende Juni buchbar!).<\/p>\t\t\t\t\t\t\t\t<\/div>\n\t\t\t\t<\/div>\n\t\t\t\t<div class=\"elementor-element elementor-element-eedda12 elementor-widget elementor-widget-text-editor\" data-id=\"eedda12\" data-element_type=\"widget\" data-e-type=\"widget\" data-widget_type=\"text-editor.default\">\n\t\t\t\t<div class=\"elementor-widget-container\">\n\t\t\t\t\t\t\t\t\t<p>Juli &amp; August: Viele Familien campen zu dieser Zeit bei uns. Der Faaker See ist pulsierendes Zentrum und unser Sportprogramm (\u201eMein 1.Triathlon Programm\u201c, Personal Training, Fitnesstraining, Yoga, Bergprogramm etc.) l\u00e4uft auf Hochtouren. F\u00fcr Kinder? Der ganze Campingplatz ein Abenteuer Spielplatz, dazu Spielen &amp; Basteln in der Villa Kunterbunt. Der Faaker See erreicht bis zu 26 Grad!\u00a0\u00a0 <\/p>\t\t\t\t\t\t\t\t<\/div>\n\t\t\t\t<\/div>\n\t\t\t\t<div class=\"elementor-element elementor-element-52f5bb1 elementor-widget elementor-widget-text-editor\" data-id=\"52f5bb1\" data-element_type=\"widget\" data-e-type=\"widget\" data-widget_type=\"text-editor.default\">\n\t\t\t\t<div class=\"elementor-widget-container\">\n\t\t\t\t\t\t\t\t\t<p>September: Es wird ganz ruhig &#8211; au\u00dfer in der ersten Septemberwoche &#8211; da beehren uns hunderte von Bikern w\u00e4hrend der European Bikeweek &#8211; einer der gr\u00f6\u00dften Motorradveranstaltung der Erde. Nach deren Ende gibt es wieder viel Platz und Ruhe, oder auch Abenteuer bei der Teilnahme an unserem Bergprogramm sowie unser beliebtes Sp\u00e4tsommerangebot &#8211; 7 Tage campen und 1 Men\u00fc pro Person\/Tag.<\/p>\t\t\t\t\t\t\t\t<\/div>\n\t\t\t\t<\/div>\n\t\t\t\t\t<\/div>\n\t\t<\/div>\n\t\t\t\t<div class=\"elementor-column elementor-col-50 elementor-top-column elementor-element elementor-element-75a5f7c\" data-id=\"75a5f7c\" data-element_type=\"column\" data-e-type=\"column\">\n\t\t\t<div class=\"elementor-widget-wrap elementor-element-populated\">\n\t\t\t\t\t\t<div class=\"elementor-element elementor-element-a86c902 elementor-widget elementor-widget-video\" data-id=\"a86c902\" data-element_type=\"widget\" data-e-type=\"widget\" data-settings=\"{&quot;youtube_url&quot;:&quot;https:\\\/\\\/www.youtube.com\\\/watch?v=LSFgGWo5XEc&amp;feature=emb_title&quot;,&quot;video_type&quot;:&quot;youtube&quot;,&quot;controls&quot;:&quot;yes&quot;}\" data-widget_type=\"video.default\">\n\t\t\t\t<div class=\"elementor-widget-container\">\n\t\t\t\t\t\t\t<div class=\"elementor-wrapper elementor-open-inline\">\n\t\t\t<div class=\"elementor-video\"><\/div>\t\t<\/div>\n\t\t\t\t\t\t<\/div>\n\t\t\t\t<\/div>\n\t\t\t\t<div class=\"elementor-element elementor-element-41fb91b elementor-widget elementor-widget-qi_addons_for_elementor_button\" data-id=\"41fb91b\" data-element_type=\"widget\" data-e-type=\"widget\" data-widget_type=\"qi_addons_for_elementor_button.default\">\n\t\t\t\t<div class=\"elementor-widget-container\">\n\t\t\t\t\t<a class=\"qodef-shortcode qodef-m qodef-qi-button qodef-html--link qodef-layout--filled qodef-type--standard qodef-size--full qodef-icon--right qodef-hover--icon-move-horizontal-short\" href=\"https:\/\/www.campinganderwald.at\/de\/anfrage\/\" target=\"_self\">\n\t<span class=\"qodef-m-text\">Anfragen und Buchungen <\/span>\n\t<\/a>\n\t\t\t\t<\/div>\n\t\t\t\t<\/div>\n\t\t\t\t<div class=\"elementor-element elementor-element-800e775 elementor-widget elementor-widget-text-editor\" data-id=\"800e775\" data-element_type=\"widget\" data-e-type=\"widget\" data-widget_type=\"text-editor.default\">\n\t\t\t\t<div class=\"elementor-widget-container\">\n\t\t\t\t\t\t\t\t\t<p>Juni: Start der Badesaison! Die Sonne ist sommerlich. Triathleten lieben diese Zeit- mit Ihnen kommt auch (etwa am 20.6.) Hermann Aschwer unser Triathlon Guru zu uns und leitet bis um den 20.8 unser Sportprogramm. Ewig lange Tage geben Zeit f\u00fcr umfangreiche Wandertouren.<\/p>\t\t\t\t\t\t\t\t<\/div>\n\t\t\t\t<\/div>\n\t\t\t\t<div class=\"elementor-element elementor-element-868d0fd elementor-widget elementor-widget-text-editor\" data-id=\"868d0fd\" data-element_type=\"widget\" data-e-type=\"widget\" data-widget_type=\"text-editor.default\">\n\t\t\t\t<div class=\"elementor-widget-container\">\n\t\t\t\t\t\t\t\t\t<p>Oktober: Es wird bunt. Noch immer springen unsere Camper in den See (am besten nach einer ausgedehnten Radtour). Die Landschaft wirkt inspirieren &amp; beruhigend. Die Kulinarik bei Baumgartnerhof, Tschebull &amp; bei uns dreht sich um Wild. Wir pfl\u00fccken \u00c4pfel und pressen frischen Apfelsaft.<\/p>\t\t\t\t\t\t\t\t<\/div>\n\t\t\t\t<\/div>\n\t\t\t\t<div class=\"elementor-element elementor-element-a28df36 elementor-widget elementor-widget-text-editor\" data-id=\"a28df36\" data-element_type=\"widget\" data-e-type=\"widget\" data-widget_type=\"text-editor.default\">\n\t\t\t\t<div class=\"elementor-widget-container\">\n\t\t\t\t\t\t\t\t\t<p>November: Der ist nur ganz kurz- bis etwa 5.11. (Ende der \u00f6sterreichischen Herbstferien) haben wir ge\u00f6ffnet- und dann? Dezember bis M\u00e4rz halten wir dann Winterschlaf.<\/p>\t\t\t\t\t\t\t\t<\/div>\n\t\t\t\t<\/div>\n\t\t\t\t\t<\/div>\n\t\t<\/div>\n\t\t\t\t\t<\/div>\n\t\t<\/section>\n\t\t\t\t<section class=\"elementor-section elementor-top-section elementor-element elementor-element-7af1933 elementor-section-boxed elementor-section-height-default elementor-section-height-default qodef-elementor-content-no\" data-id=\"7af1933\" data-element_type=\"section\" data-e-type=\"section\">\n\t\t\t\t\t\t<div class=\"elementor-container elementor-column-gap-default\">\n\t\t\t\t\t<div class=\"elementor-column elementor-col-100 elementor-top-column elementor-element elementor-element-5a66712\" data-id=\"5a66712\" data-element_type=\"column\" data-e-type=\"column\">\n\t\t\t<div class=\"elementor-widget-wrap\">\n\t\t\t\t\t\t\t<\/div>\n\t\t<\/div>\n\t\t\t\t\t<\/div>\n\t\t<\/section>\n\t\t\t\t<\/div>\n\t\t","protected":false},"excerpt":{"rendered":"<p>Besonderheiten im Jahresverlauf April bis November&#8230; Wir lieben Campen in praktisch jeder Jahreszeit- vor allem in der Sommerh\u00e4lfte des Jahres- und haben unseren Campingplatz deshalb l\u00e4nger ge\u00f6ffnet wie die meisenten anderen in \u00d6sterreich. Jedes Monat hat seine Besonderheiten und die wollen wir Dir gerne am Campingplatz und auch gleich jetzt auf unserer Website n\u00e4her bringen&#8230; [&hellip;]<\/p>\n","protected":false},"author":4,"featured_media":0,"parent":0,"menu_order":0,"comment_status":"closed","ping_status":"closed","template":"","meta":{"footnotes":""},"class_list":["post-11248","page","type-page","status-publish","hentry"],"yoast_head":"<!-- This site is optimized with the Yoast SEO plugin v27.5 - https:\/\/yoast.com\/product\/yoast-seo-wordpress\/ -->\n<title>Campen von April bis November - Camping Anderwald<\/title>\n<meta name=\"robots\" content=\"index, follow, max-snippet:-1, max-image-preview:large, max-video-preview:-1\" \/>\n<link rel=\"canonical\" href=\"https:\/\/www.campinganderwald.at\/de\/campen-von-april-bis-november\/\" \/>\n<meta property=\"og:locale\" content=\"de_DE\" \/>\n<meta property=\"og:type\" content=\"article\" \/>\n<meta property=\"og:title\" content=\"Campen von April bis November - Camping Anderwald\" \/>\n<meta property=\"og:description\" content=\"Besonderheiten im Jahresverlauf April bis November&#8230; Wir lieben Campen in praktisch jeder Jahreszeit- vor allem in der Sommerh\u00e4lfte des Jahres- und haben unseren Campingplatz deshalb l\u00e4nger ge\u00f6ffnet wie die meisenten anderen in \u00d6sterreich. Jedes Monat hat seine Besonderheiten und die wollen wir Dir gerne am Campingplatz und auch gleich jetzt auf unserer Website n\u00e4her bringen&#8230; [&hellip;]\" \/>\n<meta property=\"og:url\" content=\"https:\/\/www.campinganderwald.at\/de\/campen-von-april-bis-november\/\" \/>\n<meta property=\"og:site_name\" content=\"Camping Anderwald\" \/>\n<meta property=\"article:modified_time\" content=\"2024-01-10T19:54:54+00:00\" \/>\n<meta name=\"twitter:card\" content=\"summary_large_image\" \/>\n<meta name=\"twitter:label1\" content=\"Gesch\u00e4tzte Lesezeit\" \/>\n\t<meta name=\"twitter:data1\" content=\"10\u00a0Minuten\" \/>\n<script type=\"application\/ld+json\" class=\"yoast-schema-graph\">{\"@context\":\"https:\\\/\\\/schema.org\",\"@graph\":[{\"@type\":\"WebPage\",\"@id\":\"https:\\\/\\\/www.campinganderwald.at\\\/de\\\/campen-von-april-bis-november\\\/\",\"url\":\"https:\\\/\\\/www.campinganderwald.at\\\/de\\\/campen-von-april-bis-november\\\/\",\"name\":\"Campen von April bis November - Camping Anderwald\",\"isPartOf\":{\"@id\":\"https:\\\/\\\/www.campinganderwald.at\\\/de\\\/#website\"},\"datePublished\":\"2024-01-08T15:55:01+00:00\",\"dateModified\":\"2024-01-10T19:54:54+00:00\",\"breadcrumb\":{\"@id\":\"https:\\\/\\\/www.campinganderwald.at\\\/de\\\/campen-von-april-bis-november\\\/#breadcrumb\"},\"inLanguage\":\"de\",\"potentialAction\":[{\"@type\":\"ReadAction\",\"target\":[\"https:\\\/\\\/www.campinganderwald.at\\\/de\\\/campen-von-april-bis-november\\\/\"]}]},{\"@type\":\"BreadcrumbList\",\"@id\":\"https:\\\/\\\/www.campinganderwald.at\\\/de\\\/campen-von-april-bis-november\\\/#breadcrumb\",\"itemListElement\":[{\"@type\":\"ListItem\",\"position\":1,\"name\":\"Startseite\",\"item\":\"https:\\\/\\\/www.campinganderwald.at\\\/de\\\/\"},{\"@type\":\"ListItem\",\"position\":2,\"name\":\"Campen von April bis November\"}]},{\"@type\":\"WebSite\",\"@id\":\"https:\\\/\\\/www.campinganderwald.at\\\/de\\\/#website\",\"url\":\"https:\\\/\\\/www.campinganderwald.at\\\/de\\\/\",\"name\":\"Camping Anderwald\",\"description\":\"Unser Campingplatz liegt direkt am Faaker See in K\u00e4rnten, eingebettet in die traumhafte Kulisse der das gesamte Gebiet umgebenden Karawanken. Der Faaker See ist nicht nur der s\u00fcdlichste Badesee K\u00e4rntens, er ist auch einer der...\",\"publisher\":{\"@id\":\"https:\\\/\\\/www.campinganderwald.at\\\/de\\\/#organization\"},\"potentialAction\":[{\"@type\":\"SearchAction\",\"target\":{\"@type\":\"EntryPoint\",\"urlTemplate\":\"https:\\\/\\\/www.campinganderwald.at\\\/de\\\/?s={search_term_string}\"},\"query-input\":{\"@type\":\"PropertyValueSpecification\",\"valueRequired\":true,\"valueName\":\"search_term_string\"}}],\"inLanguage\":\"de\"},{\"@type\":\"Organization\",\"@id\":\"https:\\\/\\\/www.campinganderwald.at\\\/de\\\/#organization\",\"name\":\"Camping Anderwald\",\"url\":\"https:\\\/\\\/www.campinganderwald.at\\\/de\\\/\",\"logo\":{\"@type\":\"ImageObject\",\"inLanguage\":\"de\",\"@id\":\"https:\\\/\\\/www.campinganderwald.at\\\/de\\\/#\\\/schema\\\/logo\\\/image\\\/\",\"url\":\"https:\\\/\\\/www.campinganderwald.at\\\/wp-content\\\/uploads\\\/2022\\\/01\\\/campingAnderwald-logo.svg\",\"contentUrl\":\"https:\\\/\\\/www.campinganderwald.at\\\/wp-content\\\/uploads\\\/2022\\\/01\\\/campingAnderwald-logo.svg\",\"caption\":\"Camping Anderwald\"},\"image\":{\"@id\":\"https:\\\/\\\/www.campinganderwald.at\\\/de\\\/#\\\/schema\\\/logo\\\/image\\\/\"}}]}<\/script>\n<!-- \/ Yoast SEO plugin. -->","yoast_head_json":{"title":"Campen von April bis November - Camping Anderwald","robots":{"index":"index","follow":"follow","max-snippet":"max-snippet:-1","max-image-preview":"max-image-preview:large","max-video-preview":"max-video-preview:-1"},"canonical":"https:\/\/www.campinganderwald.at\/de\/campen-von-april-bis-november\/","og_locale":"de_DE","og_type":"article","og_title":"Campen von April bis November - Camping Anderwald","og_description":"Besonderheiten im Jahresverlauf April bis November&#8230; Wir lieben Campen in praktisch jeder Jahreszeit- vor allem in der Sommerh\u00e4lfte des Jahres- und haben unseren Campingplatz deshalb l\u00e4nger ge\u00f6ffnet wie die meisenten anderen in \u00d6sterreich. Jedes Monat hat seine Besonderheiten und die wollen wir Dir gerne am Campingplatz und auch gleich jetzt auf unserer Website n\u00e4her bringen&#8230; [&hellip;]","og_url":"https:\/\/www.campinganderwald.at\/de\/campen-von-april-bis-november\/","og_site_name":"Camping Anderwald","article_modified_time":"2024-01-10T19:54:54+00:00","twitter_card":"summary_large_image","twitter_misc":{"Gesch\u00e4tzte Lesezeit":"10\u00a0Minuten"},"schema":{"@context":"https:\/\/schema.org","@graph":[{"@type":"WebPage","@id":"https:\/\/www.campinganderwald.at\/de\/campen-von-april-bis-november\/","url":"https:\/\/www.campinganderwald.at\/de\/campen-von-april-bis-november\/","name":"Campen von April bis November - Camping Anderwald","isPartOf":{"@id":"https:\/\/www.campinganderwald.at\/de\/#website"},"datePublished":"2024-01-08T15:55:01+00:00","dateModified":"2024-01-10T19:54:54+00:00","breadcrumb":{"@id":"https:\/\/www.campinganderwald.at\/de\/campen-von-april-bis-november\/#breadcrumb"},"inLanguage":"de","potentialAction":[{"@type":"ReadAction","target":["https:\/\/www.campinganderwald.at\/de\/campen-von-april-bis-november\/"]}]},{"@type":"BreadcrumbList","@id":"https:\/\/www.campinganderwald.at\/de\/campen-von-april-bis-november\/#breadcrumb","itemListElement":[{"@type":"ListItem","position":1,"name":"Startseite","item":"https:\/\/www.campinganderwald.at\/de\/"},{"@type":"ListItem","position":2,"name":"Campen von April bis November"}]},{"@type":"WebSite","@id":"https:\/\/www.campinganderwald.at\/de\/#website","url":"https:\/\/www.campinganderwald.at\/de\/","name":"Camping Anderwald","description":"Unser Campingplatz liegt direkt am Faaker See in K\u00e4rnten, eingebettet in die traumhafte Kulisse der das gesamte Gebiet umgebenden Karawanken. Der Faaker See ist nicht nur der s\u00fcdlichste Badesee K\u00e4rntens, er ist auch einer der...","publisher":{"@id":"https:\/\/www.campinganderwald.at\/de\/#organization"},"potentialAction":[{"@type":"SearchAction","target":{"@type":"EntryPoint","urlTemplate":"https:\/\/www.campinganderwald.at\/de\/?s={search_term_string}"},"query-input":{"@type":"PropertyValueSpecification","valueRequired":true,"valueName":"search_term_string"}}],"inLanguage":"de"},{"@type":"Organization","@id":"https:\/\/www.campinganderwald.at\/de\/#organization","name":"Camping Anderwald","url":"https:\/\/www.campinganderwald.at\/de\/","logo":{"@type":"ImageObject","inLanguage":"de","@id":"https:\/\/www.campinganderwald.at\/de\/#\/schema\/logo\/image\/","url":"https:\/\/www.campinganderwald.at\/wp-content\/uploads\/2022\/01\/campingAnderwald-logo.svg","contentUrl":"https:\/\/www.campinganderwald.at\/wp-content\/uploads\/2022\/01\/campingAnderwald-logo.svg","caption":"Camping Anderwald"},"image":{"@id":"https:\/\/www.campinganderwald.at\/de\/#\/schema\/logo\/image\/"}}]}},"_links":{"self":[{"href":"https:\/\/www.campinganderwald.at\/de\/wp-json\/wp\/v2\/pages\/11248","targetHints":{"allow":["GET"]}}],"collection":[{"href":"https:\/\/www.campinganderwald.at\/de\/wp-json\/wp\/v2\/pages"}],"about":[{"href":"https:\/\/www.campinganderwald.at\/de\/wp-json\/wp\/v2\/types\/page"}],"author":[{"embeddable":true,"href":"https:\/\/www.campinganderwald.at\/de\/wp-json\/wp\/v2\/users\/4"}],"replies":[{"embeddable":true,"href":"https:\/\/www.campinganderwald.at\/de\/wp-json\/wp\/v2\/comments?post=11248"}],"version-history":[{"count":3,"href":"https:\/\/www.campinganderwald.at\/de\/wp-json\/wp\/v2\/pages\/11248\/revisions"}],"predecessor-version":[{"id":11296,"href":"https:\/\/www.campinganderwald.at\/de\/wp-json\/wp\/v2\/pages\/11248\/revisions\/11296"}],"wp:attachment":[{"href":"https:\/\/www.campinganderwald.at\/de\/wp-json\/wp\/v2\/media?parent=11248"}],"curies":[{"name":"wp","href":"https:\/\/api.w.org\/{rel}","templated":true}]}}