{"id":1186,"date":"2021-06-09T09:00:27","date_gmt":"2021-06-09T09:00:27","guid":{"rendered":"https:\/\/kamperen.qodeinteractive.com\/?page_id=1186"},"modified":"2024-01-14T12:54:51","modified_gmt":"2024-01-14T11:54:51","slug":"campingplatz","status":"publish","type":"page","link":"https:\/\/www.campinganderwald.at\/de\/campingplatz\/","title":{"rendered":"Unser Campingplatz"},"content":{"rendered":"\t\t<div data-elementor-type=\"wp-page\" data-elementor-id=\"1186\" class=\"elementor elementor-1186\" data-elementor-post-type=\"page\">\n\t\t\t\t\t\t<section class=\"elementor-section elementor-top-section elementor-element elementor-element-8106db2 elementor-section-full_width qodef-elementor-content-grid elementor-section-height-default elementor-section-height-default\" data-id=\"8106db2\" data-element_type=\"section\" data-e-type=\"section\">\n\t\t\t\t\t\t<div class=\"elementor-container elementor-column-gap-default\">\n\t\t\t\t\t<div class=\"elementor-column elementor-col-100 elementor-top-column elementor-element elementor-element-61e501d\" data-id=\"61e501d\" data-element_type=\"column\" data-e-type=\"column\">\n\t\t\t<div class=\"elementor-widget-wrap elementor-element-populated\">\n\t\t\t\t\t\t<div class=\"elementor-element elementor-element-57c35bc elementor-widget elementor-widget-spacer\" data-id=\"57c35bc\" data-element_type=\"widget\" data-e-type=\"widget\" data-widget_type=\"spacer.default\">\n\t\t\t\t<div class=\"elementor-widget-container\">\n\t\t\t\t\t\t\t<div class=\"elementor-spacer\">\n\t\t\t<div class=\"elementor-spacer-inner\"><\/div>\n\t\t<\/div>\n\t\t\t\t\t\t<\/div>\n\t\t\t\t<\/div>\n\t\t\t\t<div class=\"elementor-element elementor-element-cbd32f1 elementor-widget elementor-widget-qi_addons_for_elementor_section_title\" data-id=\"cbd32f1\" data-element_type=\"widget\" data-e-type=\"widget\" data-widget_type=\"qi_addons_for_elementor_section_title.default\">\n\t\t\t\t<div class=\"elementor-widget-container\">\n\t\t\t\t\t<div class=\"qodef-shortcode qodef-m qodef-qi-section-title qodef-decoration--italic qodef-link--underline-draw qodef-subtitle-icon--left\">\n\t\t\t\t<h5 class=\"qodef-m-subtitle\">\n\t\tFreiheit\t\t\t<\/h5>\n\t\t\t<h2 class=\"qodef-m-title\">\n\t\tCampingplatz\t<\/h2>\n\t\t\t<div class=\"qodef-m-text\"><p>Unser Campingplatz liegt in einem nat\u00fcrlich gewachsenen Wald - direkt am wundersch\u00f6nen Faaker See. Die Natur bildet sehr individuelle M\u00f6glichkeiten f\u00fcr Euch zum Campen. B\u00e4ume, B\u00fcsche und Pflanzen bilden Ecken, Nischen, offene Fl\u00e4chen die alle ihre eigene Charakteristik, Gr\u00f6\u00dfe und Form haben. Ihr steht bei uns frei im lichten Wald \u2013 ohne strenge Parzellierung, ohne Platznummern \u2013 daf\u00fcr mit vielen schattenspendenden B\u00e4umen und Platz f\u00fcr Eure H\u00e4ngematte. Es gibt also kein Raster und das Gel\u00e4nde wird immer wieder neu adaptiert- je nachdem was Eure Anforderungen sind.<\/p><p>Die vielen B\u00e4ume sorgen f\u00fcr gutes Klima, angenehme Atmosph\u00e4re &amp; kuschelige Campingatmosph\u00e4re.<\/p><\/div>\n\t\t<div class=\"qodef-m-button qodef-qi-clear\">\n\t\t<a class=\"qodef-shortcode qodef-m qodef-qi-button qodef-html--link qodef-layout--textual qodef-type--standard qodef-icon--left qodef-hover--icon-move-horizontal-short\" href=\"\" target=\"_self\">\t<span class=\"qodef-m-text\"><\/span>\t<\/a>\t<\/div>\n<\/div>\n\t\t\t\t<\/div>\n\t\t\t\t<\/div>\n\t\t\t\t<div class=\"elementor-element elementor-element-885db07 elementor-widget elementor-widget-spacer\" data-id=\"885db07\" data-element_type=\"widget\" data-e-type=\"widget\" data-widget_type=\"spacer.default\">\n\t\t\t\t<div class=\"elementor-widget-container\">\n\t\t\t\t\t\t\t<div class=\"elementor-spacer\">\n\t\t\t<div class=\"elementor-spacer-inner\"><\/div>\n\t\t<\/div>\n\t\t\t\t\t\t<\/div>\n\t\t\t\t<\/div>\n\t\t\t\t<section class=\"elementor-section elementor-inner-section elementor-element elementor-element-069dae2 elementor-section-boxed elementor-section-height-default elementor-section-height-default qodef-elementor-content-no\" data-id=\"069dae2\" data-element_type=\"section\" data-e-type=\"section\">\n\t\t\t\t\t\t<div class=\"elementor-container elementor-column-gap-default\">\n\t\t\t\t\t<div class=\"elementor-column elementor-col-50 elementor-inner-column elementor-element elementor-element-01df8df\" data-id=\"01df8df\" data-element_type=\"column\" data-e-type=\"column\">\n\t\t\t<div class=\"elementor-widget-wrap\">\n\t\t\t\t\t\t\t<\/div>\n\t\t<\/div>\n\t\t\t\t<div class=\"elementor-column elementor-col-50 elementor-inner-column elementor-element elementor-element-c694298\" data-id=\"c694298\" data-element_type=\"column\" data-e-type=\"column\">\n\t\t\t<div class=\"elementor-widget-wrap\">\n\t\t\t\t\t\t\t<\/div>\n\t\t<\/div>\n\t\t\t\t\t<\/div>\n\t\t<\/section>\n\t\t\t\t<div class=\"elementor-element elementor-element-a03f981 elementor-widget elementor-widget-spacer\" data-id=\"a03f981\" data-element_type=\"widget\" data-e-type=\"widget\" data-widget_type=\"spacer.default\">\n\t\t\t\t<div class=\"elementor-widget-container\">\n\t\t\t\t\t\t\t<div class=\"elementor-spacer\">\n\t\t\t<div class=\"elementor-spacer-inner\"><\/div>\n\t\t<\/div>\n\t\t\t\t\t\t<\/div>\n\t\t\t\t<\/div>\n\t\t\t\t<div class=\"elementor-element elementor-element-9ffe627 elementor-widget elementor-widget-qi_addons_for_elementor_section_title\" data-id=\"9ffe627\" data-element_type=\"widget\" data-e-type=\"widget\" data-widget_type=\"qi_addons_for_elementor_section_title.default\">\n\t\t\t\t<div class=\"elementor-widget-container\">\n\t\t\t\t\t<div class=\"qodef-shortcode qodef-m qodef-qi-section-title qodef-decoration--italic qodef-link--underline-draw qodef-subtitle-icon--left\">\n\t\t\t\t<h5 class=\"qodef-m-subtitle\">\n\t\tLocker\t\t\t<\/h5>\n\t\t\t<h2 class=\"qodef-m-title\">\n\t\tReservierung\t<\/h2>\n\t\t\t<div class=\"qodef-m-text\"><p>Ihr k\u00f6nnt gerne bei uns Reservieren. Mit einer Reservierung weisen wir aber noch keinen bestimmten Platz zu, da es ja keine fix definierten Pl\u00e4tze gibt. Nach Ankunft zeigen wir Euch mehrere M\u00f6glichkeiten Euch hinzustellen, aus denen Ihr Euch Euren Favoriten aussuchen k\u00f6nnen. Unser Reservierungssystem ist sehr flexibel, seit vielen Jahren erfolgreich und bei unseren G\u00e4sten beliebt.<\/p><p>Eine Anzahlung ist nicht notwendig, Ihr k\u00f6nnt auch Euren Urlaub solange bei uns verbringen wie Ihr m\u00f6chtet, an einen fixen Abreisetermin m\u00fcsst Ihr Euch nicht halten. Solltet Ihr fr\u00fcher als geplant wieder abreisen, bezahlt ihr nur f\u00fcr die Zeit, die ihr tats\u00e4chlich bei uns ward.<br \/>Diese Flexibilit\u00e4t wird im Allgemeinen sehr gesch\u00e4tzt, kann aber auch dazu f\u00fchren, dass jemand neu Ankommender (au\u00dfer unseren G\u00e4sten mit Zelt nat\u00fcrlich) vielleicht eine Nacht auf seinen favorisierten Platz warten oder einmal umziehen muss.<\/p><p>\u00a0<\/p><\/div>\n\t\t<div class=\"qodef-m-button qodef-qi-clear\">\n\t\t<a class=\"qodef-shortcode qodef-m qodef-qi-button qodef-html--link qodef-layout--textual qodef-type--standard qodef-icon--left qodef-hover--icon-move-horizontal-short\" href=\"\" target=\"_self\">\t<span class=\"qodef-m-text\"><\/span>\t<\/a>\t<\/div>\n<\/div>\n\t\t\t\t<\/div>\n\t\t\t\t<\/div>\n\t\t\t\t<div class=\"elementor-element elementor-element-61aadb5 elementor-widget elementor-widget-qi_addons_for_elementor_dual_image_with_content\" data-id=\"61aadb5\" data-element_type=\"widget\" data-e-type=\"widget\" data-widget_type=\"qi_addons_for_elementor_dual_image_with_content.default\">\n\t\t\t\t<div class=\"elementor-widget-container\">\n\t\t\t\t\t<div class=\"qodef-shortcode qodef-m qodef-qi-dual-image-with-content qodef--content-left qodef-decoration--italic qodef-link--underline-draw qodef-qi--has-appear\">\n\t<div class=\"qodef-dual-content\">\n\t\t<div class=\"qodef-m-inner-content\">\n\t\t\t\t<h2 class=\"qodef-m-title\">\n\t\tAm Strand\t<\/h2>\n\t\t\t\t<p class=\"qodef-m-text\">Seit 70 Jahren campen Reisende im Uferwald unserer Familie. Wenn in den ersten Jahren alle Pl\u00e4tze belegt waren und neue G\u00e4ste ankamen, rodeten Sie ein St\u00fcck des Dickichts und schufen sich einen heimeligen Stellplatz \u2013 und damit unseren Campingplatz.\nEin bisschen ist das heute auch noch so - nach Eurer Ankunft gehen wir mit Euch auf Platzsuche im Uferwald - \u00e4hnlich wie die Pioniere vor 60 Jahren.\n<\/p>\n\t\t<\/div>\n\t\t<div class=\"qodef-m-inner-bottom\">\n\t\t\t\t\t<\/div>\n\t<\/div>\n\t<div class=\"qodef-image-holder\">\n\t\t<div class=\"qodef-m-main-image\">\n\t<img fetchpriority=\"high\" decoding=\"async\" width=\"1300\" height=\"650\" src=\"https:\/\/www.campinganderwald.at\/wp-content\/uploads\/2024\/01\/Ohne-Titel-6-1300x650.jpg\" class=\"attachment-qi_addons_for_elementor_image_size_landscape size-qi_addons_for_elementor_image_size_landscape\" alt=\"\" \/><\/div>\n\t\t<div class=\"qodef-m-second-image\">\n\t<\/div>\n\t<\/div>\n<\/div>\n\t\t\t\t<\/div>\n\t\t\t\t<\/div>\n\t\t\t\t<div class=\"elementor-element elementor-element-26f5dff elementor-widget elementor-widget-qi_addons_for_elementor_section_title\" data-id=\"26f5dff\" data-element_type=\"widget\" data-e-type=\"widget\" data-widget_type=\"qi_addons_for_elementor_section_title.default\">\n\t\t\t\t<div class=\"elementor-widget-container\">\n\t\t\t\t\t<div class=\"qodef-shortcode qodef-m qodef-qi-section-title qodef-decoration--italic qodef-link--underline-draw qodef-subtitle-icon--left\">\n\t\t\t\t\t\t\t\t<div class=\"qodef-m-text\"><p>Das sind wir und so wollen wir auch bleiben, denn Camping bedeutet f\u00fcr uns auch \"Freiheit und Spontanit\u00e4t\", ohne durch fixe Termine eingekerkert zu sein oder die Lust am Leben und der Natur nicht mehr zu erkennen, weil<br \/>man in einem \"Wald\" von Verbotsschildern die Sicht auf das wirklich Wichtige verliert.<br \/>Also, ankommen, loslassen und entspannen...;)<\/p><\/div>\n\t\t<div class=\"qodef-m-button qodef-qi-clear\">\n\t\t<a class=\"qodef-shortcode qodef-m qodef-qi-button qodef-html--link qodef-layout--textual qodef-type--standard qodef-icon--left qodef-hover--icon-move-horizontal-short\" href=\"\" target=\"_self\">\t<span class=\"qodef-m-text\"><\/span>\t<\/a>\t<\/div>\n<\/div>\n\t\t\t\t<\/div>\n\t\t\t\t<\/div>\n\t\t\t\t<section class=\"elementor-section elementor-inner-section elementor-element elementor-element-1718e38 elementor-section-boxed elementor-section-height-default elementor-section-height-default qodef-elementor-content-no\" data-id=\"1718e38\" data-element_type=\"section\" data-e-type=\"section\">\n\t\t\t\t\t\t<div class=\"elementor-container elementor-column-gap-default\">\n\t\t\t\t\t<div class=\"elementor-column elementor-col-50 elementor-inner-column elementor-element elementor-element-e402265\" data-id=\"e402265\" data-element_type=\"column\" data-e-type=\"column\">\n\t\t\t<div class=\"elementor-widget-wrap\">\n\t\t\t\t\t\t\t<\/div>\n\t\t<\/div>\n\t\t\t\t<div class=\"elementor-column elementor-col-50 elementor-inner-column elementor-element elementor-element-6780e32\" data-id=\"6780e32\" data-element_type=\"column\" data-e-type=\"column\">\n\t\t\t<div class=\"elementor-widget-wrap\">\n\t\t\t\t\t\t\t<\/div>\n\t\t<\/div>\n\t\t\t\t\t<\/div>\n\t\t<\/section>\n\t\t\t\t\t<\/div>\n\t\t<\/div>\n\t\t\t\t\t<\/div>\n\t\t<\/section>\n\t\t\t\t<section class=\"elementor-section elementor-top-section elementor-element elementor-element-e479295 elementor-section-full_width elementor-section-height-default elementor-section-height-default qodef-elementor-content-no\" data-id=\"e479295\" data-element_type=\"section\" data-e-type=\"section\">\n\t\t\t\t\t\t<div class=\"elementor-container elementor-column-gap-default\">\n\t\t\t\t\t<div class=\"elementor-column elementor-col-100 elementor-top-column elementor-element elementor-element-98fe950\" data-id=\"98fe950\" data-element_type=\"column\" data-e-type=\"column\">\n\t\t\t<div class=\"elementor-widget-wrap\">\n\t\t\t\t\t\t\t<\/div>\n\t\t<\/div>\n\t\t\t\t\t<\/div>\n\t\t<\/section>\n\t\t\t\t<section class=\"elementor-section elementor-top-section elementor-element elementor-element-b6f5076 elementor-section-boxed elementor-section-height-default elementor-section-height-default qodef-elementor-content-no\" data-id=\"b6f5076\" data-element_type=\"section\" data-e-type=\"section\">\n\t\t\t\t\t\t<div class=\"elementor-container elementor-column-gap-default\">\n\t\t\t\t\t<div class=\"elementor-column elementor-col-100 elementor-top-column elementor-element elementor-element-4a78e86\" data-id=\"4a78e86\" data-element_type=\"column\" data-e-type=\"column\">\n\t\t\t<div class=\"elementor-widget-wrap elementor-element-populated\">\n\t\t\t\t\t\t<div class=\"elementor-element elementor-element-892760e elementor-widget elementor-widget-spacer\" data-id=\"892760e\" data-element_type=\"widget\" data-e-type=\"widget\" data-widget_type=\"spacer.default\">\n\t\t\t\t<div class=\"elementor-widget-container\">\n\t\t\t\t\t\t\t<div class=\"elementor-spacer\">\n\t\t\t<div class=\"elementor-spacer-inner\"><\/div>\n\t\t<\/div>\n\t\t\t\t\t\t<\/div>\n\t\t\t\t<\/div>\n\t\t\t\t\t<\/div>\n\t\t<\/div>\n\t\t\t\t\t<\/div>\n\t\t<\/section>\n\t\t\t\t<\/div>\n\t\t","protected":false},"excerpt":{"rendered":"<p>Freiheit Campingplatz Unser Campingplatz liegt in einem nat\u00fcrlich gewachsenen Wald &#8211; direkt am wundersch\u00f6nen Faaker See. Die Natur bildet sehr individuelle M\u00f6glichkeiten f\u00fcr Euch zum Campen. B\u00e4ume, B\u00fcsche und Pflanzen bilden Ecken, Nischen, offene Fl\u00e4chen die alle ihre eigene Charakteristik, Gr\u00f6\u00dfe und Form haben. Ihr steht bei uns frei im lichten Wald \u2013 ohne strenge [&hellip;]<\/p>\n","protected":false},"author":2,"featured_media":0,"parent":0,"menu_order":0,"comment_status":"closed","ping_status":"closed","template":"page-full-width.php","meta":{"footnotes":""},"class_list":["post-1186","page","type-page","status-publish","hentry"],"yoast_head":"<!-- This site is optimized with the Yoast SEO plugin v27.5 - https:\/\/yoast.com\/product\/yoast-seo-wordpress\/ -->\n<title>Unser Campingplatz - Camping Anderwald<\/title>\n<meta name=\"robots\" content=\"index, follow, max-snippet:-1, max-image-preview:large, max-video-preview:-1\" \/>\n<link rel=\"canonical\" href=\"https:\/\/www.campinganderwald.at\/de\/campingplatz\/\" \/>\n<meta property=\"og:locale\" content=\"de_DE\" \/>\n<meta property=\"og:type\" content=\"article\" \/>\n<meta property=\"og:title\" content=\"Unser Campingplatz - Camping Anderwald\" \/>\n<meta property=\"og:description\" content=\"Freiheit Campingplatz Unser Campingplatz liegt in einem nat\u00fcrlich gewachsenen Wald &#8211; direkt am wundersch\u00f6nen Faaker See. Die Natur bildet sehr individuelle M\u00f6glichkeiten f\u00fcr Euch zum Campen. B\u00e4ume, B\u00fcsche und Pflanzen bilden Ecken, Nischen, offene Fl\u00e4chen die alle ihre eigene Charakteristik, Gr\u00f6\u00dfe und Form haben. Ihr steht bei uns frei im lichten Wald \u2013 ohne strenge [&hellip;]\" \/>\n<meta property=\"og:url\" content=\"https:\/\/www.campinganderwald.at\/de\/campingplatz\/\" \/>\n<meta property=\"og:site_name\" content=\"Camping Anderwald\" \/>\n<meta property=\"article:modified_time\" content=\"2024-01-14T11:54:51+00:00\" \/>\n<meta property=\"og:image\" content=\"https:\/\/www.campinganderwald.at\/wp-content\/uploads\/2024\/01\/Ohne-Titel-6-1300x650.jpg\" \/>\n<meta name=\"twitter:card\" content=\"summary_large_image\" \/>\n<meta name=\"twitter:label1\" content=\"Gesch\u00e4tzte Lesezeit\" \/>\n\t<meta name=\"twitter:data1\" content=\"3\u00a0Minuten\" \/>\n<script type=\"application\/ld+json\" class=\"yoast-schema-graph\">{\"@context\":\"https:\\\/\\\/schema.org\",\"@graph\":[{\"@type\":\"WebPage\",\"@id\":\"https:\\\/\\\/www.campinganderwald.at\\\/de\\\/campingplatz\\\/\",\"url\":\"https:\\\/\\\/www.campinganderwald.at\\\/de\\\/campingplatz\\\/\",\"name\":\"Unser Campingplatz - Camping Anderwald\",\"isPartOf\":{\"@id\":\"https:\\\/\\\/www.campinganderwald.at\\\/de\\\/#website\"},\"primaryImageOfPage\":{\"@id\":\"https:\\\/\\\/www.campinganderwald.at\\\/de\\\/campingplatz\\\/#primaryimage\"},\"image\":{\"@id\":\"https:\\\/\\\/www.campinganderwald.at\\\/de\\\/campingplatz\\\/#primaryimage\"},\"thumbnailUrl\":\"https:\\\/\\\/www.campinganderwald.at\\\/wp-content\\\/uploads\\\/2024\\\/01\\\/Ohne-Titel-6-1300x650.jpg\",\"datePublished\":\"2021-06-09T09:00:27+00:00\",\"dateModified\":\"2024-01-14T11:54:51+00:00\",\"breadcrumb\":{\"@id\":\"https:\\\/\\\/www.campinganderwald.at\\\/de\\\/campingplatz\\\/#breadcrumb\"},\"inLanguage\":\"de\",\"potentialAction\":[{\"@type\":\"ReadAction\",\"target\":[\"https:\\\/\\\/www.campinganderwald.at\\\/de\\\/campingplatz\\\/\"]}]},{\"@type\":\"ImageObject\",\"inLanguage\":\"de\",\"@id\":\"https:\\\/\\\/www.campinganderwald.at\\\/de\\\/campingplatz\\\/#primaryimage\",\"url\":\"https:\\\/\\\/www.campinganderwald.at\\\/wp-content\\\/uploads\\\/2024\\\/01\\\/Ohne-Titel-6-1300x650.jpg\",\"contentUrl\":\"https:\\\/\\\/www.campinganderwald.at\\\/wp-content\\\/uploads\\\/2024\\\/01\\\/Ohne-Titel-6-1300x650.jpg\"},{\"@type\":\"BreadcrumbList\",\"@id\":\"https:\\\/\\\/www.campinganderwald.at\\\/de\\\/campingplatz\\\/#breadcrumb\",\"itemListElement\":[{\"@type\":\"ListItem\",\"position\":1,\"name\":\"Startseite\",\"item\":\"https:\\\/\\\/www.campinganderwald.at\\\/de\\\/\"},{\"@type\":\"ListItem\",\"position\":2,\"name\":\"Unser Campingplatz\"}]},{\"@type\":\"WebSite\",\"@id\":\"https:\\\/\\\/www.campinganderwald.at\\\/de\\\/#website\",\"url\":\"https:\\\/\\\/www.campinganderwald.at\\\/de\\\/\",\"name\":\"Camping Anderwald\",\"description\":\"Unser Campingplatz liegt direkt am Faaker See in K\u00e4rnten, eingebettet in die traumhafte Kulisse der das gesamte Gebiet umgebenden Karawanken. Der Faaker See ist nicht nur der s\u00fcdlichste Badesee K\u00e4rntens, er ist auch einer der...\",\"publisher\":{\"@id\":\"https:\\\/\\\/www.campinganderwald.at\\\/de\\\/#organization\"},\"potentialAction\":[{\"@type\":\"SearchAction\",\"target\":{\"@type\":\"EntryPoint\",\"urlTemplate\":\"https:\\\/\\\/www.campinganderwald.at\\\/de\\\/?s={search_term_string}\"},\"query-input\":{\"@type\":\"PropertyValueSpecification\",\"valueRequired\":true,\"valueName\":\"search_term_string\"}}],\"inLanguage\":\"de\"},{\"@type\":\"Organization\",\"@id\":\"https:\\\/\\\/www.campinganderwald.at\\\/de\\\/#organization\",\"name\":\"Camping Anderwald\",\"url\":\"https:\\\/\\\/www.campinganderwald.at\\\/de\\\/\",\"logo\":{\"@type\":\"ImageObject\",\"inLanguage\":\"de\",\"@id\":\"https:\\\/\\\/www.campinganderwald.at\\\/de\\\/#\\\/schema\\\/logo\\\/image\\\/\",\"url\":\"https:\\\/\\\/www.campinganderwald.at\\\/wp-content\\\/uploads\\\/2022\\\/01\\\/campingAnderwald-logo.svg\",\"contentUrl\":\"https:\\\/\\\/www.campinganderwald.at\\\/wp-content\\\/uploads\\\/2022\\\/01\\\/campingAnderwald-logo.svg\",\"caption\":\"Camping Anderwald\"},\"image\":{\"@id\":\"https:\\\/\\\/www.campinganderwald.at\\\/de\\\/#\\\/schema\\\/logo\\\/image\\\/\"}}]}<\/script>\n<!-- \/ Yoast SEO plugin. -->","yoast_head_json":{"title":"Unser Campingplatz - Camping Anderwald","robots":{"index":"index","follow":"follow","max-snippet":"max-snippet:-1","max-image-preview":"max-image-preview:large","max-video-preview":"max-video-preview:-1"},"canonical":"https:\/\/www.campinganderwald.at\/de\/campingplatz\/","og_locale":"de_DE","og_type":"article","og_title":"Unser Campingplatz - Camping Anderwald","og_description":"Freiheit Campingplatz Unser Campingplatz liegt in einem nat\u00fcrlich gewachsenen Wald &#8211; direkt am wundersch\u00f6nen Faaker See. Die Natur bildet sehr individuelle M\u00f6glichkeiten f\u00fcr Euch zum Campen. B\u00e4ume, B\u00fcsche und Pflanzen bilden Ecken, Nischen, offene Fl\u00e4chen die alle ihre eigene Charakteristik, Gr\u00f6\u00dfe und Form haben. Ihr steht bei uns frei im lichten Wald \u2013 ohne strenge [&hellip;]","og_url":"https:\/\/www.campinganderwald.at\/de\/campingplatz\/","og_site_name":"Camping Anderwald","article_modified_time":"2024-01-14T11:54:51+00:00","og_image":[{"url":"https:\/\/www.campinganderwald.at\/wp-content\/uploads\/2024\/01\/Ohne-Titel-6-1300x650.jpg","type":"","width":"","height":""}],"twitter_card":"summary_large_image","twitter_misc":{"Gesch\u00e4tzte Lesezeit":"3\u00a0Minuten"},"schema":{"@context":"https:\/\/schema.org","@graph":[{"@type":"WebPage","@id":"https:\/\/www.campinganderwald.at\/de\/campingplatz\/","url":"https:\/\/www.campinganderwald.at\/de\/campingplatz\/","name":"Unser Campingplatz - Camping Anderwald","isPartOf":{"@id":"https:\/\/www.campinganderwald.at\/de\/#website"},"primaryImageOfPage":{"@id":"https:\/\/www.campinganderwald.at\/de\/campingplatz\/#primaryimage"},"image":{"@id":"https:\/\/www.campinganderwald.at\/de\/campingplatz\/#primaryimage"},"thumbnailUrl":"https:\/\/www.campinganderwald.at\/wp-content\/uploads\/2024\/01\/Ohne-Titel-6-1300x650.jpg","datePublished":"2021-06-09T09:00:27+00:00","dateModified":"2024-01-14T11:54:51+00:00","breadcrumb":{"@id":"https:\/\/www.campinganderwald.at\/de\/campingplatz\/#breadcrumb"},"inLanguage":"de","potentialAction":[{"@type":"ReadAction","target":["https:\/\/www.campinganderwald.at\/de\/campingplatz\/"]}]},{"@type":"ImageObject","inLanguage":"de","@id":"https:\/\/www.campinganderwald.at\/de\/campingplatz\/#primaryimage","url":"https:\/\/www.campinganderwald.at\/wp-content\/uploads\/2024\/01\/Ohne-Titel-6-1300x650.jpg","contentUrl":"https:\/\/www.campinganderwald.at\/wp-content\/uploads\/2024\/01\/Ohne-Titel-6-1300x650.jpg"},{"@type":"BreadcrumbList","@id":"https:\/\/www.campinganderwald.at\/de\/campingplatz\/#breadcrumb","itemListElement":[{"@type":"ListItem","position":1,"name":"Startseite","item":"https:\/\/www.campinganderwald.at\/de\/"},{"@type":"ListItem","position":2,"name":"Unser Campingplatz"}]},{"@type":"WebSite","@id":"https:\/\/www.campinganderwald.at\/de\/#website","url":"https:\/\/www.campinganderwald.at\/de\/","name":"Camping Anderwald","description":"Unser Campingplatz liegt direkt am Faaker See in K\u00e4rnten, eingebettet in die traumhafte Kulisse der das gesamte Gebiet umgebenden Karawanken. Der Faaker See ist nicht nur der s\u00fcdlichste Badesee K\u00e4rntens, er ist auch einer der...","publisher":{"@id":"https:\/\/www.campinganderwald.at\/de\/#organization"},"potentialAction":[{"@type":"SearchAction","target":{"@type":"EntryPoint","urlTemplate":"https:\/\/www.campinganderwald.at\/de\/?s={search_term_string}"},"query-input":{"@type":"PropertyValueSpecification","valueRequired":true,"valueName":"search_term_string"}}],"inLanguage":"de"},{"@type":"Organization","@id":"https:\/\/www.campinganderwald.at\/de\/#organization","name":"Camping Anderwald","url":"https:\/\/www.campinganderwald.at\/de\/","logo":{"@type":"ImageObject","inLanguage":"de","@id":"https:\/\/www.campinganderwald.at\/de\/#\/schema\/logo\/image\/","url":"https:\/\/www.campinganderwald.at\/wp-content\/uploads\/2022\/01\/campingAnderwald-logo.svg","contentUrl":"https:\/\/www.campinganderwald.at\/wp-content\/uploads\/2022\/01\/campingAnderwald-logo.svg","caption":"Camping Anderwald"},"image":{"@id":"https:\/\/www.campinganderwald.at\/de\/#\/schema\/logo\/image\/"}}]}},"_links":{"self":[{"href":"https:\/\/www.campinganderwald.at\/de\/wp-json\/wp\/v2\/pages\/1186","targetHints":{"allow":["GET"]}}],"collection":[{"href":"https:\/\/www.campinganderwald.at\/de\/wp-json\/wp\/v2\/pages"}],"about":[{"href":"https:\/\/www.campinganderwald.at\/de\/wp-json\/wp\/v2\/types\/page"}],"author":[{"embeddable":true,"href":"https:\/\/www.campinganderwald.at\/de\/wp-json\/wp\/v2\/users\/2"}],"replies":[{"embeddable":true,"href":"https:\/\/www.campinganderwald.at\/de\/wp-json\/wp\/v2\/comments?post=1186"}],"version-history":[{"count":3,"href":"https:\/\/www.campinganderwald.at\/de\/wp-json\/wp\/v2\/pages\/1186\/revisions"}],"predecessor-version":[{"id":11581,"href":"https:\/\/www.campinganderwald.at\/de\/wp-json\/wp\/v2\/pages\/1186\/revisions\/11581"}],"wp:attachment":[{"href":"https:\/\/www.campinganderwald.at\/de\/wp-json\/wp\/v2\/media?parent=1186"}],"curies":[{"name":"wp","href":"https:\/\/api.w.org\/{rel}","templated":true}]}}