{"id":1667,"date":"2022-02-20T13:18:48","date_gmt":"2022-02-20T12:18:48","guid":{"rendered":"https:\/\/www.campinganderwald.at\/?page_id=1667"},"modified":"2025-12-22T10:54:34","modified_gmt":"2025-12-22T09:54:34","slug":"berge-erlebnis","status":"publish","type":"page","link":"https:\/\/www.campinganderwald.at\/de\/berge-erlebnis\/","title":{"rendered":"Berg"},"content":{"rendered":"\t\t<div data-elementor-type=\"wp-page\" data-elementor-id=\"1667\" class=\"elementor elementor-1667\" data-elementor-post-type=\"page\">\n\t\t\t\t\t\t<section class=\"elementor-section elementor-top-section elementor-element elementor-element-ed5d843 elementor-section-boxed elementor-section-height-default elementor-section-height-default qodef-elementor-content-no\" data-id=\"ed5d843\" data-element_type=\"section\" data-e-type=\"section\">\n\t\t\t\t\t\t<div class=\"elementor-container elementor-column-gap-default\">\n\t\t\t\t\t<div class=\"elementor-column elementor-col-100 elementor-top-column elementor-element elementor-element-b142fe4\" data-id=\"b142fe4\" data-element_type=\"column\" data-e-type=\"column\">\n\t\t\t<div class=\"elementor-widget-wrap elementor-element-populated\">\n\t\t\t\t\t\t<div class=\"elementor-element elementor-element-c679879 elementor-widget elementor-widget-qi_addons_for_elementor_section_title\" data-id=\"c679879\" data-element_type=\"widget\" data-e-type=\"widget\" data-widget_type=\"qi_addons_for_elementor_section_title.default\">\n\t\t\t\t<div class=\"elementor-widget-container\">\n\t\t\t\t\t<div class=\"qodef-shortcode qodef-m qodef-qi-section-title qodef-decoration--italic qodef-link--underline-draw qodef-subtitle-icon--left\">\n\t\t\t\t<h5 class=\"qodef-m-subtitle\">\n\t\tMitten drinnen.\t\t\t<\/h5>\n\t\t\t<h2 class=\"qodef-m-title\">\n\t\tBerge \t<\/h2>\n\t\t\t<div class=\"qodef-m-text\"><p>Unser Campingplatz liegt direkt am See \u2013 umrahmt von den imposanten Bergen der Karawanken. Diese Gebirgskette verbindet uns mit Slowenien (Luftlinie nur 5km) und etwas weiter westlich mit Italien. Die Karawanken sind wenig erschlossene, naturbelassene Berge \u2013 es gibt kaum Seilbahnen oder Panoramastra\u00dfen \u2013 perfekt f\u00fcr spannende, einsame Bergtouren. Auch die sanften Nockberge sind Nahe und bieten ganz andere Tourenm\u00f6glichkeiten. 22km entfernt ist der Triglav (2864m, Julische Alpen) und nicht viel weiter ist mit dem Mangart (2677m Julische Alpen) der n\u00e4chste spannende Berggipfel. Rund um uns gibt es also eine Riesenauswahl an spannenden Touren.<\/p><\/div>\n\t<\/div>\n\t\t\t\t<\/div>\n\t\t\t\t<\/div>\n\t\t\t\t\t<\/div>\n\t\t<\/div>\n\t\t\t\t\t<\/div>\n\t\t<\/section>\n\t\t\t\t<section class=\"elementor-section elementor-top-section elementor-element elementor-element-573b9a2 elementor-section-full_width elementor-section-height-default elementor-section-height-default qodef-elementor-content-no\" data-id=\"573b9a2\" data-element_type=\"section\" data-e-type=\"section\">\n\t\t\t\t\t\t<div class=\"elementor-container elementor-column-gap-default\">\n\t\t\t\t\t<div class=\"elementor-column elementor-col-100 elementor-top-column elementor-element elementor-element-d7c0207\" data-id=\"d7c0207\" data-element_type=\"column\" data-e-type=\"column\">\n\t\t\t<div class=\"elementor-widget-wrap\">\n\t\t\t\t\t\t\t<\/div>\n\t\t<\/div>\n\t\t\t\t\t<\/div>\n\t\t<\/section>\n\t\t\t\t<section class=\"elementor-section elementor-top-section elementor-element elementor-element-258ec40 elementor-section-boxed elementor-section-height-default elementor-section-height-default qodef-elementor-content-no\" data-id=\"258ec40\" data-element_type=\"section\" data-e-type=\"section\">\n\t\t\t\t\t\t<div class=\"elementor-container elementor-column-gap-default\">\n\t\t\t\t\t<div class=\"elementor-column elementor-col-100 elementor-top-column elementor-element elementor-element-5448853\" data-id=\"5448853\" data-element_type=\"column\" data-e-type=\"column\">\n\t\t\t<div class=\"elementor-widget-wrap elementor-element-populated\">\n\t\t\t\t\t\t<div class=\"elementor-element elementor-element-8216020 elementor-widget elementor-widget-spacer\" data-id=\"8216020\" data-element_type=\"widget\" data-e-type=\"widget\" data-widget_type=\"spacer.default\">\n\t\t\t\t<div class=\"elementor-widget-container\">\n\t\t\t\t\t\t\t<div class=\"elementor-spacer\">\n\t\t\t<div class=\"elementor-spacer-inner\"><\/div>\n\t\t<\/div>\n\t\t\t\t\t\t<\/div>\n\t\t\t\t<\/div>\n\t\t\t\t\t<\/div>\n\t\t<\/div>\n\t\t\t\t\t<\/div>\n\t\t<\/section>\n\t\t\t\t<section class=\"elementor-section elementor-top-section elementor-element elementor-element-27abcd7 elementor-section-boxed elementor-section-height-default elementor-section-height-default qodef-elementor-content-no\" data-id=\"27abcd7\" data-element_type=\"section\" data-e-type=\"section\">\n\t\t\t\t\t\t<div class=\"elementor-container elementor-column-gap-default\">\n\t\t\t\t\t<div class=\"elementor-column elementor-col-50 elementor-top-column elementor-element elementor-element-da70de1\" data-id=\"da70de1\" data-element_type=\"column\" data-e-type=\"column\">\n\t\t\t<div class=\"elementor-widget-wrap elementor-element-populated\">\n\t\t\t\t\t\t<div class=\"elementor-element elementor-element-9496ef4 elementor-widget elementor-widget-qi_addons_for_elementor_icon_with_text\" data-id=\"9496ef4\" data-element_type=\"widget\" data-e-type=\"widget\" data-widget_type=\"qi_addons_for_elementor_icon_with_text.default\">\n\t\t\t\t<div class=\"elementor-widget-container\">\n\t\t\t\t\t<div class=\"qodef-shortcode qodef-m qodef-qi-icon-with-text qodef-layout--before-content qodef--icon-pack qodef-column-responsive--never\" >\n\t\t\t<div class=\"qodef-m-icon-wrapper\">\n\t\t\t\t<div class=\"qodef-m-icon-holder\">\n\t\t<i aria-hidden=\"true\" class=\"fas fa-hiking\"><\/i>\t<\/div>\n\t\t<\/div>\n\t\t<div class=\"qodef-m-content\">\n\t\t\t<h4 class=\"qodef-m-title\">\n\t\t\t\t\t<span class=\"qodef-m-title-text\">Wandern und Bergtouren<\/span>\n\t\t\t<\/h4>\n\t\t\t\t\t<div class=\"qodef-m-text\"><p>Berge waren schon immer ein hei\u00dfes Thema - fr\u00fcher gingen die Leute zu Fu\u00df vom Campingplatz auf den Mittagskogel \u2013 und heute? Machen Sie das auch noch so ;-).<\/p><p>An uns f\u00fchrt auch der Alpe Adria Trail (Weitwanderweg ans Meer) vorbei. Viele Touren lassen sich hier oder ganz in der N\u00e4he starten.<\/p><\/div>\n\t\t\t<div class=\"qodef-m-button qodef-qi-clear\">\n\t\t<a class=\"qodef-shortcode qodef-m qodef-qi-button qodef-html--link qodef-layout--filled qodef-type--standard qodef-icon--left qodef-hover--icon-move-horizontal-short qodef-text-underline qodef-underline--left\" href=\"\" target=\"_self\">\t<span class=\"qodef-m-text\">Weitere Infos<\/span>\t\t<span class=\"qodef-m-icon\">\t\t<span class=\"qodef-m-icon-inner\">\t\t\t<i aria-hidden=\"true\" class=\"fas fa-info\"><\/i>\t\t\t\t\t<\/span>\t<\/span><\/a>\t<\/div>\n\t<\/div>\n<\/div>\n\t\t\t\t<\/div>\n\t\t\t\t<\/div>\n\t\t\t\t\t<\/div>\n\t\t<\/div>\n\t\t\t\t<div class=\"elementor-column elementor-col-50 elementor-top-column elementor-element elementor-element-0123d7f\" data-id=\"0123d7f\" data-element_type=\"column\" data-e-type=\"column\">\n\t\t\t<div class=\"elementor-widget-wrap elementor-element-populated\">\n\t\t\t\t\t\t<div class=\"elementor-element elementor-element-15a7767 elementor-widget elementor-widget-qi_addons_for_elementor_icon_with_text\" data-id=\"15a7767\" data-element_type=\"widget\" data-e-type=\"widget\" data-widget_type=\"qi_addons_for_elementor_icon_with_text.default\">\n\t\t\t\t<div class=\"elementor-widget-container\">\n\t\t\t\t\t<div class=\"qodef-shortcode qodef-m qodef-qi-icon-with-text qodef-layout--before-content qodef--icon-pack qodef-column-responsive--never\" >\n\t\t\t<div class=\"qodef-m-icon-wrapper\">\n\t\t\t\t<div class=\"qodef-m-icon-holder\">\n\t\t<i aria-hidden=\"true\" class=\"fas fa-bicycle\"><\/i>\t<\/div>\n\t\t<\/div>\n\t\t<div class=\"qodef-m-content\">\n\t\t\t<h4 class=\"qodef-m-title\">\n\t\t\t\t\t<span class=\"qodef-m-title-text\">Mountainbike<\/span>\n\t\t\t<\/h4>\n\t\t\t\t\t<div class=\"qodef-m-text\"><p>Wir sind offizielles lake.bike Basecamp.<br \/>Direkt von Eurem Zelt k\u00f6nnt Ihr per fast immer autofreier Transferwege zu den Trails und zum Trailcenter beim Baumgartnerhof.<\/p><p>Dazu gef\u00fchrte Touren, geheimtipps, Kartenmaterial, Shuttleservice, Radwaschplatz etc.<\/p><\/div>\n\t\t\t<div class=\"qodef-m-button qodef-qi-clear\">\n\t\t<a class=\"qodef-shortcode qodef-m qodef-qi-button qodef-html--link qodef-layout--filled qodef-type--standard qodef-icon--left qodef-hover--icon-move-horizontal-short qodef-text-underline qodef-underline--left\" href=\"\/mountainbike\" target=\"_self\">\t<span class=\"qodef-m-text\">Weitere Infos<\/span>\t\t<span class=\"qodef-m-icon\">\t\t<span class=\"qodef-m-icon-inner\">\t\t\t<i aria-hidden=\"true\" class=\"fas fa-info\"><\/i>\t\t\t\t\t<\/span>\t<\/span><\/a>\t<\/div>\n\t<\/div>\n<\/div>\n\t\t\t\t<\/div>\n\t\t\t\t<\/div>\n\t\t\t\t\t<\/div>\n\t\t<\/div>\n\t\t\t\t\t<\/div>\n\t\t<\/section>\n\t\t\t\t<section class=\"elementor-section elementor-top-section elementor-element elementor-element-71b0f5a elementor-section-boxed elementor-section-height-default elementor-section-height-default qodef-elementor-content-no\" data-id=\"71b0f5a\" data-element_type=\"section\" data-e-type=\"section\">\n\t\t\t\t\t\t<div class=\"elementor-container elementor-column-gap-default\">\n\t\t\t\t\t<div class=\"elementor-column elementor-col-50 elementor-top-column elementor-element elementor-element-0a7f75b\" data-id=\"0a7f75b\" data-element_type=\"column\" data-e-type=\"column\">\n\t\t\t<div class=\"elementor-widget-wrap elementor-element-populated\">\n\t\t\t\t\t\t<div class=\"elementor-element elementor-element-3eb68c6 elementor-widget elementor-widget-qi_addons_for_elementor_icon_with_text\" data-id=\"3eb68c6\" data-element_type=\"widget\" data-e-type=\"widget\" data-widget_type=\"qi_addons_for_elementor_icon_with_text.default\">\n\t\t\t\t<div class=\"elementor-widget-container\">\n\t\t\t\t\t<div class=\"qodef-shortcode qodef-m qodef-qi-icon-with-text qodef-layout--before-title qodef--custom-icon\" >\n\t<div class=\"qodef-m-content\">\n\t\t\t<h4 class=\"qodef-m-title\">\n\t\t\t\t\t<span class=\"qodef-m-title-inner\">\n\t\t\t\t\t\t\t\t\t<span class=\"qodef-m-icon-wrapper\">\n\t\t\t\t\t\t<div class=\"qodef-m-icon-holder\">\n\t<svg xmlns=\"http:\/\/www.w3.org\/2000\/svg\" width=\"124.759\" height=\"74.434\" viewBox=\"0 0 124.759 74.434\"><path id=\"activity_hike\" d=\"M96.991,334.739l4.121-4.023,1.89-3.478,2.914-2.89,11.9,2.089m0,0,3.254,4.205m0,0,1.14,1.476,8.054,3.869,8.3,7.762,5.9,2.287,2.068,3.094m-44.341-20.4-4.673.626-6.25-2.157-5.388.333-1.473,2.387-2.023.878m0,0-2.755,1.224m0,0-1.665.732-4.812,4.758M37.883,305.655l-2.835.759a4.408,4.408,0,0,0-1.76,2.6l.519,16.307a2.352,2.352,0,0,0,.947,2.113l4.554.414m29.672-12.975L65.99,347.854m4.085-45.05-.528,5.827M127.868,357.8l-14.637-12.555-8.627-2.687-3.712-4.276-8.517-1.791-3.768-.01-4.749,3.79-6.225,1.244-5.352,6.318-10.135.178-3.5,4.5-18.567-.336-2.108,4.738-10.32-.083-3.93,6.577m20.709-56.9s9.348.737,10.8,1.8l4.617,4.831L67.3,309.4l.653-.8,2.828-.214.809.858-.483,4.478L59.31,319.908l-.922-.428L55,316.28l-.677.382-1.721,7.717.426,1.2,7.861,1.907a3.359,3.359,0,0,1,2.154,3.7l-3.88,19.382c-.883,2.541-6.536,1.833-6.016.042a107.779,107.779,0,0,1,2.275-15.9,41.184,41.184,0,0,1-7.068-1.4l-1.092.483-8.754,21.563c-1.41,2.216-7.011,1.848-6.4-.205l4.775-15.691,3.369-14.6-.105-11.012L36.595,301a1.93,1.93,0,0,1,.923-2.2c3.026-1.508,10.3-5.013,14.025-5.762,4.772-.962,4.5-.305,4.972.8s-.559,1.224-2.162,1.93a83.6,83.6,0,0,0-11.593,6.477l-.031.519,1.707,3.731Zm.706-5.626a6.318,6.318,0,0,0,4.484,2.831c2.4.245,4.441-.69,5.172-3.154a19.119,19.119,0,0,0,.456-5.807m-.91-2.144c-.058-.318-.814-.862-.982-.962-2.99-1.778-8.974-1.2-9.286,3.039-.012.178-.018.387-.015.619m84.807,4.963h-6.532M135.95,306.5H123.96m-15.5,4.707a8.819,8.819,0,1,0-2.135-5.753M112.2,306.5H94.216m2.608-5.371H83.387m20.56-4.748H97.415m-52.965,10.3c1.881,1.945.928,14.01-4.194,18.182m13.778-16.9c1.032.977,1.21,4.74.317,8.571\" transform=\"translate(-22.755 -289.944)\" fill=\"none\" stroke=\"#446851\" stroke-linecap=\"round\" stroke-linejoin=\"round\" stroke-miterlimit=\"22.926\" stroke-width=\"1.417\" fill-rule=\"evenodd\"><\/path><\/svg><\/div>\n\t\t\t\t\t<\/span>\n\t\t\t\t\t\t\t\t<span class=\"qodef-m-title-text\">\n\t\t\t\t\tBergschule\t\t\t\t<\/span>\n\t\t\t<\/span>\n\t\t\t<\/h4>\n\t\t\t\t\t<div class=\"qodef-m-text\"><p>Wir lieben alles was man in den Bergen machen kann &amp; mit der Alpinschule Hilghlife haben wir eine Bergschule direkt vor Ort. <a href=\"\/canyonin\/canyoning\">Canyoning<\/a>, Klettern, Klettersteig, gef\u00fchrte Wandertouren je in 3 Levels. F\u00fcr Einsteiger, Fortgeschrittene &amp; Profis.<\/p><\/div>\n\t\t\t<div class=\"qodef-m-button qodef-qi-clear\">\n\t\t<a class=\"qodef-shortcode qodef-m qodef-qi-button qodef-html--link qodef-layout--filled qodef-type--standard qodef-icon--right qodef-hover--icon-move-horizontal-short\" href=\"\/bergschule\" target=\"_self\">\t<span class=\"qodef-m-text\">i Weitere Infos<\/span>\t<\/a>\t<\/div>\n\t<\/div>\n<\/div>\n\t\t\t\t<\/div>\n\t\t\t\t<\/div>\n\t\t\t\t\t<\/div>\n\t\t<\/div>\n\t\t\t\t<div class=\"elementor-column elementor-col-50 elementor-top-column elementor-element elementor-element-b80d8d9\" data-id=\"b80d8d9\" data-element_type=\"column\" data-e-type=\"column\">\n\t\t\t<div class=\"elementor-widget-wrap elementor-element-populated\">\n\t\t\t\t\t\t<div class=\"elementor-element elementor-element-7e2e5a0 elementor-widget elementor-widget-qi_addons_for_elementor_icon_with_text\" data-id=\"7e2e5a0\" data-element_type=\"widget\" data-e-type=\"widget\" data-widget_type=\"qi_addons_for_elementor_icon_with_text.default\">\n\t\t\t\t<div class=\"elementor-widget-container\">\n\t\t\t\t\t<div class=\"qodef-shortcode qodef-m qodef-qi-icon-with-text qodef-layout--before-content qodef--icon-pack qodef-column-responsive--never\" >\n\t\t\t<div class=\"qodef-m-icon-wrapper\">\n\t\t\t\t<div class=\"qodef-m-icon-holder\">\n\t\t<i aria-hidden=\"true\" class=\"fas fa-mountain\"><\/i>\t<\/div>\n\t\t<\/div>\n\t\t<div class=\"qodef-m-content\">\n\t\t\t<h4 class=\"qodef-m-title\">\n\t\t\t\t\t<span class=\"qodef-m-title-text\">Klettern, Klettersteig <\/span>\n\t\t\t<\/h4>\n\t\t\t\t\t<div class=\"qodef-m-text\"><p>5km Luftlinie von uns ist der Kanzianiberg. Der Kanzi ist eines der gr\u00f6\u00dften Klettergebiete \u00d6sterreichs mit vielen Sportkletterrouten, Klettersteigen und Boulderm\u00f6glichkeiten- Topos und Tipps f\u00fcr weitere Klettersteige und Kletterfelsen gibt es bei uns.<\/p><\/div>\n\t\t\t<div class=\"qodef-m-button qodef-qi-clear\">\n\t\t<a class=\"qodef-shortcode qodef-m qodef-qi-button qodef-html--link qodef-layout--filled qodef-type--standard qodef-icon--left qodef-hover--icon-move-horizontal-short qodef-text-underline qodef-underline--left\" href=\"\" target=\"_self\">\t<span class=\"qodef-m-text\">Weitere Infos<\/span>\t\t<span class=\"qodef-m-icon\">\t\t<span class=\"qodef-m-icon-inner\">\t\t\t<i aria-hidden=\"true\" class=\"fas fa-info\"><\/i>\t\t\t\t\t<\/span>\t<\/span><\/a>\t<\/div>\n\t<\/div>\n<\/div>\n\t\t\t\t<\/div>\n\t\t\t\t<\/div>\n\t\t\t\t<div class=\"elementor-element elementor-element-297791d elementor-widget elementor-widget-qi_addons_for_elementor_icon_with_text\" data-id=\"297791d\" data-element_type=\"widget\" data-e-type=\"widget\" data-widget_type=\"qi_addons_for_elementor_icon_with_text.default\">\n\t\t\t\t<div class=\"elementor-widget-container\">\n\t\t\t\t\t<div class=\"qodef-shortcode qodef-m qodef-qi-icon-with-text qodef-layout--before-content qodef--icon-pack qodef-column-responsive--never\" >\n\t\t\t<div class=\"qodef-m-icon-wrapper\">\n\t\t\t\t<div class=\"qodef-m-icon-holder\">\n\t\t<i aria-hidden=\"true\" class=\"fas fa-walking\"><\/i>\t<\/div>\n\t\t<\/div>\n\t\t<div class=\"qodef-m-content\">\n\t\t\t<h4 class=\"qodef-m-title\">\n\t\t\t\t\t<span class=\"qodef-m-title-text\">Ausfl\u00fcge<\/span>\n\t\t\t<\/h4>\n\t\t\t\t\t<div class=\"qodef-m-text\"><p>Ganz nah (nur enige Autominuten entfernt) gibt es die Gerlitze (Gondel), den Dobratsch (Panoramastra\u00dfe) und den italienischen Monte Lusari (Gondel) auf die Ihr ganz gem\u00fctlich raufkommt. Jede Menge atemberaubende Ausblicke, Abenteuer, Natur, Entspannung, Ruhe und viele Ausflugsziele erwarten Euch.<\/p><\/div>\n\t\t\t<div class=\"qodef-m-button qodef-qi-clear\">\n\t\t<a class=\"qodef-shortcode qodef-m qodef-qi-button qodef-html--link qodef-layout--filled qodef-type--standard qodef-icon--left qodef-hover--icon-move-horizontal-short qodef-text-underline qodef-underline--left\" href=\"\/ausfl\u00fcge\" target=\"_self\">\t<span class=\"qodef-m-text\">Weitere Infos<\/span>\t\t<span class=\"qodef-m-icon\">\t\t<span class=\"qodef-m-icon-inner\">\t\t\t<i aria-hidden=\"true\" class=\"fas fa-info\"><\/i>\t\t\t\t\t<\/span>\t<\/span><\/a>\t<\/div>\n\t<\/div>\n<\/div>\n\t\t\t\t<\/div>\n\t\t\t\t<\/div>\n\t\t\t\t\t<\/div>\n\t\t<\/div>\n\t\t\t\t\t<\/div>\n\t\t<\/section>\n\t\t\t\t<section class=\"elementor-section elementor-top-section elementor-element elementor-element-2d5c174 elementor-section-boxed elementor-section-height-default elementor-section-height-default qodef-elementor-content-no\" data-id=\"2d5c174\" data-element_type=\"section\" data-e-type=\"section\">\n\t\t\t\t\t\t<div class=\"elementor-container elementor-column-gap-default\">\n\t\t\t\t\t<div class=\"elementor-column elementor-col-100 elementor-top-column elementor-element elementor-element-0c93b17\" data-id=\"0c93b17\" data-element_type=\"column\" data-e-type=\"column\">\n\t\t\t<div class=\"elementor-widget-wrap elementor-element-populated\">\n\t\t\t\t\t\t<div class=\"elementor-element elementor-element-b6ab13f elementor-arrows-position-inside elementor-pagination-position-outside elementor-widget elementor-widget-image-carousel\" data-id=\"b6ab13f\" data-element_type=\"widget\" data-e-type=\"widget\" data-settings=\"{&quot;slides_to_show&quot;:&quot;1&quot;,&quot;lazyload&quot;:&quot;yes&quot;,&quot;pause_on_hover&quot;:&quot;no&quot;,&quot;navigation&quot;:&quot;both&quot;,&quot;autoplay&quot;:&quot;yes&quot;,&quot;pause_on_interaction&quot;:&quot;yes&quot;,&quot;autoplay_speed&quot;:5000,&quot;infinite&quot;:&quot;yes&quot;,&quot;effect&quot;:&quot;slide&quot;,&quot;speed&quot;:500}\" data-widget_type=\"image-carousel.default\">\n\t\t\t\t<div class=\"elementor-widget-container\">\n\t\t\t\t\t\t\t<div class=\"elementor-image-carousel-wrapper swiper\" role=\"region\" aria-roledescription=\"carousel\" aria-label=\"Bild Karussell\" dir=\"ltr\">\n\t\t\t<div class=\"elementor-image-carousel swiper-wrapper swiper-image-stretch\" aria-live=\"off\">\n\t\t\t\t\t\t\t\t<div class=\"swiper-slide\" role=\"group\" aria-roledescription=\"slide\" aria-label=\"1 von 5\"><a data-elementor-open-lightbox=\"yes\" data-elementor-lightbox-slideshow=\"b6ab13f\" data-elementor-lightbox-title=\"5683036ce8f72_o\" data-e-action-hash=\"#elementor-action%3Aaction%3Dlightbox%26settings%3DeyJpZCI6ODQ4MiwidXJsIjoiaHR0cHM6XC9cL3d3dy5jYW1waW5nYW5kZXJ3YWxkLmF0XC93cC1jb250ZW50XC91cGxvYWRzXC8yMDIyXC8wNFwvNTY4MzAzNmNlOGY3Ml9vLmpwZyIsInNsaWRlc2hvdyI6ImI2YWIxM2YifQ%3D%3D\" href=\"https:\/\/www.campinganderwald.at\/wp-content\/uploads\/2022\/04\/5683036ce8f72_o.jpg\"><figure class=\"swiper-slide-inner\"><img class=\"swiper-slide-image swiper-lazy\" data-src=\"https:\/\/www.campinganderwald.at\/wp-content\/uploads\/2022\/04\/5683036ce8f72_o-1164x650.jpg\" alt=\"5683036ce8f72_o\" \/><div class=\"swiper-lazy-preloader\"><\/div><\/figure><\/a><\/div><div class=\"swiper-slide\" role=\"group\" aria-roledescription=\"slide\" aria-label=\"2 von 5\"><a data-elementor-open-lightbox=\"yes\" data-elementor-lightbox-slideshow=\"b6ab13f\" data-elementor-lightbox-title=\"5c29514d54606_o\" data-e-action-hash=\"#elementor-action%3Aaction%3Dlightbox%26settings%3DeyJpZCI6NTkzOCwidXJsIjoiaHR0cHM6XC9cL3d3dy5jYW1waW5nYW5kZXJ3YWxkLmF0XC93cC1jb250ZW50XC91cGxvYWRzXC8yMDIyXC8wNFwvNWMyOTUxNGQ1NDYwNl9vLmpwZyIsInNsaWRlc2hvdyI6ImI2YWIxM2YifQ%3D%3D\" href=\"https:\/\/www.campinganderwald.at\/wp-content\/uploads\/2022\/04\/5c29514d54606_o.jpg\"><figure class=\"swiper-slide-inner\"><img class=\"swiper-slide-image swiper-lazy\" data-src=\"https:\/\/www.campinganderwald.at\/wp-content\/uploads\/2022\/04\/5c29514d54606_o-900x650.jpg\" alt=\"5c29514d54606_o\" \/><div class=\"swiper-lazy-preloader\"><\/div><\/figure><\/a><\/div><div class=\"swiper-slide\" role=\"group\" aria-roledescription=\"slide\" aria-label=\"3 von 5\"><a data-elementor-open-lightbox=\"yes\" data-elementor-lightbox-slideshow=\"b6ab13f\" data-elementor-lightbox-title=\"520e9290c1188_o\" data-e-action-hash=\"#elementor-action%3Aaction%3Dlightbox%26settings%3DeyJpZCI6NDk1NiwidXJsIjoiaHR0cHM6XC9cL3d3dy5jYW1waW5nYW5kZXJ3YWxkLmF0XC93cC1jb250ZW50XC91cGxvYWRzXC8yMDIyXC8wM1wvNTIwZTkyOTBjMTE4OF9vLmpwZyIsInNsaWRlc2hvdyI6ImI2YWIxM2YifQ%3D%3D\" href=\"https:\/\/www.campinganderwald.at\/wp-content\/uploads\/2022\/03\/520e9290c1188_o.jpg\"><figure class=\"swiper-slide-inner\"><img class=\"swiper-slide-image swiper-lazy\" data-src=\"https:\/\/www.campinganderwald.at\/wp-content\/uploads\/2022\/03\/520e9290c1188_o.jpg\" alt=\"520e9290c1188_o\" \/><div class=\"swiper-lazy-preloader\"><\/div><\/figure><\/a><\/div><div class=\"swiper-slide\" role=\"group\" aria-roledescription=\"slide\" aria-label=\"4 von 5\"><a data-elementor-open-lightbox=\"yes\" data-elementor-lightbox-slideshow=\"b6ab13f\" data-elementor-lightbox-title=\"50170098bdf73_o\" data-e-action-hash=\"#elementor-action%3Aaction%3Dlightbox%26settings%3DeyJpZCI6NDkyNiwidXJsIjoiaHR0cHM6XC9cL3d3dy5jYW1waW5nYW5kZXJ3YWxkLmF0XC93cC1jb250ZW50XC91cGxvYWRzXC8yMDIyXC8wM1wvNTAxNzAwOThiZGY3M19vLmpwZyIsInNsaWRlc2hvdyI6ImI2YWIxM2YifQ%3D%3D\" href=\"https:\/\/www.campinganderwald.at\/wp-content\/uploads\/2022\/03\/50170098bdf73_o.jpg\"><figure class=\"swiper-slide-inner\"><img class=\"swiper-slide-image swiper-lazy\" data-src=\"https:\/\/www.campinganderwald.at\/wp-content\/uploads\/2022\/03\/50170098bdf73_o.jpg\" alt=\"50170098bdf73_o\" \/><div class=\"swiper-lazy-preloader\"><\/div><\/figure><\/a><\/div><div class=\"swiper-slide\" role=\"group\" aria-roledescription=\"slide\" aria-label=\"5 von 5\"><a data-elementor-open-lightbox=\"yes\" data-elementor-lightbox-slideshow=\"b6ab13f\" data-elementor-lightbox-title=\"532c3934ba516_o\" data-e-action-hash=\"#elementor-action%3Aaction%3Dlightbox%26settings%3DeyJpZCI6NDI3NywidXJsIjoiaHR0cHM6XC9cL3d3dy5jYW1waW5nYW5kZXJ3YWxkLmF0XC93cC1jb250ZW50XC91cGxvYWRzXC8yMDIyXC8wM1wvNTMyYzM5MzRiYTUxNl9vLmpwZyIsInNsaWRlc2hvdyI6ImI2YWIxM2YifQ%3D%3D\" href=\"https:\/\/www.campinganderwald.at\/wp-content\/uploads\/2022\/03\/532c3934ba516_o.jpg\"><figure class=\"swiper-slide-inner\"><img class=\"swiper-slide-image swiper-lazy\" data-src=\"https:\/\/www.campinganderwald.at\/wp-content\/uploads\/2022\/03\/532c3934ba516_o-664x650.jpg\" alt=\"532c3934ba516_o\" \/><div class=\"swiper-lazy-preloader\"><\/div><\/figure><\/a><\/div>\t\t\t<\/div>\n\t\t\t\t\t\t\t\t\t\t\t\t<div class=\"elementor-swiper-button elementor-swiper-button-prev\" role=\"button\" tabindex=\"0\">\n\t\t\t\t\t\t<i aria-hidden=\"true\" class=\"eicon-chevron-left\"><\/i>\t\t\t\t\t<\/div>\n\t\t\t\t\t<div class=\"elementor-swiper-button elementor-swiper-button-next\" role=\"button\" tabindex=\"0\">\n\t\t\t\t\t\t<i aria-hidden=\"true\" class=\"eicon-chevron-right\"><\/i>\t\t\t\t\t<\/div>\n\t\t\t\t\n\t\t\t\t\t\t\t\t\t<div class=\"swiper-pagination\"><\/div>\n\t\t\t\t\t\t\t\t\t<\/div>\n\t\t\t\t\t\t<\/div>\n\t\t\t\t<\/div>\n\t\t\t\t\t<\/div>\n\t\t<\/div>\n\t\t\t\t\t<\/div>\n\t\t<\/section>\n\t\t\t\t<section class=\"elementor-section elementor-top-section elementor-element elementor-element-7af1933 elementor-section-boxed elementor-section-height-default elementor-section-height-default qodef-elementor-content-no\" data-id=\"7af1933\" data-element_type=\"section\" data-e-type=\"section\">\n\t\t\t\t\t\t<div class=\"elementor-container elementor-column-gap-default\">\n\t\t\t\t\t<div class=\"elementor-column elementor-col-100 elementor-top-column elementor-element elementor-element-00479e8\" data-id=\"00479e8\" data-element_type=\"column\" data-e-type=\"column\">\n\t\t\t<div class=\"elementor-widget-wrap elementor-element-populated\">\n\t\t\t\t\t\t<div class=\"elementor-element elementor-element-52f5bb1 elementor-widget elementor-widget-text-editor\" data-id=\"52f5bb1\" data-element_type=\"widget\" data-e-type=\"widget\" data-widget_type=\"text-editor.default\">\n\t\t\t\t<div class=\"elementor-widget-container\">\n\t\t\t\t\t\t\t\t\t<p>Durch unsere exzellente Lage sind wir das ideale Basislager f\u00fcr alle Berg-, Wander,- und Naturgenie\u00dfer. Mit unseren Programmen und Service bereiten wir Euch einen sch\u00f6nen, vielseitigen und ausblicksreichen Urlaub -an den Ihr Euch sicher lange gern erinnert.<\/p><p><strong>Service auf einen Blick<\/strong><\/p><ul><li>Unser Bergprogramm mit unserer <a href=\"\/de\/bergschule\/\">Bergschule &#8222;high life&#8220;<\/a> (alles ab dem Campingplatz, Wandern, Canyoning, Klettern, Klettersteig)<\/li><li><a href=\"\/de\/berge\/\">Gef\u00fchrte Wanderungen<\/a> (mit der Bergschule &#8222;high life&#8220;)<\/li><li>Detailierte Karten und gratis Beschreibungen der Wanderwege &amp; Bergtouren.<\/li><li>Alles f\u00fcr\u00b4s <a href=\"\/de\/mountainbike\/\">Mountainbiken<\/a> (Gef\u00fchrte Touren, Infomaterial &amp; Co).<\/li><li>Beschreibungen, Tipps &amp; Prospekte der vielen K\u00e4rtner Ausflugsziele<\/li><\/ul>\t\t\t\t\t\t\t\t<\/div>\n\t\t\t\t<\/div>\n\t\t\t\t\t<\/div>\n\t\t<\/div>\n\t\t\t\t\t<\/div>\n\t\t<\/section>\n\t\t\t\t<\/div>\n\t\t","protected":false},"excerpt":{"rendered":"<p>Mitten drinnen. Berge Unser Campingplatz liegt direkt am See \u2013 umrahmt von den imposanten Bergen der Karawanken. Diese Gebirgskette verbindet uns mit Slowenien (Luftlinie nur 5km) und etwas weiter westlich mit Italien. Die Karawanken sind wenig erschlossene, naturbelassene Berge \u2013 es gibt kaum Seilbahnen oder Panoramastra\u00dfen \u2013 perfekt f\u00fcr spannende, einsame Bergtouren. Auch die sanften [&hellip;]<\/p>\n","protected":false},"author":2,"featured_media":0,"parent":0,"menu_order":0,"comment_status":"closed","ping_status":"closed","template":"","meta":{"footnotes":""},"class_list":["post-1667","page","type-page","status-publish","hentry"],"yoast_head":"<!-- This site is optimized with the Yoast SEO plugin v27.5 - https:\/\/yoast.com\/product\/yoast-seo-wordpress\/ -->\n<title>Berg - Camping Anderwald<\/title>\n<meta name=\"robots\" content=\"index, follow, max-snippet:-1, max-image-preview:large, max-video-preview:-1\" \/>\n<link rel=\"canonical\" href=\"https:\/\/www.campinganderwald.at\/de\/berge-erlebnis\/\" \/>\n<meta property=\"og:locale\" content=\"de_DE\" \/>\n<meta property=\"og:type\" content=\"article\" \/>\n<meta property=\"og:title\" content=\"Berg - Camping Anderwald\" \/>\n<meta property=\"og:description\" content=\"Mitten drinnen. Berge Unser Campingplatz liegt direkt am See \u2013 umrahmt von den imposanten Bergen der Karawanken. Diese Gebirgskette verbindet uns mit Slowenien (Luftlinie nur 5km) und etwas weiter westlich mit Italien. Die Karawanken sind wenig erschlossene, naturbelassene Berge \u2013 es gibt kaum Seilbahnen oder Panoramastra\u00dfen \u2013 perfekt f\u00fcr spannende, einsame Bergtouren. Auch die sanften [&hellip;]\" \/>\n<meta property=\"og:url\" content=\"https:\/\/www.campinganderwald.at\/de\/berge-erlebnis\/\" \/>\n<meta property=\"og:site_name\" content=\"Camping Anderwald\" \/>\n<meta property=\"article:modified_time\" content=\"2025-12-22T09:54:34+00:00\" \/>\n<meta property=\"og:image\" content=\"https:\/\/www.campinganderwald.at\/wp-content\/uploads\/2022\/04\/5683036ce8f72_o-1164x650.jpg\" \/>\n<meta name=\"twitter:card\" content=\"summary_large_image\" \/>\n<meta name=\"twitter:label1\" content=\"Gesch\u00e4tzte Lesezeit\" \/>\n\t<meta name=\"twitter:data1\" content=\"4\u00a0Minuten\" \/>\n<script type=\"application\/ld+json\" class=\"yoast-schema-graph\">{\"@context\":\"https:\\\/\\\/schema.org\",\"@graph\":[{\"@type\":\"WebPage\",\"@id\":\"https:\\\/\\\/www.campinganderwald.at\\\/de\\\/berge-erlebnis\\\/\",\"url\":\"https:\\\/\\\/www.campinganderwald.at\\\/de\\\/berge-erlebnis\\\/\",\"name\":\"Berg - Camping Anderwald\",\"isPartOf\":{\"@id\":\"https:\\\/\\\/www.campinganderwald.at\\\/de\\\/#website\"},\"primaryImageOfPage\":{\"@id\":\"https:\\\/\\\/www.campinganderwald.at\\\/de\\\/berge-erlebnis\\\/#primaryimage\"},\"image\":{\"@id\":\"https:\\\/\\\/www.campinganderwald.at\\\/de\\\/berge-erlebnis\\\/#primaryimage\"},\"thumbnailUrl\":\"https:\\\/\\\/www.campinganderwald.at\\\/wp-content\\\/uploads\\\/2022\\\/04\\\/5683036ce8f72_o-1164x650.jpg\",\"datePublished\":\"2022-02-20T12:18:48+00:00\",\"dateModified\":\"2025-12-22T09:54:34+00:00\",\"breadcrumb\":{\"@id\":\"https:\\\/\\\/www.campinganderwald.at\\\/de\\\/berge-erlebnis\\\/#breadcrumb\"},\"inLanguage\":\"de\",\"potentialAction\":[{\"@type\":\"ReadAction\",\"target\":[\"https:\\\/\\\/www.campinganderwald.at\\\/de\\\/berge-erlebnis\\\/\"]}]},{\"@type\":\"ImageObject\",\"inLanguage\":\"de\",\"@id\":\"https:\\\/\\\/www.campinganderwald.at\\\/de\\\/berge-erlebnis\\\/#primaryimage\",\"url\":\"https:\\\/\\\/www.campinganderwald.at\\\/wp-content\\\/uploads\\\/2022\\\/04\\\/5683036ce8f72_o-1164x650.jpg\",\"contentUrl\":\"https:\\\/\\\/www.campinganderwald.at\\\/wp-content\\\/uploads\\\/2022\\\/04\\\/5683036ce8f72_o-1164x650.jpg\"},{\"@type\":\"BreadcrumbList\",\"@id\":\"https:\\\/\\\/www.campinganderwald.at\\\/de\\\/berge-erlebnis\\\/#breadcrumb\",\"itemListElement\":[{\"@type\":\"ListItem\",\"position\":1,\"name\":\"Startseite\",\"item\":\"https:\\\/\\\/www.campinganderwald.at\\\/de\\\/\"},{\"@type\":\"ListItem\",\"position\":2,\"name\":\"Berg\"}]},{\"@type\":\"WebSite\",\"@id\":\"https:\\\/\\\/www.campinganderwald.at\\\/de\\\/#website\",\"url\":\"https:\\\/\\\/www.campinganderwald.at\\\/de\\\/\",\"name\":\"Camping Anderwald\",\"description\":\"Unser Campingplatz liegt direkt am Faaker See in K\u00e4rnten, eingebettet in die traumhafte Kulisse der das gesamte Gebiet umgebenden Karawanken. Der Faaker See ist nicht nur der s\u00fcdlichste Badesee K\u00e4rntens, er ist auch einer der...\",\"publisher\":{\"@id\":\"https:\\\/\\\/www.campinganderwald.at\\\/de\\\/#organization\"},\"potentialAction\":[{\"@type\":\"SearchAction\",\"target\":{\"@type\":\"EntryPoint\",\"urlTemplate\":\"https:\\\/\\\/www.campinganderwald.at\\\/de\\\/?s={search_term_string}\"},\"query-input\":{\"@type\":\"PropertyValueSpecification\",\"valueRequired\":true,\"valueName\":\"search_term_string\"}}],\"inLanguage\":\"de\"},{\"@type\":\"Organization\",\"@id\":\"https:\\\/\\\/www.campinganderwald.at\\\/de\\\/#organization\",\"name\":\"Camping Anderwald\",\"url\":\"https:\\\/\\\/www.campinganderwald.at\\\/de\\\/\",\"logo\":{\"@type\":\"ImageObject\",\"inLanguage\":\"de\",\"@id\":\"https:\\\/\\\/www.campinganderwald.at\\\/de\\\/#\\\/schema\\\/logo\\\/image\\\/\",\"url\":\"https:\\\/\\\/www.campinganderwald.at\\\/wp-content\\\/uploads\\\/2022\\\/01\\\/campingAnderwald-logo.svg\",\"contentUrl\":\"https:\\\/\\\/www.campinganderwald.at\\\/wp-content\\\/uploads\\\/2022\\\/01\\\/campingAnderwald-logo.svg\",\"caption\":\"Camping Anderwald\"},\"image\":{\"@id\":\"https:\\\/\\\/www.campinganderwald.at\\\/de\\\/#\\\/schema\\\/logo\\\/image\\\/\"}}]}<\/script>\n<!-- \/ Yoast SEO plugin. -->","yoast_head_json":{"title":"Berg - Camping Anderwald","robots":{"index":"index","follow":"follow","max-snippet":"max-snippet:-1","max-image-preview":"max-image-preview:large","max-video-preview":"max-video-preview:-1"},"canonical":"https:\/\/www.campinganderwald.at\/de\/berge-erlebnis\/","og_locale":"de_DE","og_type":"article","og_title":"Berg - Camping Anderwald","og_description":"Mitten drinnen. Berge Unser Campingplatz liegt direkt am See \u2013 umrahmt von den imposanten Bergen der Karawanken. Diese Gebirgskette verbindet uns mit Slowenien (Luftlinie nur 5km) und etwas weiter westlich mit Italien. Die Karawanken sind wenig erschlossene, naturbelassene Berge \u2013 es gibt kaum Seilbahnen oder Panoramastra\u00dfen \u2013 perfekt f\u00fcr spannende, einsame Bergtouren. Auch die sanften [&hellip;]","og_url":"https:\/\/www.campinganderwald.at\/de\/berge-erlebnis\/","og_site_name":"Camping Anderwald","article_modified_time":"2025-12-22T09:54:34+00:00","og_image":[{"url":"https:\/\/www.campinganderwald.at\/wp-content\/uploads\/2022\/04\/5683036ce8f72_o-1164x650.jpg","type":"","width":"","height":""}],"twitter_card":"summary_large_image","twitter_misc":{"Gesch\u00e4tzte Lesezeit":"4\u00a0Minuten"},"schema":{"@context":"https:\/\/schema.org","@graph":[{"@type":"WebPage","@id":"https:\/\/www.campinganderwald.at\/de\/berge-erlebnis\/","url":"https:\/\/www.campinganderwald.at\/de\/berge-erlebnis\/","name":"Berg - Camping Anderwald","isPartOf":{"@id":"https:\/\/www.campinganderwald.at\/de\/#website"},"primaryImageOfPage":{"@id":"https:\/\/www.campinganderwald.at\/de\/berge-erlebnis\/#primaryimage"},"image":{"@id":"https:\/\/www.campinganderwald.at\/de\/berge-erlebnis\/#primaryimage"},"thumbnailUrl":"https:\/\/www.campinganderwald.at\/wp-content\/uploads\/2022\/04\/5683036ce8f72_o-1164x650.jpg","datePublished":"2022-02-20T12:18:48+00:00","dateModified":"2025-12-22T09:54:34+00:00","breadcrumb":{"@id":"https:\/\/www.campinganderwald.at\/de\/berge-erlebnis\/#breadcrumb"},"inLanguage":"de","potentialAction":[{"@type":"ReadAction","target":["https:\/\/www.campinganderwald.at\/de\/berge-erlebnis\/"]}]},{"@type":"ImageObject","inLanguage":"de","@id":"https:\/\/www.campinganderwald.at\/de\/berge-erlebnis\/#primaryimage","url":"https:\/\/www.campinganderwald.at\/wp-content\/uploads\/2022\/04\/5683036ce8f72_o-1164x650.jpg","contentUrl":"https:\/\/www.campinganderwald.at\/wp-content\/uploads\/2022\/04\/5683036ce8f72_o-1164x650.jpg"},{"@type":"BreadcrumbList","@id":"https:\/\/www.campinganderwald.at\/de\/berge-erlebnis\/#breadcrumb","itemListElement":[{"@type":"ListItem","position":1,"name":"Startseite","item":"https:\/\/www.campinganderwald.at\/de\/"},{"@type":"ListItem","position":2,"name":"Berg"}]},{"@type":"WebSite","@id":"https:\/\/www.campinganderwald.at\/de\/#website","url":"https:\/\/www.campinganderwald.at\/de\/","name":"Camping Anderwald","description":"Unser Campingplatz liegt direkt am Faaker See in K\u00e4rnten, eingebettet in die traumhafte Kulisse der das gesamte Gebiet umgebenden Karawanken. Der Faaker See ist nicht nur der s\u00fcdlichste Badesee K\u00e4rntens, er ist auch einer der...","publisher":{"@id":"https:\/\/www.campinganderwald.at\/de\/#organization"},"potentialAction":[{"@type":"SearchAction","target":{"@type":"EntryPoint","urlTemplate":"https:\/\/www.campinganderwald.at\/de\/?s={search_term_string}"},"query-input":{"@type":"PropertyValueSpecification","valueRequired":true,"valueName":"search_term_string"}}],"inLanguage":"de"},{"@type":"Organization","@id":"https:\/\/www.campinganderwald.at\/de\/#organization","name":"Camping Anderwald","url":"https:\/\/www.campinganderwald.at\/de\/","logo":{"@type":"ImageObject","inLanguage":"de","@id":"https:\/\/www.campinganderwald.at\/de\/#\/schema\/logo\/image\/","url":"https:\/\/www.campinganderwald.at\/wp-content\/uploads\/2022\/01\/campingAnderwald-logo.svg","contentUrl":"https:\/\/www.campinganderwald.at\/wp-content\/uploads\/2022\/01\/campingAnderwald-logo.svg","caption":"Camping Anderwald"},"image":{"@id":"https:\/\/www.campinganderwald.at\/de\/#\/schema\/logo\/image\/"}}]}},"_links":{"self":[{"href":"https:\/\/www.campinganderwald.at\/de\/wp-json\/wp\/v2\/pages\/1667","targetHints":{"allow":["GET"]}}],"collection":[{"href":"https:\/\/www.campinganderwald.at\/de\/wp-json\/wp\/v2\/pages"}],"about":[{"href":"https:\/\/www.campinganderwald.at\/de\/wp-json\/wp\/v2\/types\/page"}],"author":[{"embeddable":true,"href":"https:\/\/www.campinganderwald.at\/de\/wp-json\/wp\/v2\/users\/2"}],"replies":[{"embeddable":true,"href":"https:\/\/www.campinganderwald.at\/de\/wp-json\/wp\/v2\/comments?post=1667"}],"version-history":[{"count":3,"href":"https:\/\/www.campinganderwald.at\/de\/wp-json\/wp\/v2\/pages\/1667\/revisions"}],"predecessor-version":[{"id":14035,"href":"https:\/\/www.campinganderwald.at\/de\/wp-json\/wp\/v2\/pages\/1667\/revisions\/14035"}],"wp:attachment":[{"href":"https:\/\/www.campinganderwald.at\/de\/wp-json\/wp\/v2\/media?parent=1667"}],"curies":[{"name":"wp","href":"https:\/\/api.w.org\/{rel}","templated":true}]}}