{"id":368,"date":"2021-06-04T09:52:29","date_gmt":"2021-06-04T09:52:29","guid":{"rendered":"https:\/\/kamperen.qodeinteractive.com\/?page_id=368"},"modified":"2022-03-21T19:58:52","modified_gmt":"2022-03-21T18:58:52","slug":"neuigkeiten","status":"publish","type":"page","link":"https:\/\/www.campinganderwald.at\/de\/neuigkeiten\/","title":{"rendered":"Neuigkeiten \/ Tipps"},"content":{"rendered":"\t\t<div data-elementor-type=\"wp-page\" data-elementor-id=\"368\" class=\"elementor elementor-368\" data-elementor-post-type=\"page\">\n\t\t\t\t\t\t<section class=\"elementor-section elementor-top-section elementor-element elementor-element-72477a0 elementor-section-boxed elementor-section-height-default elementor-section-height-default qodef-elementor-content-no\" data-id=\"72477a0\" data-element_type=\"section\" data-e-type=\"section\">\n\t\t\t\t\t\t<div class=\"elementor-container elementor-column-gap-default\">\n\t\t\t\t\t<div class=\"elementor-column elementor-col-100 elementor-top-column elementor-element elementor-element-c6ce3e1\" data-id=\"c6ce3e1\" data-element_type=\"column\" data-e-type=\"column\">\n\t\t\t<div class=\"elementor-widget-wrap elementor-element-populated\">\n\t\t\t\t\t\t<div class=\"elementor-element elementor-element-97dc385 elementor-widget elementor-widget-qi_addons_for_elementor_blog_list\" data-id=\"97dc385\" data-element_type=\"widget\" data-e-type=\"widget\" data-widget_type=\"qi_addons_for_elementor_blog_list.default\">\n\t\t\t\t<div class=\"elementor-widget-container\">\n\t\t\t\t\t<div class=\"qodef-shortcode qodef-m qodef-addons-blog-list qodef-info-no-icons qodef-image--hover-zoom qodef-qi-grid qodef-layout--qi-columns qodef-col-num--3 qodef-item-layout--boxed qodef-responsive--predefined\" >\n\t<div class=\"qodef-grid-inner\">\n\t\t<article class=\"qodef-e qodef-blog-item qodef-grid-item qodef-item--full post-14513 post type-post status-publish format-standard has-post-thumbnail hentry category-camping\">\n\t<div class=\"qodef-e-inner\">\n\t\t<div class=\"qodef-e-media-holder\">\n\t\t\t<div class=\"qodef-e-media\">\n\t\t<div class=\"qodef-e-media-image\">\n\t\t<a itemprop=\"url\" href=\"https:\/\/www.campinganderwald.at\/de\/die-krone-laura-lucky-zum-testen\/\">\n\t\t\t<img fetchpriority=\"high\" decoding=\"async\" width=\"630\" height=\"356\" src=\"https:\/\/www.campinganderwald.at\/wp-content\/uploads\/2026\/03\/Fleckensprinter.png\" class=\"attachment-full size-full\" alt=\"\" srcset=\"https:\/\/www.campinganderwald.at\/wp-content\/uploads\/2026\/03\/Fleckensprinter.png 630w, https:\/\/www.campinganderwald.at\/wp-content\/uploads\/2026\/03\/Fleckensprinter-300x170.png 300w\" sizes=\"(max-width: 630px) 100vw, 630px\" \/>\t\t<\/a>\n\t\t\t<\/div>\n<\/div>\n<div itemprop=\"dateCreated\" class=\"qodef-e-info-item qodef-e-info-date entry-date \">\n\t<a itemprop=\"url\" href=\"https:\/\/www.campinganderwald.at\/de\/2026\/03\/\">\n\t\t26 M\u00e4rz\t<\/a>\n<\/div>\n\t\t<\/div>\n\t\t<div class=\"qodef-e-content\">\n\t\t\t\t\t\t\t<div class=\"qodef-e-info qodef-info--top\">\n\t\t\t\t\t<div class=\"qodef-e-info-item qodef-e-info-category\">\n\t\t<a href=\"https:\/\/www.campinganderwald.at\/de\/category\/camping\/\" rel=\"category tag\">Camping<\/a><\/div>\n\t\t\t\t<\/div>\n\t\t\t\t\t\t<div class=\"qodef-e-text\">\n\t\t\t\t<h5 itemprop=\"name\" class=\"qodef-e-title entry-title\">\n\t<a itemprop=\"url\" class=\"qodef-e-title-link\" href=\"https:\/\/www.campinganderwald.at\/de\/die-krone-laura-lucky-zum-testen\/\">\n\t\tDie Krone, Laura &#038; Lucky zum Testen\t<\/a>\n<\/h5>\n\t\t<p itemprop=\"description\" class=\"qodef-e-excerpt\">\n\t\t\tZum Saisonstart: Die Krone, Laura &amp; Lucky zum Testen am Anderwald \u2013 urspr\u00fcnglich Camping. Unter dem Titel: Mit dem Fleckensprinter einmal quer durch K\u00e4rnten schrieb der ech\t\t<\/p>\n\t\t\t\t<\/div>\n\t\t\t\t\t\t\t<div class=\"qodef-e-info qodef-info--bottom\">\n\t\t\t\t\t\t<div class=\"qodef-e-read-more\">\n\t\t<a class=\"qodef-shortcode qodef-m qodef-qi-button qodef-html--link qodef-layout--textual qodef-type--standard qodef-icon--right qodef-hover--icon-move-horizontal-short\" href=\"https:\/\/www.campinganderwald.at\/de\/die-krone-laura-lucky-zum-testen\/\" target=\"_self\">\t<span class=\"qodef-m-text\">Weiter lesen<\/span>\t\t<span class=\"qodef-m-icon\">\t\t<span class=\"qodef-m-icon-inner\">\t\t\t<i aria-hidden=\"true\" class=\"fas fa-long-arrow-alt-right\"><\/i>\t\t\t\t\t<\/span>\t<\/span><\/a>\t<\/div>\n\t\t\t\t<\/div>\n\t\t\t\t\t<\/div>\n\t<\/div>\n<\/article>\n<article class=\"qodef-e qodef-blog-item qodef-grid-item qodef-item--full post-14037 post type-post status-publish format-standard hentry category-unkategorisiert\">\n\t<div class=\"qodef-e-inner\">\n\t\t<div class=\"qodef-e-media-holder\">\n\t\t\t<div class=\"qodef-e-media\">\n\t<\/div>\n<div itemprop=\"dateCreated\" class=\"qodef-e-info-item qodef-e-info-date entry-date \">\n\t<a itemprop=\"url\" href=\"https:\/\/www.campinganderwald.at\/de\/2025\/12\/\">\n\t\t31 Dez.\t<\/a>\n<\/div>\n\t\t<\/div>\n\t\t<div class=\"qodef-e-content\">\n\t\t\t\t\t\t\t<div class=\"qodef-e-info qodef-info--top\">\n\t\t\t\t\t<div class=\"qodef-e-info-item qodef-e-info-category\">\n\t\t<a href=\"https:\/\/www.campinganderwald.at\/de\/category\/unkategorisiert\/\" rel=\"category tag\">Unkategorisiert<\/a><\/div>\n\t\t\t\t<\/div>\n\t\t\t\t\t\t<div class=\"qodef-e-text\">\n\t\t\t\t<h5 itemprop=\"name\" class=\"qodef-e-title entry-title\">\n\t<a itemprop=\"url\" class=\"qodef-e-title-link\" href=\"https:\/\/www.campinganderwald.at\/de\/momente-2025\/\">\n\t\tMomente\u202f2025\t<\/a>\n<\/h5>\n\t\t<p itemprop=\"description\" class=\"qodef-e-excerpt\">\n\t\t\tRearview Mirror Hier kommt unser R\u00fcckblick \u2013 ohne Wertung, daf\u00fcr mit vielen Erinnerungen an das Jahr\u202f2025. Clemens Wir starten mit einer guten Nachricht: Clemens, unser Platz\t\t<\/p>\n\t\t\t\t<\/div>\n\t\t\t\t\t\t\t<div class=\"qodef-e-info qodef-info--bottom\">\n\t\t\t\t\t\t<div class=\"qodef-e-read-more\">\n\t\t<a class=\"qodef-shortcode qodef-m qodef-qi-button qodef-html--link qodef-layout--textual qodef-type--standard qodef-icon--right qodef-hover--icon-move-horizontal-short\" href=\"https:\/\/www.campinganderwald.at\/de\/momente-2025\/\" target=\"_self\">\t<span class=\"qodef-m-text\">Weiter lesen<\/span>\t\t<span class=\"qodef-m-icon\">\t\t<span class=\"qodef-m-icon-inner\">\t\t\t<i aria-hidden=\"true\" class=\"fas fa-long-arrow-alt-right\"><\/i>\t\t\t\t\t<\/span>\t<\/span><\/a>\t<\/div>\n\t\t\t\t<\/div>\n\t\t\t\t\t<\/div>\n\t<\/div>\n<\/article>\n<article class=\"qodef-e qodef-blog-item qodef-grid-item qodef-item--full post-13915 post type-post status-publish format-standard has-post-thumbnail hentry category-camping\">\n\t<div class=\"qodef-e-inner\">\n\t\t<div class=\"qodef-e-media-holder\">\n\t\t\t<div class=\"qodef-e-media\">\n\t\t<div class=\"qodef-e-media-image\">\n\t\t<a itemprop=\"url\" href=\"https:\/\/www.campinganderwald.at\/de\/anderwald-urspruenglich-camping\/\">\n\t\t\t<img decoding=\"async\" width=\"2560\" height=\"1707\" src=\"https:\/\/www.campinganderwald.at\/wp-content\/uploads\/2025\/12\/250801_stellplaetze_183-scaled.jpg\" class=\"attachment-full size-full\" alt=\"\" srcset=\"https:\/\/www.campinganderwald.at\/wp-content\/uploads\/2025\/12\/250801_stellplaetze_183-scaled.jpg 2560w, https:\/\/www.campinganderwald.at\/wp-content\/uploads\/2025\/12\/250801_stellplaetze_183-300x200.jpg 300w, https:\/\/www.campinganderwald.at\/wp-content\/uploads\/2025\/12\/250801_stellplaetze_183-1024x683.jpg 1024w, https:\/\/www.campinganderwald.at\/wp-content\/uploads\/2025\/12\/250801_stellplaetze_183-768x512.jpg 768w, https:\/\/www.campinganderwald.at\/wp-content\/uploads\/2025\/12\/250801_stellplaetze_183-1536x1024.jpg 1536w, https:\/\/www.campinganderwald.at\/wp-content\/uploads\/2025\/12\/250801_stellplaetze_183-2048x1366.jpg 2048w\" sizes=\"(max-width: 2560px) 100vw, 2560px\" \/>\t\t<\/a>\n\t\t\t<\/div>\n<\/div>\n<div itemprop=\"dateCreated\" class=\"qodef-e-info-item qodef-e-info-date entry-date \">\n\t<a itemprop=\"url\" href=\"https:\/\/www.campinganderwald.at\/de\/2025\/12\/\">\n\t\t20 Dez.\t<\/a>\n<\/div>\n\t\t<\/div>\n\t\t<div class=\"qodef-e-content\">\n\t\t\t\t\t\t\t<div class=\"qodef-e-info qodef-info--top\">\n\t\t\t\t\t<div class=\"qodef-e-info-item qodef-e-info-category\">\n\t\t<a href=\"https:\/\/www.campinganderwald.at\/de\/category\/camping\/\" rel=\"category tag\">Camping<\/a><\/div>\n\t\t\t\t<\/div>\n\t\t\t\t\t\t<div class=\"qodef-e-text\">\n\t\t\t\t<h5 itemprop=\"name\" class=\"qodef-e-title entry-title\">\n\t<a itemprop=\"url\" class=\"qodef-e-title-link\" href=\"https:\/\/www.campinganderwald.at\/de\/anderwald-urspruenglich-camping\/\">\n\t\tAnderwald &#8211; urspr\u00fcnglich Camping\t<\/a>\n<\/h5>\n\t\t<p itemprop=\"description\" class=\"qodef-e-excerpt\">\n\t\t\tEs war einmal ein kleines St\u00fcck Strand am Faaker See.Dahinter begann ein Uferwald, der sich weit ins Moor zog \u2013 dicht, wild, beinahe undurchdringlich. Nur ganz vorne, am Wasser,\t\t<\/p>\n\t\t\t\t<\/div>\n\t\t\t\t\t\t\t<div class=\"qodef-e-info qodef-info--bottom\">\n\t\t\t\t\t\t<div class=\"qodef-e-read-more\">\n\t\t<a class=\"qodef-shortcode qodef-m qodef-qi-button qodef-html--link qodef-layout--textual qodef-type--standard qodef-icon--right qodef-hover--icon-move-horizontal-short\" href=\"https:\/\/www.campinganderwald.at\/de\/anderwald-urspruenglich-camping\/\" target=\"_self\">\t<span class=\"qodef-m-text\">Weiter lesen<\/span>\t\t<span class=\"qodef-m-icon\">\t\t<span class=\"qodef-m-icon-inner\">\t\t\t<i aria-hidden=\"true\" class=\"fas fa-long-arrow-alt-right\"><\/i>\t\t\t\t\t<\/span>\t<\/span><\/a>\t<\/div>\n\t\t\t\t<\/div>\n\t\t\t\t\t<\/div>\n\t<\/div>\n<\/article>\n<article class=\"qodef-e qodef-blog-item qodef-grid-item qodef-item--full post-13812 post type-post status-publish format-standard has-post-thumbnail hentry category-unkategorisiert\">\n\t<div class=\"qodef-e-inner\">\n\t\t<div class=\"qodef-e-media-holder\">\n\t\t\t<div class=\"qodef-e-media\">\n\t\t<div class=\"qodef-e-media-image\">\n\t\t<a itemprop=\"url\" href=\"https:\/\/www.campinganderwald.at\/de\/2024-als-3\/\">\n\t\t\t<img decoding=\"async\" width=\"2560\" height=\"1135\" src=\"https:\/\/www.campinganderwald.at\/wp-content\/uploads\/2025\/12\/Insel-Kerstin-scaled.jpeg\" class=\"attachment-full size-full\" alt=\"\" srcset=\"https:\/\/www.campinganderwald.at\/wp-content\/uploads\/2025\/12\/Insel-Kerstin-scaled.jpeg 2560w, https:\/\/www.campinganderwald.at\/wp-content\/uploads\/2025\/12\/Insel-Kerstin-300x133.jpeg 300w, https:\/\/www.campinganderwald.at\/wp-content\/uploads\/2025\/12\/Insel-Kerstin-1024x454.jpeg 1024w, https:\/\/www.campinganderwald.at\/wp-content\/uploads\/2025\/12\/Insel-Kerstin-768x340.jpeg 768w, https:\/\/www.campinganderwald.at\/wp-content\/uploads\/2025\/12\/Insel-Kerstin-1536x681.jpeg 1536w, https:\/\/www.campinganderwald.at\/wp-content\/uploads\/2025\/12\/Insel-Kerstin-2048x908.jpeg 2048w\" sizes=\"(max-width: 2560px) 100vw, 2560px\" \/>\t\t<\/a>\n\t\t\t<\/div>\n<\/div>\n<div itemprop=\"dateCreated\" class=\"qodef-e-info-item qodef-e-info-date entry-date \">\n\t<a itemprop=\"url\" href=\"https:\/\/www.campinganderwald.at\/de\/2025\/12\/\">\n\t\t4 Dez.\t<\/a>\n<\/div>\n\t\t<\/div>\n\t\t<div class=\"qodef-e-content\">\n\t\t\t\t\t\t\t<div class=\"qodef-e-info qodef-info--top\">\n\t\t\t\t\t<div class=\"qodef-e-info-item qodef-e-info-category\">\n\t\t<a href=\"https:\/\/www.campinganderwald.at\/de\/category\/unkategorisiert\/\" rel=\"category tag\">Unkategorisiert<\/a><\/div>\n\t\t\t\t<\/div>\n\t\t\t\t\t\t<div class=\"qodef-e-text\">\n\t\t\t\t<h5 itemprop=\"name\" class=\"qodef-e-title entry-title\">\n\t<a itemprop=\"url\" class=\"qodef-e-title-link\" href=\"https:\/\/www.campinganderwald.at\/de\/2024-als-3\/\">\n\t\tAn Ad\t<\/a>\n<\/h5>\n\t\t<p itemprop=\"description\" class=\"qodef-e-excerpt\">\n\t\t\tLieber Ad Nun bist du wirklich von uns gegangen. Als du mich angerufen hast, um mir zu sagen, dass du Krebs hast, schon weit fortgeschritten, haben wir beide geweint. Dein Arzt hat\t\t<\/p>\n\t\t\t\t<\/div>\n\t\t\t\t\t\t\t<div class=\"qodef-e-info qodef-info--bottom\">\n\t\t\t\t\t\t<div class=\"qodef-e-read-more\">\n\t\t<a class=\"qodef-shortcode qodef-m qodef-qi-button qodef-html--link qodef-layout--textual qodef-type--standard qodef-icon--right qodef-hover--icon-move-horizontal-short\" href=\"https:\/\/www.campinganderwald.at\/de\/2024-als-3\/\" target=\"_self\">\t<span class=\"qodef-m-text\">Weiter lesen<\/span>\t\t<span class=\"qodef-m-icon\">\t\t<span class=\"qodef-m-icon-inner\">\t\t\t<i aria-hidden=\"true\" class=\"fas fa-long-arrow-alt-right\"><\/i>\t\t\t\t\t<\/span>\t<\/span><\/a>\t<\/div>\n\t\t\t\t<\/div>\n\t\t\t\t\t<\/div>\n\t<\/div>\n<\/article>\n<article class=\"qodef-e qodef-blog-item qodef-grid-item qodef-item--full post-13764 post type-post status-publish format-standard has-post-thumbnail hentry category-camping\">\n\t<div class=\"qodef-e-inner\">\n\t\t<div class=\"qodef-e-media-holder\">\n\t\t\t<div class=\"qodef-e-media\">\n\t\t<div class=\"qodef-e-media-image\">\n\t\t<a itemprop=\"url\" href=\"https:\/\/www.campinganderwald.at\/de\/gutscheine-2\/\">\n\t\t\t<img loading=\"lazy\" decoding=\"async\" width=\"2560\" height=\"1707\" src=\"https:\/\/www.campinganderwald.at\/wp-content\/uploads\/2025\/11\/Stabentheiner_CampingAnderwald-133-scaled.jpg\" class=\"attachment-full size-full\" alt=\"Faaker See Insel by Michael Stabentheiner\" srcset=\"https:\/\/www.campinganderwald.at\/wp-content\/uploads\/2025\/11\/Stabentheiner_CampingAnderwald-133-scaled.jpg 2560w, https:\/\/www.campinganderwald.at\/wp-content\/uploads\/2025\/11\/Stabentheiner_CampingAnderwald-133-300x200.jpg 300w, https:\/\/www.campinganderwald.at\/wp-content\/uploads\/2025\/11\/Stabentheiner_CampingAnderwald-133-1024x683.jpg 1024w, https:\/\/www.campinganderwald.at\/wp-content\/uploads\/2025\/11\/Stabentheiner_CampingAnderwald-133-768x512.jpg 768w, https:\/\/www.campinganderwald.at\/wp-content\/uploads\/2025\/11\/Stabentheiner_CampingAnderwald-133-1536x1024.jpg 1536w, https:\/\/www.campinganderwald.at\/wp-content\/uploads\/2025\/11\/Stabentheiner_CampingAnderwald-133-2048x1365.jpg 2048w\" sizes=\"(max-width: 2560px) 100vw, 2560px\" \/>\t\t<\/a>\n\t\t\t<\/div>\n<\/div>\n<div itemprop=\"dateCreated\" class=\"qodef-e-info-item qodef-e-info-date entry-date \">\n\t<a itemprop=\"url\" href=\"https:\/\/www.campinganderwald.at\/de\/2025\/11\/\">\n\t\t27 Nov.\t<\/a>\n<\/div>\n\t\t<\/div>\n\t\t<div class=\"qodef-e-content\">\n\t\t\t\t\t\t\t<div class=\"qodef-e-info qodef-info--top\">\n\t\t\t\t\t<div class=\"qodef-e-info-item qodef-e-info-category\">\n\t\t<a href=\"https:\/\/www.campinganderwald.at\/de\/category\/camping\/\" rel=\"category tag\">Camping<\/a><\/div>\n\t\t\t\t<\/div>\n\t\t\t\t\t\t<div class=\"qodef-e-text\">\n\t\t\t\t<h5 itemprop=\"name\" class=\"qodef-e-title entry-title\">\n\t<a itemprop=\"url\" class=\"qodef-e-title-link\" href=\"https:\/\/www.campinganderwald.at\/de\/gutscheine-2\/\">\n\t\tGutscheine\t<\/a>\n<\/h5>\n\t\t<p itemprop=\"description\" class=\"qodef-e-excerpt\">\n\t\t\tGern helfen wir dem Christkind mit einer Idee f\u00fcr ein Weihnachtsgeschenk weiter. Ab sofort gibt\u00b4s online &#8222;Camping Anderwald&#8220; Gutscheine zum Bestellen. Macht sich perf\t\t<\/p>\n\t\t\t\t<\/div>\n\t\t\t\t\t\t\t<div class=\"qodef-e-info qodef-info--bottom\">\n\t\t\t\t\t\t<div class=\"qodef-e-read-more\">\n\t\t<a class=\"qodef-shortcode qodef-m qodef-qi-button qodef-html--link qodef-layout--textual qodef-type--standard qodef-icon--right qodef-hover--icon-move-horizontal-short\" href=\"https:\/\/www.campinganderwald.at\/de\/gutscheine-2\/\" target=\"_self\">\t<span class=\"qodef-m-text\">Weiter lesen<\/span>\t\t<span class=\"qodef-m-icon\">\t\t<span class=\"qodef-m-icon-inner\">\t\t\t<i aria-hidden=\"true\" class=\"fas fa-long-arrow-alt-right\"><\/i>\t\t\t\t\t<\/span>\t<\/span><\/a>\t<\/div>\n\t\t\t\t<\/div>\n\t\t\t\t\t<\/div>\n\t<\/div>\n<\/article>\n<article class=\"qodef-e qodef-blog-item qodef-grid-item qodef-item--full post-13220 post type-post status-publish format-standard has-post-thumbnail hentry category-camping\">\n\t<div class=\"qodef-e-inner\">\n\t\t<div class=\"qodef-e-media-holder\">\n\t\t\t<div class=\"qodef-e-media\">\n\t\t<div class=\"qodef-e-media-image\">\n\t\t<a itemprop=\"url\" href=\"https:\/\/www.campinganderwald.at\/de\/rosa-200\/\">\n\t\t\t<img loading=\"lazy\" decoding=\"async\" width=\"938\" height=\"938\" src=\"https:\/\/www.campinganderwald.at\/wp-content\/uploads\/2025\/03\/DREI-ROUTEN-1.png\" class=\"attachment-full size-full\" alt=\"\" srcset=\"https:\/\/www.campinganderwald.at\/wp-content\/uploads\/2025\/03\/DREI-ROUTEN-1.png 938w, https:\/\/www.campinganderwald.at\/wp-content\/uploads\/2025\/03\/DREI-ROUTEN-1-300x300.png 300w, https:\/\/www.campinganderwald.at\/wp-content\/uploads\/2025\/03\/DREI-ROUTEN-1-150x150.png 150w, https:\/\/www.campinganderwald.at\/wp-content\/uploads\/2025\/03\/DREI-ROUTEN-1-768x768.png 768w, https:\/\/www.campinganderwald.at\/wp-content\/uploads\/2025\/03\/DREI-ROUTEN-1-650x650.png 650w\" sizes=\"(max-width: 938px) 100vw, 938px\" \/>\t\t<\/a>\n\t\t\t<\/div>\n<\/div>\n<div itemprop=\"dateCreated\" class=\"qodef-e-info-item qodef-e-info-date entry-date \">\n\t<a itemprop=\"url\" href=\"https:\/\/www.campinganderwald.at\/de\/2025\/03\/\">\n\t\t24 M\u00e4rz\t<\/a>\n<\/div>\n\t\t<\/div>\n\t\t<div class=\"qodef-e-content\">\n\t\t\t\t\t\t\t<div class=\"qodef-e-info qodef-info--top\">\n\t\t\t\t\t<div class=\"qodef-e-info-item qodef-e-info-category\">\n\t\t<a href=\"https:\/\/www.campinganderwald.at\/de\/category\/camping\/\" rel=\"category tag\">Camping<\/a><\/div>\n\t\t\t\t<\/div>\n\t\t\t\t\t\t<div class=\"qodef-e-text\">\n\t\t\t\t<h5 itemprop=\"name\" class=\"qodef-e-title entry-title\">\n\t<a itemprop=\"url\" class=\"qodef-e-title-link\" href=\"https:\/\/www.campinganderwald.at\/de\/rosa-200\/\">\n\t\tRosa200\t<\/a>\n<\/h5>\n\t\t<p itemprop=\"description\" class=\"qodef-e-excerpt\">\n\t\t\tIm Winter 2024 war Lissi kurz bei uns &#8211; mit der Bitte Ende Juni die Rosa200 bei uns starten zu k\u00f6nnen. Pia ist Rennradbegeisterte &amp; Faaker See Liebhaberin. Die Idee ist\t\t<\/p>\n\t\t\t\t<\/div>\n\t\t\t\t\t\t\t<div class=\"qodef-e-info qodef-info--bottom\">\n\t\t\t\t\t\t<div class=\"qodef-e-read-more\">\n\t\t<a class=\"qodef-shortcode qodef-m qodef-qi-button qodef-html--link qodef-layout--textual qodef-type--standard qodef-icon--right qodef-hover--icon-move-horizontal-short\" href=\"https:\/\/www.campinganderwald.at\/de\/rosa-200\/\" target=\"_self\">\t<span class=\"qodef-m-text\">Weiter lesen<\/span>\t\t<span class=\"qodef-m-icon\">\t\t<span class=\"qodef-m-icon-inner\">\t\t\t<i aria-hidden=\"true\" class=\"fas fa-long-arrow-alt-right\"><\/i>\t\t\t\t\t<\/span>\t<\/span><\/a>\t<\/div>\n\t\t\t\t<\/div>\n\t\t\t\t\t<\/div>\n\t<\/div>\n<\/article>\n<article class=\"qodef-e qodef-blog-item qodef-grid-item qodef-item--full post-13128 post type-post status-publish format-standard has-post-thumbnail hentry category-unkategorisiert\">\n\t<div class=\"qodef-e-inner\">\n\t\t<div class=\"qodef-e-media-holder\">\n\t\t\t<div class=\"qodef-e-media\">\n\t\t<div class=\"qodef-e-media-image\">\n\t\t<a itemprop=\"url\" href=\"https:\/\/www.campinganderwald.at\/de\/2024-als-2\/\">\n\t\t\t<img loading=\"lazy\" decoding=\"async\" width=\"640\" height=\"480\" src=\"https:\/\/www.campinganderwald.at\/wp-content\/uploads\/2025\/03\/IMG_5628.jpg\" class=\"attachment-full size-full\" alt=\"\" srcset=\"https:\/\/www.campinganderwald.at\/wp-content\/uploads\/2025\/03\/IMG_5628.jpg 640w, https:\/\/www.campinganderwald.at\/wp-content\/uploads\/2025\/03\/IMG_5628-300x225.jpg 300w\" sizes=\"(max-width: 640px) 100vw, 640px\" \/>\t\t<\/a>\n\t\t\t<\/div>\n<\/div>\n<div itemprop=\"dateCreated\" class=\"qodef-e-info-item qodef-e-info-date entry-date \">\n\t<a itemprop=\"url\" href=\"https:\/\/www.campinganderwald.at\/de\/2025\/03\/\">\n\t\t23 M\u00e4rz\t<\/a>\n<\/div>\n\t\t<\/div>\n\t\t<div class=\"qodef-e-content\">\n\t\t\t\t\t\t\t<div class=\"qodef-e-info qodef-info--top\">\n\t\t\t\t\t<div class=\"qodef-e-info-item qodef-e-info-category\">\n\t\t<a href=\"https:\/\/www.campinganderwald.at\/de\/category\/unkategorisiert\/\" rel=\"category tag\">Unkategorisiert<\/a><\/div>\n\t\t\t\t<\/div>\n\t\t\t\t\t\t<div class=\"qodef-e-text\">\n\t\t\t\t<h5 itemprop=\"name\" class=\"qodef-e-title entry-title\">\n\t<a itemprop=\"url\" class=\"qodef-e-title-link\" href=\"https:\/\/www.campinganderwald.at\/de\/2024-als-2\/\">\n\t\tUnsere erfolgreiche ALS Aktion\t<\/a>\n<\/h5>\n\t\t<p itemprop=\"description\" class=\"qodef-e-excerpt\">\n\t\t\tWie anfangs des Jahres 2024 angek\u00fcndigt, haben wir uns f\u00fcr eine echt gute Sache sehr ins Zeug gelegt.Vielen Dank liebe G\u00e4ste, lieber Sportverein Camping Anderwald Aktiv, liebe R\t\t<\/p>\n\t\t\t\t<\/div>\n\t\t\t\t\t\t\t<div class=\"qodef-e-info qodef-info--bottom\">\n\t\t\t\t\t\t<div class=\"qodef-e-read-more\">\n\t\t<a class=\"qodef-shortcode qodef-m qodef-qi-button qodef-html--link qodef-layout--textual qodef-type--standard qodef-icon--right qodef-hover--icon-move-horizontal-short\" href=\"https:\/\/www.campinganderwald.at\/de\/2024-als-2\/\" target=\"_self\">\t<span class=\"qodef-m-text\">Weiter lesen<\/span>\t\t<span class=\"qodef-m-icon\">\t\t<span class=\"qodef-m-icon-inner\">\t\t\t<i aria-hidden=\"true\" class=\"fas fa-long-arrow-alt-right\"><\/i>\t\t\t\t\t<\/span>\t<\/span><\/a>\t<\/div>\n\t\t\t\t<\/div>\n\t\t\t\t\t<\/div>\n\t<\/div>\n<\/article>\n<article class=\"qodef-e qodef-blog-item qodef-grid-item qodef-item--full post-13099 post type-post status-publish format-standard has-post-thumbnail hentry category-camping\">\n\t<div class=\"qodef-e-inner\">\n\t\t<div class=\"qodef-e-media-holder\">\n\t\t\t<div class=\"qodef-e-media\">\n\t\t<div class=\"qodef-e-media-image\">\n\t\t<a itemprop=\"url\" href=\"https:\/\/www.campinganderwald.at\/de\/save-the-date-2025-2\/\">\n\t\t\t<img loading=\"lazy\" decoding=\"async\" width=\"2560\" height=\"1465\" src=\"https:\/\/www.campinganderwald.at\/wp-content\/uploads\/2025\/03\/Gravel_Weissensee_NLW_\u00a9PeterSteiner_Mai2024_16-1-scaled.jpg\" class=\"attachment-full size-full\" alt=\"Peter Steiner | K\u00e4rnten Werbung GmbH\" srcset=\"https:\/\/www.campinganderwald.at\/wp-content\/uploads\/2025\/03\/Gravel_Weissensee_NLW_\u00a9PeterSteiner_Mai2024_16-1-scaled.jpg 2560w, https:\/\/www.campinganderwald.at\/wp-content\/uploads\/2025\/03\/Gravel_Weissensee_NLW_\u00a9PeterSteiner_Mai2024_16-1-300x172.jpg 300w, https:\/\/www.campinganderwald.at\/wp-content\/uploads\/2025\/03\/Gravel_Weissensee_NLW_\u00a9PeterSteiner_Mai2024_16-1-1024x586.jpg 1024w, https:\/\/www.campinganderwald.at\/wp-content\/uploads\/2025\/03\/Gravel_Weissensee_NLW_\u00a9PeterSteiner_Mai2024_16-1-768x440.jpg 768w, https:\/\/www.campinganderwald.at\/wp-content\/uploads\/2025\/03\/Gravel_Weissensee_NLW_\u00a9PeterSteiner_Mai2024_16-1-1536x879.jpg 1536w, https:\/\/www.campinganderwald.at\/wp-content\/uploads\/2025\/03\/Gravel_Weissensee_NLW_\u00a9PeterSteiner_Mai2024_16-1-2048x1172.jpg 2048w\" sizes=\"(max-width: 2560px) 100vw, 2560px\" \/>\t\t<\/a>\n\t\t\t<\/div>\n<\/div>\n<div itemprop=\"dateCreated\" class=\"qodef-e-info-item qodef-e-info-date entry-date \">\n\t<a itemprop=\"url\" href=\"https:\/\/www.campinganderwald.at\/de\/2025\/03\/\">\n\t\t23 M\u00e4rz\t<\/a>\n<\/div>\n\t\t<\/div>\n\t\t<div class=\"qodef-e-content\">\n\t\t\t\t\t\t\t<div class=\"qodef-e-info qodef-info--top\">\n\t\t\t\t\t<div class=\"qodef-e-info-item qodef-e-info-category\">\n\t\t<a href=\"https:\/\/www.campinganderwald.at\/de\/category\/camping\/\" rel=\"category tag\">Camping<\/a><\/div>\n\t\t\t\t<\/div>\n\t\t\t\t\t\t<div class=\"qodef-e-text\">\n\t\t\t\t<h5 itemprop=\"name\" class=\"qodef-e-title entry-title\">\n\t<a itemprop=\"url\" class=\"qodef-e-title-link\" href=\"https:\/\/www.campinganderwald.at\/de\/save-the-date-2025-2\/\">\n\t\tW\u00f6rther See Gravel Race 2025\t<\/a>\n<\/h5>\n\t\t<p itemprop=\"description\" class=\"qodef-e-excerpt\">\n\t\t\tWir haben rechtzeitig ge\u00f6ffnet f\u00fcr das gro\u00dfe Gravel Race am 6. April. 2025. Das W\u00f6rthersee Gravel Race, mit Bewerben f\u00fcr Profis, Ambitionierte &amp; Freizeit-Offroad-Biker f\u00fc\t\t<\/p>\n\t\t\t\t<\/div>\n\t\t\t\t\t\t\t<div class=\"qodef-e-info qodef-info--bottom\">\n\t\t\t\t\t\t<div class=\"qodef-e-read-more\">\n\t\t<a class=\"qodef-shortcode qodef-m qodef-qi-button qodef-html--link qodef-layout--textual qodef-type--standard qodef-icon--right qodef-hover--icon-move-horizontal-short\" href=\"https:\/\/www.campinganderwald.at\/de\/save-the-date-2025-2\/\" target=\"_self\">\t<span class=\"qodef-m-text\">Weiter lesen<\/span>\t\t<span class=\"qodef-m-icon\">\t\t<span class=\"qodef-m-icon-inner\">\t\t\t<i aria-hidden=\"true\" class=\"fas fa-long-arrow-alt-right\"><\/i>\t\t\t\t\t<\/span>\t<\/span><\/a>\t<\/div>\n\t\t\t\t<\/div>\n\t\t\t\t\t<\/div>\n\t<\/div>\n<\/article>\n<article class=\"qodef-e qodef-blog-item qodef-grid-item qodef-item--full post-13012 post type-post status-publish format-standard has-post-thumbnail hentry category-camping\">\n\t<div class=\"qodef-e-inner\">\n\t\t<div class=\"qodef-e-media-holder\">\n\t\t\t<div class=\"qodef-e-media\">\n\t\t<div class=\"qodef-e-media-image\">\n\t\t<a itemprop=\"url\" href=\"https:\/\/www.campinganderwald.at\/de\/save-the-date-2025\/\">\n\t\t\t<img loading=\"lazy\" decoding=\"async\" width=\"2058\" height=\"774\" src=\"https:\/\/www.campinganderwald.at\/wp-content\/uploads\/2024\/02\/Start-in-den-Sommer.jpg\" class=\"attachment-full size-full\" alt=\"\" srcset=\"https:\/\/www.campinganderwald.at\/wp-content\/uploads\/2024\/02\/Start-in-den-Sommer.jpg 2058w, https:\/\/www.campinganderwald.at\/wp-content\/uploads\/2024\/02\/Start-in-den-Sommer-300x113.jpg 300w, https:\/\/www.campinganderwald.at\/wp-content\/uploads\/2024\/02\/Start-in-den-Sommer-1024x385.jpg 1024w, https:\/\/www.campinganderwald.at\/wp-content\/uploads\/2024\/02\/Start-in-den-Sommer-768x289.jpg 768w, https:\/\/www.campinganderwald.at\/wp-content\/uploads\/2024\/02\/Start-in-den-Sommer-1536x578.jpg 1536w, https:\/\/www.campinganderwald.at\/wp-content\/uploads\/2024\/02\/Start-in-den-Sommer-2048x770.jpg 2048w\" sizes=\"(max-width: 2058px) 100vw, 2058px\" \/>\t\t<\/a>\n\t\t\t<\/div>\n<\/div>\n<div itemprop=\"dateCreated\" class=\"qodef-e-info-item qodef-e-info-date entry-date \">\n\t<a itemprop=\"url\" href=\"https:\/\/www.campinganderwald.at\/de\/2024\/12\/\">\n\t\t29 Dez.\t<\/a>\n<\/div>\n\t\t<\/div>\n\t\t<div class=\"qodef-e-content\">\n\t\t\t\t\t\t\t<div class=\"qodef-e-info qodef-info--top\">\n\t\t\t\t\t<div class=\"qodef-e-info-item qodef-e-info-category\">\n\t\t<a href=\"https:\/\/www.campinganderwald.at\/de\/category\/camping\/\" rel=\"category tag\">Camping<\/a><\/div>\n\t\t\t\t<\/div>\n\t\t\t\t\t\t<div class=\"qodef-e-text\">\n\t\t\t\t<h5 itemprop=\"name\" class=\"qodef-e-title entry-title\">\n\t<a itemprop=\"url\" class=\"qodef-e-title-link\" href=\"https:\/\/www.campinganderwald.at\/de\/save-the-date-2025\/\">\n\t\tSave the Date 2025\t<\/a>\n<\/h5>\n\t\t<p itemprop=\"description\" class=\"qodef-e-excerpt\">\n\t\t\tZum Start ins Jahr 2025 gibt es \u00d6ffnungszeiten &amp; Daten wichtiger Ereignisse: \u2022Wir haben unseren Campingplatz heuer vom 1.4.2025 bis zum 3.11.2025 ge\u00f6ffnet. \u2022Unser Restaur\t\t<\/p>\n\t\t\t\t<\/div>\n\t\t\t\t\t\t\t<div class=\"qodef-e-info qodef-info--bottom\">\n\t\t\t\t\t\t<div class=\"qodef-e-read-more\">\n\t\t<a class=\"qodef-shortcode qodef-m qodef-qi-button qodef-html--link qodef-layout--textual qodef-type--standard qodef-icon--right qodef-hover--icon-move-horizontal-short\" href=\"https:\/\/www.campinganderwald.at\/de\/save-the-date-2025\/\" target=\"_self\">\t<span class=\"qodef-m-text\">Weiter lesen<\/span>\t\t<span class=\"qodef-m-icon\">\t\t<span class=\"qodef-m-icon-inner\">\t\t\t<i aria-hidden=\"true\" class=\"fas fa-long-arrow-alt-right\"><\/i>\t\t\t\t\t<\/span>\t<\/span><\/a>\t<\/div>\n\t\t\t\t<\/div>\n\t\t\t\t\t<\/div>\n\t<\/div>\n<\/article>\n\t<\/div>\n\t<\/div>\n\t\t\t\t<\/div>\n\t\t\t\t<\/div>\n\t\t\t\t\t<\/div>\n\t\t<\/div>\n\t\t\t\t\t<\/div>\n\t\t<\/section>\n\t\t\t\t<\/div>\n\t\t","protected":false},"excerpt":{"rendered":"<p>31 Dez Camping Wir feiern heuer unser 70 Jahr Jubil\u00e4um. Mit dem Campingplatz ist es wie mit mir selbst &#8211; ich wei\u00df n\u00e4mlich auch nie ganz genau wie alt ich bin \ud83d\ude09 &#8211; 2022 jedenfalls feiern wir 70 Jahre Camping Anderwald.Den Weiter lesen<\/p>\n","protected":false},"author":2,"featured_media":0,"parent":0,"menu_order":0,"comment_status":"closed","ping_status":"closed","template":"","meta":{"footnotes":""},"class_list":["post-368","page","type-page","status-publish","hentry"],"yoast_head":"<!-- This site is optimized with the Yoast SEO plugin v27.5 - https:\/\/yoast.com\/product\/yoast-seo-wordpress\/ -->\n<title>Neuigkeiten \/ Tipps - Camping Anderwald<\/title>\n<meta name=\"robots\" content=\"index, follow, max-snippet:-1, max-image-preview:large, max-video-preview:-1\" \/>\n<link rel=\"canonical\" href=\"https:\/\/www.campinganderwald.at\/de\/neuigkeiten\/\" \/>\n<meta property=\"og:locale\" content=\"de_DE\" \/>\n<meta property=\"og:type\" content=\"article\" \/>\n<meta property=\"og:title\" content=\"Neuigkeiten \/ Tipps - Camping Anderwald\" \/>\n<meta property=\"og:description\" content=\"31 Dez Camping Wir feiern heuer unser 70 Jahr Jubil\u00e4um. Mit dem Campingplatz ist es wie mit mir selbst &#8211; ich wei\u00df n\u00e4mlich auch nie ganz genau wie alt ich bin \ud83d\ude09 &#8211; 2022 jedenfalls feiern wir 70 Jahre Camping Anderwald.Den Weiter lesen\" \/>\n<meta property=\"og:url\" content=\"https:\/\/www.campinganderwald.at\/de\/neuigkeiten\/\" \/>\n<meta property=\"og:site_name\" content=\"Camping Anderwald\" \/>\n<meta property=\"article:modified_time\" content=\"2022-03-21T18:58:52+00:00\" \/>\n<meta property=\"og:image\" content=\"https:\/\/www.campinganderwald.at\/wp-content\/uploads\/2022\/01\/4b26409e86faa_o.jpg\" \/>\n<meta name=\"twitter:card\" content=\"summary_large_image\" \/>\n<meta name=\"twitter:label1\" content=\"Gesch\u00e4tzte Lesezeit\" \/>\n\t<meta name=\"twitter:data1\" content=\"1\u00a0Minute\" \/>\n<script type=\"application\/ld+json\" class=\"yoast-schema-graph\">{\"@context\":\"https:\\\/\\\/schema.org\",\"@graph\":[{\"@type\":\"WebPage\",\"@id\":\"https:\\\/\\\/www.campinganderwald.at\\\/de\\\/neuigkeiten\\\/\",\"url\":\"https:\\\/\\\/www.campinganderwald.at\\\/de\\\/neuigkeiten\\\/\",\"name\":\"Neuigkeiten \\\/ Tipps - Camping Anderwald\",\"isPartOf\":{\"@id\":\"https:\\\/\\\/www.campinganderwald.at\\\/de\\\/#website\"},\"primaryImageOfPage\":{\"@id\":\"https:\\\/\\\/www.campinganderwald.at\\\/de\\\/neuigkeiten\\\/#primaryimage\"},\"image\":{\"@id\":\"https:\\\/\\\/www.campinganderwald.at\\\/de\\\/neuigkeiten\\\/#primaryimage\"},\"thumbnailUrl\":\"https:\\\/\\\/www.campinganderwald.at\\\/wp-content\\\/uploads\\\/2022\\\/01\\\/4b26409e86faa_o.jpg\",\"datePublished\":\"2021-06-04T09:52:29+00:00\",\"dateModified\":\"2022-03-21T18:58:52+00:00\",\"breadcrumb\":{\"@id\":\"https:\\\/\\\/www.campinganderwald.at\\\/de\\\/neuigkeiten\\\/#breadcrumb\"},\"inLanguage\":\"de\",\"potentialAction\":[{\"@type\":\"ReadAction\",\"target\":[\"https:\\\/\\\/www.campinganderwald.at\\\/de\\\/neuigkeiten\\\/\"]}]},{\"@type\":\"ImageObject\",\"inLanguage\":\"de\",\"@id\":\"https:\\\/\\\/www.campinganderwald.at\\\/de\\\/neuigkeiten\\\/#primaryimage\",\"url\":\"https:\\\/\\\/www.campinganderwald.at\\\/wp-content\\\/uploads\\\/2022\\\/01\\\/4b26409e86faa_o.jpg\",\"contentUrl\":\"https:\\\/\\\/www.campinganderwald.at\\\/wp-content\\\/uploads\\\/2022\\\/01\\\/4b26409e86faa_o.jpg\"},{\"@type\":\"BreadcrumbList\",\"@id\":\"https:\\\/\\\/www.campinganderwald.at\\\/de\\\/neuigkeiten\\\/#breadcrumb\",\"itemListElement\":[{\"@type\":\"ListItem\",\"position\":1,\"name\":\"Startseite\",\"item\":\"https:\\\/\\\/www.campinganderwald.at\\\/de\\\/\"},{\"@type\":\"ListItem\",\"position\":2,\"name\":\"Neuigkeiten \\\/ Tipps\"}]},{\"@type\":\"WebSite\",\"@id\":\"https:\\\/\\\/www.campinganderwald.at\\\/de\\\/#website\",\"url\":\"https:\\\/\\\/www.campinganderwald.at\\\/de\\\/\",\"name\":\"Camping Anderwald\",\"description\":\"Unser Campingplatz liegt direkt am Faaker See in K\u00e4rnten, eingebettet in die traumhafte Kulisse der das gesamte Gebiet umgebenden Karawanken. Der Faaker See ist nicht nur der s\u00fcdlichste Badesee K\u00e4rntens, er ist auch einer der...\",\"publisher\":{\"@id\":\"https:\\\/\\\/www.campinganderwald.at\\\/de\\\/#organization\"},\"potentialAction\":[{\"@type\":\"SearchAction\",\"target\":{\"@type\":\"EntryPoint\",\"urlTemplate\":\"https:\\\/\\\/www.campinganderwald.at\\\/de\\\/?s={search_term_string}\"},\"query-input\":{\"@type\":\"PropertyValueSpecification\",\"valueRequired\":true,\"valueName\":\"search_term_string\"}}],\"inLanguage\":\"de\"},{\"@type\":\"Organization\",\"@id\":\"https:\\\/\\\/www.campinganderwald.at\\\/de\\\/#organization\",\"name\":\"Camping Anderwald\",\"url\":\"https:\\\/\\\/www.campinganderwald.at\\\/de\\\/\",\"logo\":{\"@type\":\"ImageObject\",\"inLanguage\":\"de\",\"@id\":\"https:\\\/\\\/www.campinganderwald.at\\\/de\\\/#\\\/schema\\\/logo\\\/image\\\/\",\"url\":\"https:\\\/\\\/www.campinganderwald.at\\\/wp-content\\\/uploads\\\/2022\\\/01\\\/campingAnderwald-logo.svg\",\"contentUrl\":\"https:\\\/\\\/www.campinganderwald.at\\\/wp-content\\\/uploads\\\/2022\\\/01\\\/campingAnderwald-logo.svg\",\"caption\":\"Camping Anderwald\"},\"image\":{\"@id\":\"https:\\\/\\\/www.campinganderwald.at\\\/de\\\/#\\\/schema\\\/logo\\\/image\\\/\"}}]}<\/script>\n<!-- \/ Yoast SEO plugin. -->","yoast_head_json":{"title":"Neuigkeiten \/ Tipps - Camping Anderwald","robots":{"index":"index","follow":"follow","max-snippet":"max-snippet:-1","max-image-preview":"max-image-preview:large","max-video-preview":"max-video-preview:-1"},"canonical":"https:\/\/www.campinganderwald.at\/de\/neuigkeiten\/","og_locale":"de_DE","og_type":"article","og_title":"Neuigkeiten \/ Tipps - Camping Anderwald","og_description":"31 Dez Camping Wir feiern heuer unser 70 Jahr Jubil\u00e4um. Mit dem Campingplatz ist es wie mit mir selbst &#8211; ich wei\u00df n\u00e4mlich auch nie ganz genau wie alt ich bin \ud83d\ude09 &#8211; 2022 jedenfalls feiern wir 70 Jahre Camping Anderwald.Den Weiter lesen","og_url":"https:\/\/www.campinganderwald.at\/de\/neuigkeiten\/","og_site_name":"Camping Anderwald","article_modified_time":"2022-03-21T18:58:52+00:00","og_image":[{"url":"https:\/\/www.campinganderwald.at\/wp-content\/uploads\/2022\/01\/4b26409e86faa_o.jpg","type":"","width":"","height":""}],"twitter_card":"summary_large_image","twitter_misc":{"Gesch\u00e4tzte Lesezeit":"1\u00a0Minute"},"schema":{"@context":"https:\/\/schema.org","@graph":[{"@type":"WebPage","@id":"https:\/\/www.campinganderwald.at\/de\/neuigkeiten\/","url":"https:\/\/www.campinganderwald.at\/de\/neuigkeiten\/","name":"Neuigkeiten \/ Tipps - Camping Anderwald","isPartOf":{"@id":"https:\/\/www.campinganderwald.at\/de\/#website"},"primaryImageOfPage":{"@id":"https:\/\/www.campinganderwald.at\/de\/neuigkeiten\/#primaryimage"},"image":{"@id":"https:\/\/www.campinganderwald.at\/de\/neuigkeiten\/#primaryimage"},"thumbnailUrl":"https:\/\/www.campinganderwald.at\/wp-content\/uploads\/2022\/01\/4b26409e86faa_o.jpg","datePublished":"2021-06-04T09:52:29+00:00","dateModified":"2022-03-21T18:58:52+00:00","breadcrumb":{"@id":"https:\/\/www.campinganderwald.at\/de\/neuigkeiten\/#breadcrumb"},"inLanguage":"de","potentialAction":[{"@type":"ReadAction","target":["https:\/\/www.campinganderwald.at\/de\/neuigkeiten\/"]}]},{"@type":"ImageObject","inLanguage":"de","@id":"https:\/\/www.campinganderwald.at\/de\/neuigkeiten\/#primaryimage","url":"https:\/\/www.campinganderwald.at\/wp-content\/uploads\/2022\/01\/4b26409e86faa_o.jpg","contentUrl":"https:\/\/www.campinganderwald.at\/wp-content\/uploads\/2022\/01\/4b26409e86faa_o.jpg"},{"@type":"BreadcrumbList","@id":"https:\/\/www.campinganderwald.at\/de\/neuigkeiten\/#breadcrumb","itemListElement":[{"@type":"ListItem","position":1,"name":"Startseite","item":"https:\/\/www.campinganderwald.at\/de\/"},{"@type":"ListItem","position":2,"name":"Neuigkeiten \/ Tipps"}]},{"@type":"WebSite","@id":"https:\/\/www.campinganderwald.at\/de\/#website","url":"https:\/\/www.campinganderwald.at\/de\/","name":"Camping Anderwald","description":"Unser Campingplatz liegt direkt am Faaker See in K\u00e4rnten, eingebettet in die traumhafte Kulisse der das gesamte Gebiet umgebenden Karawanken. Der Faaker See ist nicht nur der s\u00fcdlichste Badesee K\u00e4rntens, er ist auch einer der...","publisher":{"@id":"https:\/\/www.campinganderwald.at\/de\/#organization"},"potentialAction":[{"@type":"SearchAction","target":{"@type":"EntryPoint","urlTemplate":"https:\/\/www.campinganderwald.at\/de\/?s={search_term_string}"},"query-input":{"@type":"PropertyValueSpecification","valueRequired":true,"valueName":"search_term_string"}}],"inLanguage":"de"},{"@type":"Organization","@id":"https:\/\/www.campinganderwald.at\/de\/#organization","name":"Camping Anderwald","url":"https:\/\/www.campinganderwald.at\/de\/","logo":{"@type":"ImageObject","inLanguage":"de","@id":"https:\/\/www.campinganderwald.at\/de\/#\/schema\/logo\/image\/","url":"https:\/\/www.campinganderwald.at\/wp-content\/uploads\/2022\/01\/campingAnderwald-logo.svg","contentUrl":"https:\/\/www.campinganderwald.at\/wp-content\/uploads\/2022\/01\/campingAnderwald-logo.svg","caption":"Camping Anderwald"},"image":{"@id":"https:\/\/www.campinganderwald.at\/de\/#\/schema\/logo\/image\/"}}]}},"_links":{"self":[{"href":"https:\/\/www.campinganderwald.at\/de\/wp-json\/wp\/v2\/pages\/368","targetHints":{"allow":["GET"]}}],"collection":[{"href":"https:\/\/www.campinganderwald.at\/de\/wp-json\/wp\/v2\/pages"}],"about":[{"href":"https:\/\/www.campinganderwald.at\/de\/wp-json\/wp\/v2\/types\/page"}],"author":[{"embeddable":true,"href":"https:\/\/www.campinganderwald.at\/de\/wp-json\/wp\/v2\/users\/2"}],"replies":[{"embeddable":true,"href":"https:\/\/www.campinganderwald.at\/de\/wp-json\/wp\/v2\/comments?post=368"}],"version-history":[{"count":0,"href":"https:\/\/www.campinganderwald.at\/de\/wp-json\/wp\/v2\/pages\/368\/revisions"}],"wp:attachment":[{"href":"https:\/\/www.campinganderwald.at\/de\/wp-json\/wp\/v2\/media?parent=368"}],"curies":[{"name":"wp","href":"https:\/\/api.w.org\/{rel}","templated":true}]}}