{"id":8965,"date":"2022-04-07T20:38:27","date_gmt":"2022-04-07T19:38:27","guid":{"rendered":"https:\/\/www.campinganderwald.at\/?page_id=8965"},"modified":"2026-03-16T21:49:42","modified_gmt":"2026-03-16T20:49:42","slug":"ostern","status":"publish","type":"page","link":"https:\/\/www.campinganderwald.at\/de\/ostern\/","title":{"rendered":"Ostern am See"},"content":{"rendered":"\t\t<div data-elementor-type=\"wp-page\" data-elementor-id=\"8965\" class=\"elementor elementor-8965\" data-elementor-post-type=\"page\">\n\t\t\t\t\t\t<section class=\"elementor-section elementor-top-section elementor-element elementor-element-ed5d843 elementor-section-boxed elementor-section-height-default elementor-section-height-default qodef-elementor-content-no\" data-id=\"ed5d843\" data-element_type=\"section\" data-e-type=\"section\">\n\t\t\t\t\t\t<div class=\"elementor-container elementor-column-gap-default\">\n\t\t\t\t\t<div class=\"elementor-column elementor-col-100 elementor-top-column elementor-element elementor-element-b142fe4\" data-id=\"b142fe4\" data-element_type=\"column\" data-e-type=\"column\">\n\t\t\t<div class=\"elementor-widget-wrap elementor-element-populated\">\n\t\t\t\t\t\t<div class=\"elementor-element elementor-element-c1553c2 elementor-widget elementor-widget-qi_addons_for_elementor_section_title\" data-id=\"c1553c2\" data-element_type=\"widget\" data-e-type=\"widget\" data-widget_type=\"qi_addons_for_elementor_section_title.default\">\n\t\t\t\t<div class=\"elementor-widget-container\">\n\t\t\t\t\t<div class=\"qodef-shortcode qodef-m qodef-qi-section-title qodef-decoration--italic qodef-link--underline-draw qodef-subtitle-icon--left\">\n\t\t\t\t<h5 class=\"qodef-m-subtitle\">\n\t\tErwachen\t\t\t<\/h5>\n\t\t\t<h2 class=\"qodef-m-title\">\n\t\tOstern: Fr\u00fchling am Faaker See\t<\/h2>\n\t\t\t<div class=\"qodef-m-text\"><p><strong><span class=\"BZ_Pyq_fadeIn\">Freiheit, <\/span><span class=\"BZ_Pyq_fadeIn\">Natur <\/span><span class=\"BZ_Pyq_fadeIn\">und <\/span><span class=\"BZ_Pyq_fadeIn\">jede <\/span><span class=\"BZ_Pyq_fadeIn\">Menge <\/span><span class=\"BZ_Pyq_fadeIn\">Platz.<\/span><\/strong><\/p><p><a href=\"https:\/\/www.campinganderwald.at\/de\/anfrage\/\">Anfrage &amp; Reservierung<\/a><\/p><p><span class=\"BZ_Pyq_fadeIn\">Ab <\/span><strong><span class=\"BZ_Pyq_fadeIn\">28.3.2026<\/span><\/strong> <span class=\"BZ_Pyq_fadeIn\">ist <\/span><span class=\"BZ_Pyq_fadeIn\">unser <\/span><span class=\"BZ_Pyq_fadeIn\">Campingplatz <\/span><span class=\"BZ_Pyq_fadeIn\">wieder <\/span><span class=\"BZ_Pyq_fadeIn\">ge\u00f6ffnet. <\/span><span class=\"BZ_Pyq_fadeIn\">Perfekt, <\/span><span class=\"BZ_Pyq_fadeIn\">um <\/span><span class=\"BZ_Pyq_fadeIn\">den <\/span><span class=\"BZ_Pyq_fadeIn\">Fr\u00fchling <\/span><span class=\"BZ_Pyq_fadeIn\">am <\/span><span class=\"BZ_Pyq_fadeIn\">Faaker <\/span><span class=\"BZ_Pyq_fadeIn\">See <\/span><span class=\"BZ_Pyq_fadeIn\">zu <\/span><span class=\"BZ_Pyq_fadeIn\">genie\u00dfen. <\/span><span class=\"BZ_Pyq_fadeIn\">Noch <\/span><span class=\"BZ_Pyq_fadeIn\">haben <\/span><span class=\"BZ_Pyq_fadeIn\">nur <\/span><span class=\"BZ_Pyq_fadeIn\">wenige <\/span><span class=\"BZ_Pyq_fadeIn\">Betriebe <\/span><span class=\"BZ_Pyq_fadeIn\">offen \u2013 <\/span><span class=\"BZ_Pyq_fadeIn\">Berg <\/span><span class=\"BZ_Pyq_fadeIn\">und <\/span><span class=\"BZ_Pyq_fadeIn\">See <\/span><span class=\"BZ_Pyq_fadeIn\">geh\u00f6ren <\/span><span class=\"BZ_Pyq_fadeIn\">Dir <\/span><span class=\"BZ_Pyq_fadeIn\">also <\/span><span class=\"BZ_Pyq_fadeIn\">fast <\/span><span class=\"BZ_Pyq_fadeIn\">allein.<\/span><\/p><p><span class=\"BZ_Pyq_fadeIn\">Starte <\/span><span class=\"BZ_Pyq_fadeIn\">den <\/span><span class=\"BZ_Pyq_fadeIn\">Tag <\/span><span class=\"BZ_Pyq_fadeIn\">mit <\/span><span class=\"BZ_Pyq_fadeIn\">Vogelgezwitscher, <\/span><span class=\"BZ_Pyq_fadeIn\">genie\u00dfe <\/span><span class=\"BZ_Pyq_fadeIn\">die <\/span><span class=\"BZ_Pyq_fadeIn\">Ruhe <\/span><span class=\"BZ_Pyq_fadeIn\">am <\/span><span class=\"BZ_Pyq_fadeIn\">Strand <\/span><span class=\"BZ_Pyq_fadeIn\">und <\/span><span class=\"BZ_Pyq_fadeIn\">geh <\/span><span class=\"BZ_Pyq_fadeIn\">raus <\/span><span class=\"BZ_Pyq_fadeIn\">in <\/span><span class=\"BZ_Pyq_fadeIn\">die <\/span><span class=\"BZ_Pyq_fadeIn\">Natur: <\/span><span class=\"BZ_Pyq_fadeIn\">Rad- <\/span><span class=\"BZ_Pyq_fadeIn\">und <\/span><span class=\"BZ_Pyq_fadeIn\">Wandertouren, <\/span><span class=\"BZ_Pyq_fadeIn\">Mountainbiken, <\/span><span class=\"BZ_Pyq_fadeIn\">Klettersteige <\/span><span class=\"BZ_Pyq_fadeIn\">oder <\/span><span class=\"BZ_Pyq_fadeIn\">eine <\/span><span class=\"BZ_Pyq_fadeIn\">Paddelrunde <\/span><span class=\"BZ_Pyq_fadeIn\">am <\/span><span class=\"BZ_Pyq_fadeIn\">See. <\/span><span class=\"BZ_Pyq_fadeIn\">Und <\/span><span class=\"BZ_Pyq_fadeIn\">wer <\/span><span class=\"BZ_Pyq_fadeIn\">mutig <\/span><span class=\"BZ_Pyq_fadeIn\">ist, <\/span><span class=\"BZ_Pyq_fadeIn\">springt <\/span><span class=\"BZ_Pyq_fadeIn\">sogar <\/span><span class=\"BZ_Pyq_fadeIn\">schon <\/span><span class=\"BZ_Pyq_fadeIn\">ins <\/span><span class=\"BZ_Pyq_fadeIn\">Wasser.<\/span><\/p><p><span class=\"BZ_Pyq_fadeIn\">Fr\u00fchling <\/span><span class=\"BZ_Pyq_fadeIn\">am <\/span><span class=\"BZ_Pyq_fadeIn\">Faaker <\/span><span class=\"BZ_Pyq_fadeIn\">See \u2013 <\/span><span class=\"BZ_Pyq_fadeIn\">einfach <\/span><span class=\"BZ_Pyq_fadeIn\">drau\u00dfen <\/span><span class=\"BZ_Pyq_fadeIn\">sein.<\/span><\/p><\/div>\n\t<\/div>\n\t\t\t\t<\/div>\n\t\t\t\t<\/div>\n\t\t\t\t\t<\/div>\n\t\t<\/div>\n\t\t\t\t\t<\/div>\n\t\t<\/section>\n\t\t\t\t<section class=\"elementor-section elementor-top-section elementor-element elementor-element-2eb4fd4 elementor-section-boxed elementor-section-height-default elementor-section-height-default qodef-elementor-content-no\" data-id=\"2eb4fd4\" data-element_type=\"section\" data-e-type=\"section\">\n\t\t\t\t\t\t<div class=\"elementor-container elementor-column-gap-default\">\n\t\t\t\t\t<div class=\"elementor-column elementor-col-50 elementor-top-column elementor-element elementor-element-00479e8\" data-id=\"00479e8\" data-element_type=\"column\" data-e-type=\"column\">\n\t\t\t<div class=\"elementor-widget-wrap elementor-element-populated\">\n\t\t\t\t\t\t<div class=\"elementor-element elementor-element-52f5bb1 elementor-widget elementor-widget-text-editor\" data-id=\"52f5bb1\" data-element_type=\"widget\" data-e-type=\"widget\" data-widget_type=\"text-editor.default\">\n\t\t\t\t<div class=\"elementor-widget-container\">\n\t\t\t\t\t\t\t\t\t<p>Das bewusste Wahrnehmen der \u00fcberw\u00e4ltigenden Natur um uns herum beruhigt, macht still, befreit den Kopf und l\u00e4sst Weitblick finden.<\/p><p>Dazu haben wir ein paar einfache Services f\u00fcr Euch:<\/p><ul><li>Freie Platzwahl<\/li><li><a href=\"https:\/\/www.visitvillach.at\/de\/erlebnis-card.html\">Erlebniskarte<\/a> der Region Villach<\/li><li>Frisches Geb\u00e4ck der B\u00e4ckerei Gregori\u00a0<\/li><li>Oster\u00fcberraschung<\/li><\/ul>\t\t\t\t\t\t\t\t<\/div>\n\t\t\t\t<\/div>\n\t\t\t\t\t<\/div>\n\t\t<\/div>\n\t\t\t\t<div class=\"elementor-column elementor-col-50 elementor-top-column elementor-element elementor-element-75a5f7c\" data-id=\"75a5f7c\" data-element_type=\"column\" data-e-type=\"column\">\n\t\t\t<div class=\"elementor-widget-wrap elementor-element-populated\">\n\t\t\t\t\t\t<div class=\"elementor-element elementor-element-d32c994 elementor-widget elementor-widget-image\" data-id=\"d32c994\" data-element_type=\"widget\" data-e-type=\"widget\" data-widget_type=\"image.default\">\n\t\t\t\t<div class=\"elementor-widget-container\">\n\t\t\t\t\t\t\t\t\t\t\t\t\t\t\t<img fetchpriority=\"high\" decoding=\"async\" width=\"650\" height=\"650\" src=\"https:\/\/www.campinganderwald.at\/wp-content\/uploads\/2025\/12\/Stabentheiner_CampingAnderwald-123-650x650.jpg\" class=\"attachment-kamperen_core_image_size_square size-kamperen_core_image_size_square wp-image-14197\" alt=\"\" srcset=\"https:\/\/www.campinganderwald.at\/wp-content\/uploads\/2025\/12\/Stabentheiner_CampingAnderwald-123-650x650.jpg 650w, https:\/\/www.campinganderwald.at\/wp-content\/uploads\/2025\/12\/Stabentheiner_CampingAnderwald-123-150x150.jpg 150w, https:\/\/www.campinganderwald.at\/wp-content\/uploads\/2025\/12\/Stabentheiner_CampingAnderwald-123-1300x1300.jpg 1300w\" sizes=\"(max-width: 650px) 100vw, 650px\" \/>\t\t\t\t\t\t\t\t\t\t\t\t\t\t\t<\/div>\n\t\t\t\t<\/div>\n\t\t\t\t<div class=\"elementor-element elementor-element-41fb91b elementor-widget elementor-widget-qi_addons_for_elementor_button\" data-id=\"41fb91b\" data-element_type=\"widget\" data-e-type=\"widget\" data-widget_type=\"qi_addons_for_elementor_button.default\">\n\t\t\t\t<div class=\"elementor-widget-container\">\n\t\t\t\t\t<a class=\"qodef-shortcode qodef-m qodef-qi-button qodef-html--link qodef-layout--filled qodef-type--standard qodef-size--full qodef-icon--right qodef-hover--icon-move-horizontal-short\" href=\"https:\/\/www.campinganderwald.at\/de\/anfrage\/\" target=\"_self\">\n\t<span class=\"qodef-m-text\">Anfragen und Buchungen <\/span>\n\t<\/a>\n\t\t\t\t<\/div>\n\t\t\t\t<\/div>\n\t\t\t\t\t<\/div>\n\t\t<\/div>\n\t\t\t\t\t<\/div>\n\t\t<\/section>\n\t\t\t\t<section class=\"elementor-section elementor-top-section elementor-element elementor-element-26ebf34 elementor-section-boxed elementor-section-height-default elementor-section-height-default qodef-elementor-content-no\" data-id=\"26ebf34\" data-element_type=\"section\" data-e-type=\"section\">\n\t\t\t\t\t\t<div class=\"elementor-container elementor-column-gap-default\">\n\t\t\t\t\t<div class=\"elementor-column elementor-col-100 elementor-top-column elementor-element elementor-element-fc1397e\" data-id=\"fc1397e\" data-element_type=\"column\" data-e-type=\"column\">\n\t\t\t<div class=\"elementor-widget-wrap elementor-element-populated\">\n\t\t\t\t\t\t<div class=\"elementor-element elementor-element-f909eb1 elementor-widget elementor-widget-gallery\" data-id=\"f909eb1\" data-element_type=\"widget\" data-e-type=\"widget\" data-settings=\"{&quot;lazyload&quot;:&quot;yes&quot;,&quot;gallery_layout&quot;:&quot;grid&quot;,&quot;columns&quot;:4,&quot;columns_tablet&quot;:2,&quot;columns_mobile&quot;:1,&quot;gap&quot;:{&quot;unit&quot;:&quot;px&quot;,&quot;size&quot;:10,&quot;sizes&quot;:[]},&quot;gap_tablet&quot;:{&quot;unit&quot;:&quot;px&quot;,&quot;size&quot;:10,&quot;sizes&quot;:[]},&quot;gap_mobile&quot;:{&quot;unit&quot;:&quot;px&quot;,&quot;size&quot;:10,&quot;sizes&quot;:[]},&quot;link_to&quot;:&quot;file&quot;,&quot;aspect_ratio&quot;:&quot;3:2&quot;,&quot;overlay_background&quot;:&quot;yes&quot;,&quot;content_hover_animation&quot;:&quot;fade-in&quot;}\" data-widget_type=\"gallery.default\">\n\t\t\t\t<div class=\"elementor-widget-container\">\n\t\t\t\t\t\t\t<div class=\"elementor-gallery__container\">\n\t\t\t\t\t\t\t<a class=\"e-gallery-item elementor-gallery-item elementor-animated-content\" href=\"https:\/\/www.campinganderwald.at\/wp-content\/uploads\/2024\/09\/Kanu-Foto-Gerhild-Anderwald-scaled.jpg\" data-elementor-open-lightbox=\"yes\" data-elementor-lightbox-slideshow=\"f909eb1\" data-elementor-lightbox-title=\"Kanu Foto Gerhild Anderwald\" data-e-action-hash=\"#elementor-action%3Aaction%3Dlightbox%26settings%3DeyJpZCI6MTI3OTUsInVybCI6Imh0dHBzOlwvXC93d3cuY2FtcGluZ2FuZGVyd2FsZC5hdFwvd3AtY29udGVudFwvdXBsb2Fkc1wvMjAyNFwvMDlcL0thbnUtRm90by1HZXJoaWxkLUFuZGVyd2FsZC1zY2FsZWQuanBnIiwic2xpZGVzaG93IjoiZjkwOWViMSJ9\">\n\t\t\t\t\t<div class=\"e-gallery-image elementor-gallery-item__image\" data-thumbnail=\"https:\/\/www.campinganderwald.at\/wp-content\/uploads\/2024\/09\/Kanu-Foto-Gerhild-Anderwald-300x200.jpg\" data-width=\"300\" data-height=\"200\" aria-label=\"\" role=\"img\" ><\/div>\n\t\t\t\t\t\t\t\t\t\t\t<div class=\"elementor-gallery-item__overlay\"><\/div>\n\t\t\t\t\t\t\t\t\t\t\t\t\t\t<\/a>\n\t\t\t\t\t\t\t<a class=\"e-gallery-item elementor-gallery-item elementor-animated-content\" href=\"https:\/\/www.campinganderwald.at\/wp-content\/uploads\/2024\/09\/160804_unbenannt_134.jpg\" data-elementor-open-lightbox=\"yes\" data-elementor-lightbox-slideshow=\"f909eb1\" data-elementor-lightbox-title=\"160804_unbenannt_134\" data-e-action-hash=\"#elementor-action%3Aaction%3Dlightbox%26settings%3DeyJpZCI6MTI3ODksInVybCI6Imh0dHBzOlwvXC93d3cuY2FtcGluZ2FuZGVyd2FsZC5hdFwvd3AtY29udGVudFwvdXBsb2Fkc1wvMjAyNFwvMDlcLzE2MDgwNF91bmJlbmFubnRfMTM0LmpwZyIsInNsaWRlc2hvdyI6ImY5MDllYjEifQ%3D%3D\">\n\t\t\t\t\t<div class=\"e-gallery-image elementor-gallery-item__image\" data-thumbnail=\"https:\/\/www.campinganderwald.at\/wp-content\/uploads\/2024\/09\/160804_unbenannt_134-300x165.jpg\" data-width=\"300\" data-height=\"165\" aria-label=\"\" role=\"img\" ><\/div>\n\t\t\t\t\t\t\t\t\t\t\t<div class=\"elementor-gallery-item__overlay\"><\/div>\n\t\t\t\t\t\t\t\t\t\t\t\t\t\t<\/a>\n\t\t\t\t\t\t\t<a class=\"e-gallery-item elementor-gallery-item elementor-animated-content\" href=\"https:\/\/www.campinganderwald.at\/wp-content\/uploads\/2024\/09\/mtb-mit-see.jpg\" data-elementor-open-lightbox=\"yes\" data-elementor-lightbox-slideshow=\"f909eb1\" data-elementor-lightbox-title=\"mtb mit see\" data-e-action-hash=\"#elementor-action%3Aaction%3Dlightbox%26settings%3DeyJpZCI6MTI3ODMsInVybCI6Imh0dHBzOlwvXC93d3cuY2FtcGluZ2FuZGVyd2FsZC5hdFwvd3AtY29udGVudFwvdXBsb2Fkc1wvMjAyNFwvMDlcL210Yi1taXQtc2VlLmpwZyIsInNsaWRlc2hvdyI6ImY5MDllYjEifQ%3D%3D\">\n\t\t\t\t\t<div class=\"e-gallery-image elementor-gallery-item__image\" data-thumbnail=\"https:\/\/www.campinganderwald.at\/wp-content\/uploads\/2024\/09\/mtb-mit-see-300x200.jpg\" data-width=\"300\" data-height=\"200\" aria-label=\"\" role=\"img\" ><\/div>\n\t\t\t\t\t\t\t\t\t\t\t<div class=\"elementor-gallery-item__overlay\"><\/div>\n\t\t\t\t\t\t\t\t\t\t\t\t\t\t<\/a>\n\t\t\t\t\t\t\t<a class=\"e-gallery-item elementor-gallery-item elementor-animated-content\" href=\"https:\/\/www.campinganderwald.at\/wp-content\/uploads\/2024\/02\/sonnenuntergang-scaled.jpg\" data-elementor-open-lightbox=\"yes\" data-elementor-lightbox-slideshow=\"f909eb1\" data-elementor-lightbox-title=\"sonnenuntergang\" data-e-action-hash=\"#elementor-action%3Aaction%3Dlightbox%26settings%3DeyJpZCI6MTI0NDcsInVybCI6Imh0dHBzOlwvXC93d3cuY2FtcGluZ2FuZGVyd2FsZC5hdFwvd3AtY29udGVudFwvdXBsb2Fkc1wvMjAyNFwvMDJcL3Nvbm5lbnVudGVyZ2FuZy1zY2FsZWQuanBnIiwic2xpZGVzaG93IjoiZjkwOWViMSJ9\">\n\t\t\t\t\t<div class=\"e-gallery-image elementor-gallery-item__image\" data-thumbnail=\"https:\/\/www.campinganderwald.at\/wp-content\/uploads\/2024\/02\/sonnenuntergang-300x225.jpg\" data-width=\"300\" data-height=\"225\" aria-label=\"\" role=\"img\" ><\/div>\n\t\t\t\t\t\t\t\t\t\t\t<div class=\"elementor-gallery-item__overlay\"><\/div>\n\t\t\t\t\t\t\t\t\t\t\t\t\t\t<\/a>\n\t\t\t\t\t\t\t<a class=\"e-gallery-item elementor-gallery-item elementor-animated-content\" href=\"https:\/\/www.campinganderwald.at\/wp-content\/uploads\/2024\/02\/Sonnenuntergang-im-Uferwald-scaled.jpg\" data-elementor-open-lightbox=\"yes\" data-elementor-lightbox-slideshow=\"f909eb1\" data-elementor-lightbox-title=\"Sonnenuntergang im Uferwald\" data-e-action-hash=\"#elementor-action%3Aaction%3Dlightbox%26settings%3DeyJpZCI6MTI0NTMsInVybCI6Imh0dHBzOlwvXC93d3cuY2FtcGluZ2FuZGVyd2FsZC5hdFwvd3AtY29udGVudFwvdXBsb2Fkc1wvMjAyNFwvMDJcL1Nvbm5lbnVudGVyZ2FuZy1pbS1VZmVyd2FsZC1zY2FsZWQuanBnIiwic2xpZGVzaG93IjoiZjkwOWViMSJ9\">\n\t\t\t\t\t<div class=\"e-gallery-image elementor-gallery-item__image\" data-thumbnail=\"https:\/\/www.campinganderwald.at\/wp-content\/uploads\/2024\/02\/Sonnenuntergang-im-Uferwald-300x225.jpg\" data-width=\"300\" data-height=\"225\" aria-label=\"\" role=\"img\" ><\/div>\n\t\t\t\t\t\t\t\t\t\t\t<div class=\"elementor-gallery-item__overlay\"><\/div>\n\t\t\t\t\t\t\t\t\t\t\t\t\t\t<\/a>\n\t\t\t\t\t\t\t<a class=\"e-gallery-item elementor-gallery-item elementor-animated-content\" href=\"https:\/\/www.campinganderwald.at\/wp-content\/uploads\/2024\/01\/170527_kanutreffen_50-scaled.jpg\" data-elementor-open-lightbox=\"yes\" data-elementor-lightbox-slideshow=\"f909eb1\" data-elementor-lightbox-title=\"170527_kanutreffen_50\" data-e-action-hash=\"#elementor-action%3Aaction%3Dlightbox%26settings%3DeyJpZCI6MTIxNTEsInVybCI6Imh0dHBzOlwvXC93d3cuY2FtcGluZ2FuZGVyd2FsZC5hdFwvd3AtY29udGVudFwvdXBsb2Fkc1wvMjAyNFwvMDFcLzE3MDUyN19rYW51dHJlZmZlbl81MC1zY2FsZWQuanBnIiwic2xpZGVzaG93IjoiZjkwOWViMSJ9\">\n\t\t\t\t\t<div class=\"e-gallery-image elementor-gallery-item__image\" data-thumbnail=\"https:\/\/www.campinganderwald.at\/wp-content\/uploads\/2024\/01\/170527_kanutreffen_50-300x168.jpg\" data-width=\"300\" data-height=\"168\" aria-label=\"\" role=\"img\" ><\/div>\n\t\t\t\t\t\t\t\t\t\t\t<div class=\"elementor-gallery-item__overlay\"><\/div>\n\t\t\t\t\t\t\t\t\t\t\t\t\t\t<\/a>\n\t\t\t\t\t\t\t<a class=\"e-gallery-item elementor-gallery-item elementor-animated-content\" href=\"https:\/\/www.campinganderwald.at\/wp-content\/uploads\/2024\/01\/170527_kanutreffen_39-scaled.jpg\" data-elementor-open-lightbox=\"yes\" data-elementor-lightbox-slideshow=\"f909eb1\" data-elementor-lightbox-title=\"170527_kanutreffen_39\" data-e-action-hash=\"#elementor-action%3Aaction%3Dlightbox%26settings%3DeyJpZCI6MTIxMTUsInVybCI6Imh0dHBzOlwvXC93d3cuY2FtcGluZ2FuZGVyd2FsZC5hdFwvd3AtY29udGVudFwvdXBsb2Fkc1wvMjAyNFwvMDFcLzE3MDUyN19rYW51dHJlZmZlbl8zOS1zY2FsZWQuanBnIiwic2xpZGVzaG93IjoiZjkwOWViMSJ9\">\n\t\t\t\t\t<div class=\"e-gallery-image elementor-gallery-item__image\" data-thumbnail=\"https:\/\/www.campinganderwald.at\/wp-content\/uploads\/2024\/01\/170527_kanutreffen_39-300x183.jpg\" data-width=\"300\" data-height=\"183\" aria-label=\"\" role=\"img\" ><\/div>\n\t\t\t\t\t\t\t\t\t\t\t<div class=\"elementor-gallery-item__overlay\"><\/div>\n\t\t\t\t\t\t\t\t\t\t\t\t\t\t<\/a>\n\t\t\t\t\t\t\t<a class=\"e-gallery-item elementor-gallery-item elementor-animated-content\" href=\"https:\/\/www.campinganderwald.at\/wp-content\/uploads\/2024\/09\/Basecamp-Anderwald-5-2-scaled.jpg\" data-elementor-open-lightbox=\"yes\" data-elementor-lightbox-slideshow=\"f909eb1\" data-elementor-lightbox-title=\"Basecamp Anderwald-5-2\" data-e-action-hash=\"#elementor-action%3Aaction%3Dlightbox%26settings%3DeyJpZCI6MTI4MDEsInVybCI6Imh0dHBzOlwvXC93d3cuY2FtcGluZ2FuZGVyd2FsZC5hdFwvd3AtY29udGVudFwvdXBsb2Fkc1wvMjAyNFwvMDlcL0Jhc2VjYW1wLUFuZGVyd2FsZC01LTItc2NhbGVkLmpwZyIsInNsaWRlc2hvdyI6ImY5MDllYjEifQ%3D%3D\">\n\t\t\t\t\t<div class=\"e-gallery-image elementor-gallery-item__image\" data-thumbnail=\"https:\/\/www.campinganderwald.at\/wp-content\/uploads\/2024\/09\/Basecamp-Anderwald-5-2-300x200.jpg\" data-width=\"300\" data-height=\"200\" aria-label=\"\" role=\"img\" ><\/div>\n\t\t\t\t\t\t\t\t\t\t\t<div class=\"elementor-gallery-item__overlay\"><\/div>\n\t\t\t\t\t\t\t\t\t\t\t\t\t\t<\/a>\n\t\t\t\t\t\t\t<a class=\"e-gallery-item elementor-gallery-item elementor-animated-content\" href=\"https:\/\/www.campinganderwald.at\/wp-content\/uploads\/2024\/09\/Bogenschieen_Baden-Fellach_Discgolf_Gseft-20.08.2021-220-von-238-scaled.jpg\" data-elementor-open-lightbox=\"yes\" data-elementor-lightbox-slideshow=\"f909eb1\" data-elementor-lightbox-title=\"Bogenschieen_Baden Fellach_Discgolf_Gseft 20.08.2021 (220 von 238)\" data-e-action-hash=\"#elementor-action%3Aaction%3Dlightbox%26settings%3DeyJpZCI6MTI4MDcsInVybCI6Imh0dHBzOlwvXC93d3cuY2FtcGluZ2FuZGVyd2FsZC5hdFwvd3AtY29udGVudFwvdXBsb2Fkc1wvMjAyNFwvMDlcL0JvZ2Vuc2NoaWVlbl9CYWRlbi1GZWxsYWNoX0Rpc2Nnb2xmX0dzZWZ0LTIwLjA4LjIwMjEtMjIwLXZvbi0yMzgtc2NhbGVkLmpwZyIsInNsaWRlc2hvdyI6ImY5MDllYjEifQ%3D%3D\">\n\t\t\t\t\t<div class=\"e-gallery-image elementor-gallery-item__image\" data-thumbnail=\"https:\/\/www.campinganderwald.at\/wp-content\/uploads\/2024\/09\/Bogenschieen_Baden-Fellach_Discgolf_Gseft-20.08.2021-220-von-238-300x200.jpg\" data-width=\"300\" data-height=\"200\" aria-label=\"\" role=\"img\" ><\/div>\n\t\t\t\t\t\t\t\t\t\t\t<div class=\"elementor-gallery-item__overlay\"><\/div>\n\t\t\t\t\t\t\t\t\t\t\t\t\t\t<\/a>\n\t\t\t\t\t\t\t<a class=\"e-gallery-item elementor-gallery-item elementor-animated-content\" href=\"https:\/\/www.campinganderwald.at\/wp-content\/uploads\/2024\/09\/221115_baustelle_119-Pano-scaled.jpg\" data-elementor-open-lightbox=\"yes\" data-elementor-lightbox-slideshow=\"f909eb1\" data-elementor-lightbox-title=\"221115_baustelle_119-Pano\" data-e-action-hash=\"#elementor-action%3Aaction%3Dlightbox%26settings%3DeyJpZCI6MTI4MjgsInVybCI6Imh0dHBzOlwvXC93d3cuY2FtcGluZ2FuZGVyd2FsZC5hdFwvd3AtY29udGVudFwvdXBsb2Fkc1wvMjAyNFwvMDlcLzIyMTExNV9iYXVzdGVsbGVfMTE5LVBhbm8tc2NhbGVkLmpwZyIsInNsaWRlc2hvdyI6ImY5MDllYjEifQ%3D%3D\">\n\t\t\t\t\t<div class=\"e-gallery-image elementor-gallery-item__image\" data-thumbnail=\"https:\/\/www.campinganderwald.at\/wp-content\/uploads\/2024\/09\/221115_baustelle_119-Pano-300x181.jpg\" data-width=\"300\" data-height=\"181\" aria-label=\"\" role=\"img\" ><\/div>\n\t\t\t\t\t\t\t\t\t\t\t<div class=\"elementor-gallery-item__overlay\"><\/div>\n\t\t\t\t\t\t\t\t\t\t\t\t\t\t<\/a>\n\t\t\t\t\t\t\t<a class=\"e-gallery-item elementor-gallery-item elementor-animated-content\" href=\"https:\/\/www.campinganderwald.at\/wp-content\/uploads\/2024\/09\/Graue-Wand-mit-Gipfel-751-scaled.jpg\" data-elementor-open-lightbox=\"yes\" data-elementor-lightbox-slideshow=\"f909eb1\" data-elementor-lightbox-title=\"Graue Wand mit Gipfel-75(1)\" data-e-action-hash=\"#elementor-action%3Aaction%3Dlightbox%26settings%3DeyJpZCI6MTI4NDAsInVybCI6Imh0dHBzOlwvXC93d3cuY2FtcGluZ2FuZGVyd2FsZC5hdFwvd3AtY29udGVudFwvdXBsb2Fkc1wvMjAyNFwvMDlcL0dyYXVlLVdhbmQtbWl0LUdpcGZlbC03NTEtc2NhbGVkLmpwZyIsInNsaWRlc2hvdyI6ImY5MDllYjEifQ%3D%3D\">\n\t\t\t\t\t<div class=\"e-gallery-image elementor-gallery-item__image\" data-thumbnail=\"https:\/\/www.campinganderwald.at\/wp-content\/uploads\/2024\/09\/Graue-Wand-mit-Gipfel-751-300x200.jpg\" data-width=\"300\" data-height=\"200\" aria-label=\"\" role=\"img\" ><\/div>\n\t\t\t\t\t\t\t\t\t\t\t<div class=\"elementor-gallery-item__overlay\"><\/div>\n\t\t\t\t\t\t\t\t\t\t\t\t\t\t<\/a>\n\t\t\t\t\t\t\t<a class=\"e-gallery-item elementor-gallery-item elementor-animated-content\" href=\"https:\/\/www.campinganderwald.at\/wp-content\/uploads\/2024\/09\/Graue-Wand-mit-Gipfel-70-scaled.jpg\" data-elementor-open-lightbox=\"yes\" data-elementor-lightbox-slideshow=\"f909eb1\" data-elementor-lightbox-title=\"Graue Wand mit Gipfel-70\" data-e-action-hash=\"#elementor-action%3Aaction%3Dlightbox%26settings%3DeyJpZCI6MTI4NDYsInVybCI6Imh0dHBzOlwvXC93d3cuY2FtcGluZ2FuZGVyd2FsZC5hdFwvd3AtY29udGVudFwvdXBsb2Fkc1wvMjAyNFwvMDlcL0dyYXVlLVdhbmQtbWl0LUdpcGZlbC03MC1zY2FsZWQuanBnIiwic2xpZGVzaG93IjoiZjkwOWViMSJ9\">\n\t\t\t\t\t<div class=\"e-gallery-image elementor-gallery-item__image\" data-thumbnail=\"https:\/\/www.campinganderwald.at\/wp-content\/uploads\/2024\/09\/Graue-Wand-mit-Gipfel-70-300x200.jpg\" data-width=\"300\" data-height=\"200\" aria-label=\"\" role=\"img\" ><\/div>\n\t\t\t\t\t\t\t\t\t\t\t<div class=\"elementor-gallery-item__overlay\"><\/div>\n\t\t\t\t\t\t\t\t\t\t\t\t\t\t<\/a>\n\t\t\t\t\t<\/div>\n\t\t\t\t\t<\/div>\n\t\t\t\t<\/div>\n\t\t\t\t\t<\/div>\n\t\t<\/div>\n\t\t\t\t\t<\/div>\n\t\t<\/section>\n\t\t\t\t<\/div>\n\t\t","protected":false},"excerpt":{"rendered":"<p>Erwachen Ostern: Fr\u00fchling am Faaker See Freiheit, Natur und jede Menge Platz. Anfrage &amp; Reservierung Ab 28.3.2026 ist unser Campingplatz wieder ge\u00f6ffnet. Perfekt, um den Fr\u00fchling am Faaker See zu genie\u00dfen. Noch haben nur wenige Betriebe offen \u2013 Berg und See geh\u00f6ren Dir also fast allein. Starte den Tag mit Vogelgezwitscher, genie\u00dfe die Ruhe am [&hellip;]<\/p>\n","protected":false},"author":2,"featured_media":0,"parent":0,"menu_order":0,"comment_status":"closed","ping_status":"closed","template":"","meta":{"footnotes":""},"class_list":["post-8965","page","type-page","status-publish","hentry"],"yoast_head":"<!-- This site is optimized with the Yoast SEO plugin v27.5 - https:\/\/yoast.com\/product\/yoast-seo-wordpress\/ -->\n<title>Ostern am See - Camping Anderwald<\/title>\n<meta name=\"robots\" content=\"index, follow, max-snippet:-1, max-image-preview:large, max-video-preview:-1\" \/>\n<link rel=\"canonical\" href=\"https:\/\/www.campinganderwald.at\/de\/ostern\/\" \/>\n<meta property=\"og:locale\" content=\"de_DE\" \/>\n<meta property=\"og:type\" content=\"article\" \/>\n<meta property=\"og:title\" content=\"Ostern am See - Camping Anderwald\" \/>\n<meta property=\"og:description\" content=\"Erwachen Ostern: Fr\u00fchling am Faaker See Freiheit, Natur und jede Menge Platz. Anfrage &amp; Reservierung Ab 28.3.2026 ist unser Campingplatz wieder ge\u00f6ffnet. Perfekt, um den Fr\u00fchling am Faaker See zu genie\u00dfen. Noch haben nur wenige Betriebe offen \u2013 Berg und See geh\u00f6ren Dir also fast allein. Starte den Tag mit Vogelgezwitscher, genie\u00dfe die Ruhe am [&hellip;]\" \/>\n<meta property=\"og:url\" content=\"https:\/\/www.campinganderwald.at\/de\/ostern\/\" \/>\n<meta property=\"og:site_name\" content=\"Camping Anderwald\" \/>\n<meta property=\"article:modified_time\" content=\"2026-03-16T20:49:42+00:00\" \/>\n<meta property=\"og:image\" content=\"https:\/\/www.campinganderwald.at\/wp-content\/uploads\/2025\/12\/Stabentheiner_CampingAnderwald-123-650x650.jpg\" \/>\n<meta name=\"twitter:card\" content=\"summary_large_image\" \/>\n<meta name=\"twitter:label1\" content=\"Gesch\u00e4tzte Lesezeit\" \/>\n\t<meta name=\"twitter:data1\" content=\"1\u00a0Minute\" \/>\n<script type=\"application\/ld+json\" class=\"yoast-schema-graph\">{\"@context\":\"https:\\\/\\\/schema.org\",\"@graph\":[{\"@type\":\"WebPage\",\"@id\":\"https:\\\/\\\/www.campinganderwald.at\\\/de\\\/ostern\\\/\",\"url\":\"https:\\\/\\\/www.campinganderwald.at\\\/de\\\/ostern\\\/\",\"name\":\"Ostern am See - Camping Anderwald\",\"isPartOf\":{\"@id\":\"https:\\\/\\\/www.campinganderwald.at\\\/de\\\/#website\"},\"primaryImageOfPage\":{\"@id\":\"https:\\\/\\\/www.campinganderwald.at\\\/de\\\/ostern\\\/#primaryimage\"},\"image\":{\"@id\":\"https:\\\/\\\/www.campinganderwald.at\\\/de\\\/ostern\\\/#primaryimage\"},\"thumbnailUrl\":\"https:\\\/\\\/www.campinganderwald.at\\\/wp-content\\\/uploads\\\/2025\\\/12\\\/Stabentheiner_CampingAnderwald-123-650x650.jpg\",\"datePublished\":\"2022-04-07T19:38:27+00:00\",\"dateModified\":\"2026-03-16T20:49:42+00:00\",\"breadcrumb\":{\"@id\":\"https:\\\/\\\/www.campinganderwald.at\\\/de\\\/ostern\\\/#breadcrumb\"},\"inLanguage\":\"de\",\"potentialAction\":[{\"@type\":\"ReadAction\",\"target\":[\"https:\\\/\\\/www.campinganderwald.at\\\/de\\\/ostern\\\/\"]}]},{\"@type\":\"ImageObject\",\"inLanguage\":\"de\",\"@id\":\"https:\\\/\\\/www.campinganderwald.at\\\/de\\\/ostern\\\/#primaryimage\",\"url\":\"https:\\\/\\\/www.campinganderwald.at\\\/wp-content\\\/uploads\\\/2025\\\/12\\\/Stabentheiner_CampingAnderwald-123-650x650.jpg\",\"contentUrl\":\"https:\\\/\\\/www.campinganderwald.at\\\/wp-content\\\/uploads\\\/2025\\\/12\\\/Stabentheiner_CampingAnderwald-123-650x650.jpg\"},{\"@type\":\"BreadcrumbList\",\"@id\":\"https:\\\/\\\/www.campinganderwald.at\\\/de\\\/ostern\\\/#breadcrumb\",\"itemListElement\":[{\"@type\":\"ListItem\",\"position\":1,\"name\":\"Startseite\",\"item\":\"https:\\\/\\\/www.campinganderwald.at\\\/de\\\/\"},{\"@type\":\"ListItem\",\"position\":2,\"name\":\"Ostern am See\"}]},{\"@type\":\"WebSite\",\"@id\":\"https:\\\/\\\/www.campinganderwald.at\\\/de\\\/#website\",\"url\":\"https:\\\/\\\/www.campinganderwald.at\\\/de\\\/\",\"name\":\"Camping Anderwald\",\"description\":\"Unser Campingplatz liegt direkt am Faaker See in K\u00e4rnten, eingebettet in die traumhafte Kulisse der das gesamte Gebiet umgebenden Karawanken. Der Faaker See ist nicht nur der s\u00fcdlichste Badesee K\u00e4rntens, er ist auch einer der...\",\"publisher\":{\"@id\":\"https:\\\/\\\/www.campinganderwald.at\\\/de\\\/#organization\"},\"potentialAction\":[{\"@type\":\"SearchAction\",\"target\":{\"@type\":\"EntryPoint\",\"urlTemplate\":\"https:\\\/\\\/www.campinganderwald.at\\\/de\\\/?s={search_term_string}\"},\"query-input\":{\"@type\":\"PropertyValueSpecification\",\"valueRequired\":true,\"valueName\":\"search_term_string\"}}],\"inLanguage\":\"de\"},{\"@type\":\"Organization\",\"@id\":\"https:\\\/\\\/www.campinganderwald.at\\\/de\\\/#organization\",\"name\":\"Camping Anderwald\",\"url\":\"https:\\\/\\\/www.campinganderwald.at\\\/de\\\/\",\"logo\":{\"@type\":\"ImageObject\",\"inLanguage\":\"de\",\"@id\":\"https:\\\/\\\/www.campinganderwald.at\\\/de\\\/#\\\/schema\\\/logo\\\/image\\\/\",\"url\":\"https:\\\/\\\/www.campinganderwald.at\\\/wp-content\\\/uploads\\\/2022\\\/01\\\/campingAnderwald-logo.svg\",\"contentUrl\":\"https:\\\/\\\/www.campinganderwald.at\\\/wp-content\\\/uploads\\\/2022\\\/01\\\/campingAnderwald-logo.svg\",\"caption\":\"Camping Anderwald\"},\"image\":{\"@id\":\"https:\\\/\\\/www.campinganderwald.at\\\/de\\\/#\\\/schema\\\/logo\\\/image\\\/\"}}]}<\/script>\n<!-- \/ Yoast SEO plugin. -->","yoast_head_json":{"title":"Ostern am See - Camping Anderwald","robots":{"index":"index","follow":"follow","max-snippet":"max-snippet:-1","max-image-preview":"max-image-preview:large","max-video-preview":"max-video-preview:-1"},"canonical":"https:\/\/www.campinganderwald.at\/de\/ostern\/","og_locale":"de_DE","og_type":"article","og_title":"Ostern am See - Camping Anderwald","og_description":"Erwachen Ostern: Fr\u00fchling am Faaker See Freiheit, Natur und jede Menge Platz. Anfrage &amp; Reservierung Ab 28.3.2026 ist unser Campingplatz wieder ge\u00f6ffnet. Perfekt, um den Fr\u00fchling am Faaker See zu genie\u00dfen. Noch haben nur wenige Betriebe offen \u2013 Berg und See geh\u00f6ren Dir also fast allein. Starte den Tag mit Vogelgezwitscher, genie\u00dfe die Ruhe am [&hellip;]","og_url":"https:\/\/www.campinganderwald.at\/de\/ostern\/","og_site_name":"Camping Anderwald","article_modified_time":"2026-03-16T20:49:42+00:00","og_image":[{"url":"https:\/\/www.campinganderwald.at\/wp-content\/uploads\/2025\/12\/Stabentheiner_CampingAnderwald-123-650x650.jpg","type":"","width":"","height":""}],"twitter_card":"summary_large_image","twitter_misc":{"Gesch\u00e4tzte Lesezeit":"1\u00a0Minute"},"schema":{"@context":"https:\/\/schema.org","@graph":[{"@type":"WebPage","@id":"https:\/\/www.campinganderwald.at\/de\/ostern\/","url":"https:\/\/www.campinganderwald.at\/de\/ostern\/","name":"Ostern am See - Camping Anderwald","isPartOf":{"@id":"https:\/\/www.campinganderwald.at\/de\/#website"},"primaryImageOfPage":{"@id":"https:\/\/www.campinganderwald.at\/de\/ostern\/#primaryimage"},"image":{"@id":"https:\/\/www.campinganderwald.at\/de\/ostern\/#primaryimage"},"thumbnailUrl":"https:\/\/www.campinganderwald.at\/wp-content\/uploads\/2025\/12\/Stabentheiner_CampingAnderwald-123-650x650.jpg","datePublished":"2022-04-07T19:38:27+00:00","dateModified":"2026-03-16T20:49:42+00:00","breadcrumb":{"@id":"https:\/\/www.campinganderwald.at\/de\/ostern\/#breadcrumb"},"inLanguage":"de","potentialAction":[{"@type":"ReadAction","target":["https:\/\/www.campinganderwald.at\/de\/ostern\/"]}]},{"@type":"ImageObject","inLanguage":"de","@id":"https:\/\/www.campinganderwald.at\/de\/ostern\/#primaryimage","url":"https:\/\/www.campinganderwald.at\/wp-content\/uploads\/2025\/12\/Stabentheiner_CampingAnderwald-123-650x650.jpg","contentUrl":"https:\/\/www.campinganderwald.at\/wp-content\/uploads\/2025\/12\/Stabentheiner_CampingAnderwald-123-650x650.jpg"},{"@type":"BreadcrumbList","@id":"https:\/\/www.campinganderwald.at\/de\/ostern\/#breadcrumb","itemListElement":[{"@type":"ListItem","position":1,"name":"Startseite","item":"https:\/\/www.campinganderwald.at\/de\/"},{"@type":"ListItem","position":2,"name":"Ostern am See"}]},{"@type":"WebSite","@id":"https:\/\/www.campinganderwald.at\/de\/#website","url":"https:\/\/www.campinganderwald.at\/de\/","name":"Camping Anderwald","description":"Unser Campingplatz liegt direkt am Faaker See in K\u00e4rnten, eingebettet in die traumhafte Kulisse der das gesamte Gebiet umgebenden Karawanken. Der Faaker See ist nicht nur der s\u00fcdlichste Badesee K\u00e4rntens, er ist auch einer der...","publisher":{"@id":"https:\/\/www.campinganderwald.at\/de\/#organization"},"potentialAction":[{"@type":"SearchAction","target":{"@type":"EntryPoint","urlTemplate":"https:\/\/www.campinganderwald.at\/de\/?s={search_term_string}"},"query-input":{"@type":"PropertyValueSpecification","valueRequired":true,"valueName":"search_term_string"}}],"inLanguage":"de"},{"@type":"Organization","@id":"https:\/\/www.campinganderwald.at\/de\/#organization","name":"Camping Anderwald","url":"https:\/\/www.campinganderwald.at\/de\/","logo":{"@type":"ImageObject","inLanguage":"de","@id":"https:\/\/www.campinganderwald.at\/de\/#\/schema\/logo\/image\/","url":"https:\/\/www.campinganderwald.at\/wp-content\/uploads\/2022\/01\/campingAnderwald-logo.svg","contentUrl":"https:\/\/www.campinganderwald.at\/wp-content\/uploads\/2022\/01\/campingAnderwald-logo.svg","caption":"Camping Anderwald"},"image":{"@id":"https:\/\/www.campinganderwald.at\/de\/#\/schema\/logo\/image\/"}}]}},"_links":{"self":[{"href":"https:\/\/www.campinganderwald.at\/de\/wp-json\/wp\/v2\/pages\/8965","targetHints":{"allow":["GET"]}}],"collection":[{"href":"https:\/\/www.campinganderwald.at\/de\/wp-json\/wp\/v2\/pages"}],"about":[{"href":"https:\/\/www.campinganderwald.at\/de\/wp-json\/wp\/v2\/types\/page"}],"author":[{"embeddable":true,"href":"https:\/\/www.campinganderwald.at\/de\/wp-json\/wp\/v2\/users\/2"}],"replies":[{"embeddable":true,"href":"https:\/\/www.campinganderwald.at\/de\/wp-json\/wp\/v2\/comments?post=8965"}],"version-history":[{"count":3,"href":"https:\/\/www.campinganderwald.at\/de\/wp-json\/wp\/v2\/pages\/8965\/revisions"}],"predecessor-version":[{"id":14511,"href":"https:\/\/www.campinganderwald.at\/de\/wp-json\/wp\/v2\/pages\/8965\/revisions\/14511"}],"wp:attachment":[{"href":"https:\/\/www.campinganderwald.at\/de\/wp-json\/wp\/v2\/media?parent=8965"}],"curies":[{"name":"wp","href":"https:\/\/api.w.org\/{rel}","templated":true}]}}