{"id":3370,"date":"2021-06-08T11:56:32","date_gmt":"2021-06-08T10:56:32","guid":{"rendered":"https:\/\/www.campinganderwald.at\/boom-tent\/"},"modified":"2024-01-04T00:05:37","modified_gmt":"2024-01-03T23:05:37","slug":"boom-tent","status":"publish","type":"page","link":"https:\/\/www.campinganderwald.at\/nl\/boom-tent\/","title":{"rendered":"boom tenten"},"content":{"rendered":"\t\t<div data-elementor-type=\"wp-page\" data-elementor-id=\"3370\" class=\"elementor elementor-3370 elementor-1021\" data-elementor-post-type=\"page\">\n\t\t\t\t\t\t<section class=\"elementor-section elementor-top-section elementor-element elementor-element-b2476e1 elementor-section-boxed elementor-section-height-default elementor-section-height-default qodef-elementor-content-no\" data-id=\"b2476e1\" data-element_type=\"section\" data-e-type=\"section\">\n\t\t\t\t\t\t<div class=\"elementor-container elementor-column-gap-default\">\n\t\t\t\t\t<div class=\"elementor-column elementor-col-100 elementor-top-column elementor-element elementor-element-df591f0\" data-id=\"df591f0\" data-element_type=\"column\" data-e-type=\"column\">\n\t\t\t<div class=\"elementor-widget-wrap elementor-element-populated\">\n\t\t\t\t\t\t<div class=\"elementor-element elementor-element-8be1158 elementor-widget elementor-widget-qi_addons_for_elementor_section_title\" data-id=\"8be1158\" data-element_type=\"widget\" data-e-type=\"widget\" data-widget_type=\"qi_addons_for_elementor_section_title.default\">\n\t\t\t\t<div class=\"elementor-widget-container\">\n\t\t\t\t\t<div class=\"qodef-shortcode qodef-m qodef-qi-section-title qodef-decoration--italic qodef-link--underline-draw qodef-subtitle-icon--left\">\n\t\t\t\t<h5 class=\"qodef-m-subtitle\">\n\t\tTentsile boomtent\t\t\t<\/h5>\n\t\t\t<h2 class=\"qodef-m-title\">\n\t\tslapen in de boom\t<\/h2>\n\t\t\t<div class=\"qodef-m-text\"><p>Wonen in een boomtent - een avontuur onder de sterrenhemel direct in het bos aan het meer van Faak. Breng de nacht door drijvend tussen de bomen op slechts 5 meter van het water. Als er een huuraccommodatie bij ons past dan is het deze \ud83d\ude09<\/p><\/div>\n\t<\/div>\n\t\t\t\t<\/div>\n\t\t\t\t<\/div>\n\t\t\t\t<div class=\"elementor-element elementor-element-231f8ae elementor-arrows-position-inside elementor-widget elementor-widget-image-carousel\" data-id=\"231f8ae\" data-element_type=\"widget\" data-e-type=\"widget\" data-settings=\"{&quot;slides_to_show&quot;:&quot;1&quot;,&quot;navigation&quot;:&quot;arrows&quot;,&quot;lazyload&quot;:&quot;yes&quot;,&quot;pause_on_hover&quot;:&quot;no&quot;,&quot;autoplay&quot;:&quot;yes&quot;,&quot;pause_on_interaction&quot;:&quot;yes&quot;,&quot;autoplay_speed&quot;:5000,&quot;infinite&quot;:&quot;yes&quot;,&quot;effect&quot;:&quot;slide&quot;,&quot;speed&quot;:500}\" data-widget_type=\"image-carousel.default\">\n\t\t\t\t<div class=\"elementor-widget-container\">\n\t\t\t\t\t\t\t<div class=\"elementor-image-carousel-wrapper swiper\" role=\"region\" aria-roledescription=\"carousel\" aria-label=\"Afbeelding carrousel\" dir=\"ltr\">\n\t\t\t<div class=\"elementor-image-carousel swiper-wrapper swiper-image-stretch\" aria-live=\"off\">\n\t\t\t\t\t\t\t\t<div class=\"swiper-slide\" role=\"group\" aria-roledescription=\"slide\" aria-label=\"1 van 5\"><a data-elementor-open-lightbox=\"yes\" data-elementor-lightbox-slideshow=\"231f8ae\" data-elementor-lightbox-title=\"Baumzelt1\" data-e-action-hash=\"#elementor-action%3Aaction%3Dlightbox%26settings%3DeyJpZCI6MTEwNzAsInVybCI6Imh0dHBzOlwvXC93d3cuY2FtcGluZ2FuZGVyd2FsZC5hdFwvd3AtY29udGVudFwvdXBsb2Fkc1wvMjAyNFwvMDFcL0JhdW16ZWx0MS1zY2FsZWQuanBnIiwic2xpZGVzaG93IjoiMjMxZjhhZSJ9\" href=\"https:\/\/www.campinganderwald.at\/wp-content\/uploads\/2024\/01\/Baumzelt1-scaled.jpg\"><figure class=\"swiper-slide-inner\"><img class=\"swiper-slide-image swiper-lazy\" data-src=\"https:\/\/www.campinganderwald.at\/wp-content\/uploads\/2024\/01\/Baumzelt1-1300x650.jpg\" alt=\"Baumzelt1\" \/><div class=\"swiper-lazy-preloader\"><\/div><\/figure><\/a><\/div><div class=\"swiper-slide\" role=\"group\" aria-roledescription=\"slide\" aria-label=\"2 van 5\"><a data-elementor-open-lightbox=\"yes\" data-elementor-lightbox-slideshow=\"231f8ae\" data-elementor-lightbox-title=\"Basecamp Anderwald-63\" data-e-action-hash=\"#elementor-action%3Aaction%3Dlightbox%26settings%3DeyJpZCI6MTEwODgsInVybCI6Imh0dHBzOlwvXC93d3cuY2FtcGluZ2FuZGVyd2FsZC5hdFwvd3AtY29udGVudFwvdXBsb2Fkc1wvMjAyNFwvMDFcL0Jhc2VjYW1wLUFuZGVyd2FsZC02My1zY2FsZWQuanBnIiwic2xpZGVzaG93IjoiMjMxZjhhZSJ9\" href=\"https:\/\/www.campinganderwald.at\/wp-content\/uploads\/2024\/01\/Basecamp-Anderwald-63-scaled.jpg\"><figure class=\"swiper-slide-inner\"><img class=\"swiper-slide-image swiper-lazy\" data-src=\"https:\/\/www.campinganderwald.at\/wp-content\/uploads\/2024\/01\/Basecamp-Anderwald-63-1300x650.jpg\" alt=\"Basecamp Anderwald-63\" \/><div class=\"swiper-lazy-preloader\"><\/div><\/figure><\/a><\/div><div class=\"swiper-slide\" role=\"group\" aria-roledescription=\"slide\" aria-label=\"3 van 5\"><a data-elementor-open-lightbox=\"yes\" data-elementor-lightbox-slideshow=\"231f8ae\" data-elementor-lightbox-title=\"Basecamp Anderwald-65\" data-e-action-hash=\"#elementor-action%3Aaction%3Dlightbox%26settings%3DeyJpZCI6MTEwNzYsInVybCI6Imh0dHBzOlwvXC93d3cuY2FtcGluZ2FuZGVyd2FsZC5hdFwvd3AtY29udGVudFwvdXBsb2Fkc1wvMjAyNFwvMDFcL0Jhc2VjYW1wLUFuZGVyd2FsZC02NS1zY2FsZWQuanBnIiwic2xpZGVzaG93IjoiMjMxZjhhZSJ9\" href=\"https:\/\/www.campinganderwald.at\/wp-content\/uploads\/2024\/01\/Basecamp-Anderwald-65-scaled.jpg\"><figure class=\"swiper-slide-inner\"><img class=\"swiper-slide-image swiper-lazy\" data-src=\"https:\/\/www.campinganderwald.at\/wp-content\/uploads\/2024\/01\/Basecamp-Anderwald-65-1300x650.jpg\" alt=\"Basecamp Anderwald-65\" \/><div class=\"swiper-lazy-preloader\"><\/div><\/figure><\/a><\/div><div class=\"swiper-slide\" role=\"group\" aria-roledescription=\"slide\" aria-label=\"4 van 5\"><a data-elementor-open-lightbox=\"yes\" data-elementor-lightbox-slideshow=\"231f8ae\" data-elementor-lightbox-title=\"DCIM103GOPRO\" data-e-action-hash=\"#elementor-action%3Aaction%3Dlightbox%26settings%3DeyJpZCI6MTEwNjQsInVybCI6Imh0dHBzOlwvXC93d3cuY2FtcGluZ2FuZGVyd2FsZC5hdFwvd3AtY29udGVudFwvdXBsb2Fkc1wvMjAyNFwvMDFcL0JhdW16ZWx0Mi1zY2FsZWQuanBnIiwic2xpZGVzaG93IjoiMjMxZjhhZSJ9\" href=\"https:\/\/www.campinganderwald.at\/wp-content\/uploads\/2024\/01\/Baumzelt2-scaled.jpg\"><figure class=\"swiper-slide-inner\"><img class=\"swiper-slide-image swiper-lazy\" data-src=\"https:\/\/www.campinganderwald.at\/wp-content\/uploads\/2024\/01\/Baumzelt2-1300x650.jpg\" alt=\"DCIM103GOPRO\" \/><div class=\"swiper-lazy-preloader\"><\/div><\/figure><\/a><\/div><div class=\"swiper-slide\" role=\"group\" aria-roledescription=\"slide\" aria-label=\"5 van 5\"><a data-elementor-open-lightbox=\"yes\" data-elementor-lightbox-slideshow=\"231f8ae\" data-elementor-lightbox-title=\"Basecamp Anderwald-64\" data-e-action-hash=\"#elementor-action%3Aaction%3Dlightbox%26settings%3DeyJpZCI6MTEwODIsInVybCI6Imh0dHBzOlwvXC93d3cuY2FtcGluZ2FuZGVyd2FsZC5hdFwvd3AtY29udGVudFwvdXBsb2Fkc1wvMjAyNFwvMDFcL0Jhc2VjYW1wLUFuZGVyd2FsZC02NC1zY2FsZWQuanBnIiwic2xpZGVzaG93IjoiMjMxZjhhZSJ9\" href=\"https:\/\/www.campinganderwald.at\/wp-content\/uploads\/2024\/01\/Basecamp-Anderwald-64-scaled.jpg\"><figure class=\"swiper-slide-inner\"><img class=\"swiper-slide-image swiper-lazy\" data-src=\"https:\/\/www.campinganderwald.at\/wp-content\/uploads\/2024\/01\/Basecamp-Anderwald-64-1300x650.jpg\" alt=\"Basecamp Anderwald-64\" \/><div class=\"swiper-lazy-preloader\"><\/div><\/figure><\/a><\/div>\t\t\t<\/div>\n\t\t\t\t\t\t\t\t\t\t\t\t<div class=\"elementor-swiper-button elementor-swiper-button-prev\" role=\"button\" tabindex=\"0\">\n\t\t\t\t\t\t<i aria-hidden=\"true\" class=\"eicon-chevron-left\"><\/i>\t\t\t\t\t<\/div>\n\t\t\t\t\t<div class=\"elementor-swiper-button elementor-swiper-button-next\" role=\"button\" tabindex=\"0\">\n\t\t\t\t\t\t<i aria-hidden=\"true\" class=\"eicon-chevron-right\"><\/i>\t\t\t\t\t<\/div>\n\t\t\t\t\n\t\t\t\t\t\t\t\t\t<\/div>\n\t\t\t\t\t\t<\/div>\n\t\t\t\t<\/div>\n\t\t\t\t\t<\/div>\n\t\t<\/div>\n\t\t\t\t\t<\/div>\n\t\t<\/section>\n\t\t\t\t<section class=\"elementor-section elementor-top-section elementor-element elementor-element-94e73d2 elementor-section-boxed elementor-section-height-default elementor-section-height-default qodef-elementor-content-no\" data-id=\"94e73d2\" data-element_type=\"section\" data-e-type=\"section\">\n\t\t\t\t\t\t<div class=\"elementor-container elementor-column-gap-default\">\n\t\t\t\t\t<div class=\"elementor-column elementor-col-50 elementor-top-column elementor-element elementor-element-03d9bfc\" data-id=\"03d9bfc\" data-element_type=\"column\" data-e-type=\"column\">\n\t\t\t<div class=\"elementor-widget-wrap elementor-element-populated\">\n\t\t\t\t\t\t<div class=\"elementor-element elementor-element-4f4777a elementor-widget elementor-widget-text-editor\" data-id=\"4f4777a\" data-element_type=\"widget\" data-e-type=\"widget\" data-widget_type=\"text-editor.default\">\n\t\t\t\t<div class=\"elementor-widget-container\">\n\t\t\t\t\t\t\t\t\t<h4>Heb ik nog iets nodig?<\/h4>\n<p>We hebben alles voorbereid &#8211; u hoeft alleen maar op uzelf te vertrouwen!<\/p>\n<p><strong>Prijs per nacht in een boomtent: 59\u20ac<\/strong><br \/><strong>Prijs per nacht in een 2-persoonstent: \u20ac49<\/strong><\/p>\n<p>Beide inclusief. optioneel lunch\/diner menu &amp; ontbijt.<\/p>\n\t\t\t\t\t\t\t\t<\/div>\n\t\t\t\t<\/div>\n\t\t\t\t\t<\/div>\n\t\t<\/div>\n\t\t\t\t<div class=\"elementor-column elementor-col-50 elementor-top-column elementor-element elementor-element-da25f49\" data-id=\"da25f49\" data-element_type=\"column\" data-e-type=\"column\">\n\t\t\t<div class=\"elementor-widget-wrap elementor-element-populated\">\n\t\t\t\t\t\t<div class=\"elementor-element elementor-element-4ba897a elementor-widget elementor-widget-text-editor\" data-id=\"4ba897a\" data-element_type=\"widget\" data-e-type=\"widget\" data-widget_type=\"text-editor.default\">\n\t\t\t\t<div class=\"elementor-widget-container\">\n\t\t\t\t\t\t\t\t\t<h4>In een oogopslag:<\/h4>\n<p>Overnachting in een Tentsile boomtent voor maximaal 3 personen. slaapzak inbegrepen. Ontbijt in het restaurant of direct aan het meer.<\/p>\n<p>3-gangenmenu &#8211; lunch of diner. Top sanitair &#8211; direct aan het meer &#8211; met passende tochttips &amp; kaarten<\/p>\n\t\t\t\t\t\t\t\t<\/div>\n\t\t\t\t<\/div>\n\t\t\t\t\t<\/div>\n\t\t<\/div>\n\t\t\t\t\t<\/div>\n\t\t<\/section>\n\t\t\t\t<section class=\"elementor-section elementor-top-section elementor-element elementor-element-32f4f03 elementor-section-boxed elementor-section-height-default elementor-section-height-default qodef-elementor-content-no\" data-id=\"32f4f03\" data-element_type=\"section\" data-e-type=\"section\">\n\t\t\t\t\t\t<div class=\"elementor-container elementor-column-gap-default\">\n\t\t\t\t\t<div class=\"elementor-column elementor-col-50 elementor-top-column elementor-element elementor-element-c7fed8b\" data-id=\"c7fed8b\" data-element_type=\"column\" data-e-type=\"column\">\n\t\t\t<div class=\"elementor-widget-wrap elementor-element-populated\">\n\t\t\t\t\t\t<div class=\"elementor-element elementor-element-986d872 elementor-widget elementor-widget-qi_addons_for_elementor_button\" data-id=\"986d872\" data-element_type=\"widget\" data-e-type=\"widget\" data-widget_type=\"qi_addons_for_elementor_button.default\">\n\t\t\t\t<div class=\"elementor-widget-container\">\n\t\t\t\t\t<a class=\"qodef-shortcode qodef-m qodef-qi-button qodef-html--link qodef-layout--filled qodef-type--standard qodef-size--full qodef-icon--right qodef-hover--icon-move-horizontal-short\" href=\"\" target=\"_self\">\n\t<span class=\"qodef-m-text\">Voor reservering<\/span>\n\t<\/a>\n\t\t\t\t<\/div>\n\t\t\t\t<\/div>\n\t\t\t\t\t<\/div>\n\t\t<\/div>\n\t\t\t\t<div class=\"elementor-column elementor-col-50 elementor-top-column elementor-element elementor-element-ce0a73f\" data-id=\"ce0a73f\" data-element_type=\"column\" data-e-type=\"column\">\n\t\t\t<div class=\"elementor-widget-wrap elementor-element-populated\">\n\t\t\t\t\t\t<div class=\"elementor-element elementor-element-70a4c15 elementor-widget elementor-widget-qi_addons_for_elementor_button\" data-id=\"70a4c15\" data-element_type=\"widget\" data-e-type=\"widget\" data-widget_type=\"qi_addons_for_elementor_button.default\">\n\t\t\t\t<div class=\"elementor-widget-container\">\n\t\t\t\t\t<a class=\"qodef-shortcode qodef-m qodef-qi-button qodef-html--link qodef-layout--filled qodef-type--standard qodef-size--full qodef-icon--right qodef-hover--icon-move-horizontal-short\" href=\"https:\/\/www.camping.at\/de\/content\/mein-erster-campingurlaub-tag-1\/\" target=\"_blank\" rel=\"nofollow\">\n\t<span class=\"qodef-m-text\">Recensie<\/span>\n\t<\/a>\n\t\t\t\t<\/div>\n\t\t\t\t<\/div>\n\t\t\t\t\t<\/div>\n\t\t<\/div>\n\t\t\t\t\t<\/div>\n\t\t<\/section>\n\t\t\t\t<section class=\"elementor-section elementor-top-section elementor-element elementor-element-6a7f61a elementor-section-full_width qodef-elementor-content-grid elementor-section-height-default elementor-section-height-default\" data-id=\"6a7f61a\" data-element_type=\"section\" data-e-type=\"section\">\n\t\t\t\t\t\t<div class=\"elementor-container elementor-column-gap-default\">\n\t\t\t\t\t<div class=\"elementor-column elementor-col-100 elementor-top-column elementor-element elementor-element-9c6a0ad\" data-id=\"9c6a0ad\" data-element_type=\"column\" data-e-type=\"column\">\n\t\t\t<div class=\"elementor-widget-wrap elementor-element-populated\">\n\t\t\t\t\t\t<div class=\"elementor-element elementor-element-649a2ec elementor-widget elementor-widget-spacer\" data-id=\"649a2ec\" data-element_type=\"widget\" data-e-type=\"widget\" data-widget_type=\"spacer.default\">\n\t\t\t\t<div class=\"elementor-widget-container\">\n\t\t\t\t\t\t\t<div class=\"elementor-spacer\">\n\t\t\t<div class=\"elementor-spacer-inner\"><\/div>\n\t\t<\/div>\n\t\t\t\t\t\t<\/div>\n\t\t\t\t<\/div>\n\t\t\t\t<div class=\"elementor-element elementor-element-1c08ef9 elementor-widget elementor-widget-qi_addons_for_elementor_section_title\" data-id=\"1c08ef9\" data-element_type=\"widget\" data-e-type=\"widget\" data-widget_type=\"qi_addons_for_elementor_section_title.default\">\n\t\t\t\t<div class=\"elementor-widget-container\">\n\t\t\t\t\t<div class=\"qodef-shortcode qodef-m qodef-qi-section-title qodef-decoration--italic qodef-link--underline-draw qodef-subtitle-icon--left\">\n\t\t\t\t<h5 class=\"qodef-m-subtitle\">\n\t\tVeelgestelde vragen\t\t\t<\/h5>\n\t\t\t<h2 class=\"qodef-m-title\">\n\t\tVeel Gestelde Vragen\t<\/h2>\n\t\t\t<\/div>\n\t\t\t\t<\/div>\n\t\t\t\t<\/div>\n\t\t\t\t<div class=\"elementor-element elementor-element-05a456e elementor-widget elementor-widget-qi_addons_for_elementor_accordion\" data-id=\"05a456e\" data-element_type=\"widget\" data-e-type=\"widget\" data-widget_type=\"qi_addons_for_elementor_accordion.default\">\n\t\t\t\t<div class=\"elementor-widget-container\">\n\t\t\t\t\t<div class=\"qodef-shortcode qodef-m qodef-qi-accordion qodef-qi-clear qodef-behavior--accordion qodef-layout--simple qodef-style--standard qodef-height--auto\">\n\t<h5 class=\"qodef-e-title-holder\">\n\t<span class=\"qodef-e-title\">Ik heb nog nooit gekampeerd (of op een camping), wat heb ik nodig?<\/span>\n\t<span class=\"qodef-e-mark\">\n\t\t<span class=\"qodef-icon--plus\">\n\t\t\t\t<span class=\"qodef-e-icon\">\n\t\t<i aria-hidden=\"true\" class=\"fas fa-plus\"><\/i>\t<\/span>\n\t\t\t<\/span>\n\t\t<span class=\"qodef-icon--minus\">\n\t\t\t\t<span class=\"qodef-e-icon\">\n\t\t<i aria-hidden=\"true\" class=\"fas fa-minus\"><\/i>\t<\/span>\n\t\t\t<\/span>\n\t<\/span>\n<\/h5>\n<div class=\"qodef-e-content\">\n\t<div class=\"qodef-e-content-inner\">\n\t\t<p>Alleen jij, je slaapzak (ook te huur tegen meerprijs), je waszak met handdoek en je badpak! Glamping is het toverwoord daarvoor - overnachten in bijzondere slaapverblijven op bijzondere plekken. En u hoeft zich nergens zorgen over te maken - wij hebben hier alles voor u. Onze tenten zijn perfect voor uw eerste kampeervakantie.<\/p>\t<\/div>\n<\/div>\n<h5 class=\"qodef-e-title-holder\">\n\t<span class=\"qodef-e-title\">Hoe zit het met toilet &amp; douche?<\/span>\n\t<span class=\"qodef-e-mark\">\n\t\t<span class=\"qodef-icon--plus\">\n\t\t\t\t<span class=\"qodef-e-icon\">\n\t\t<i aria-hidden=\"true\" class=\"fas fa-plus\"><\/i>\t<\/span>\n\t\t\t<\/span>\n\t\t<span class=\"qodef-icon--minus\">\n\t\t\t\t<span class=\"qodef-e-icon\">\n\t\t<i aria-hidden=\"true\" class=\"fas fa-minus\"><\/i>\t<\/span>\n\t\t\t<\/span>\n\t<\/span>\n<\/h5>\n<div class=\"qodef-e-content\">\n\t<div class=\"qodef-e-content-inner\">\n\t\t<p>In het hoofdgebouw - op ongeveer 50 meter afstand, hebben we onze moderne, mooie sanitaire voorzieningen - douches, wascabines, lounge, enz. - alles wat je nodig hebt.<\/p><p>KOPPELING<\/p>\t<\/div>\n<\/div>\n<h5 class=\"qodef-e-title-holder\">\n\t<span class=\"qodef-e-title\">Staan de boomtenten echt direct aan het meer?<\/span>\n\t<span class=\"qodef-e-mark\">\n\t\t<span class=\"qodef-icon--plus\">\n\t\t\t\t<span class=\"qodef-e-icon\">\n\t\t<i aria-hidden=\"true\" class=\"fas fa-plus\"><\/i>\t<\/span>\n\t\t\t<\/span>\n\t\t<span class=\"qodef-icon--minus\">\n\t\t\t\t<span class=\"qodef-e-icon\">\n\t\t<i aria-hidden=\"true\" class=\"fas fa-minus\"><\/i>\t<\/span>\n\t\t\t<\/span>\n\t<\/span>\n<\/h5>\n<div class=\"qodef-e-content\">\n\t<div class=\"qodef-e-content-inner\">\n\t\t<p>Ja - ze zien eruit als UFO's - we hechten ze aan de dennen die hier al honderden jaren groeien aan onze natuurlijke oevers van het Faakmeer.<\/p>\t<\/div>\n<\/div>\n<h5 class=\"qodef-e-title-holder\">\n\t<span class=\"qodef-e-title\">Hoe zit het met het eten?<\/span>\n\t<span class=\"qodef-e-mark\">\n\t\t<span class=\"qodef-icon--plus\">\n\t\t\t\t<span class=\"qodef-e-icon\">\n\t\t<i aria-hidden=\"true\" class=\"fas fa-plus\"><\/i>\t<\/span>\n\t\t\t<\/span>\n\t\t<span class=\"qodef-icon--minus\">\n\t\t\t\t<span class=\"qodef-e-icon\">\n\t\t<i aria-hidden=\"true\" class=\"fas fa-minus\"><\/i>\t<\/span>\n\t\t\t<\/span>\n\t<\/span>\n<\/h5>\n<div class=\"qodef-e-content\">\n\t<div class=\"qodef-e-content-inner\">\n\t\t<p>Ons aanbod is inclusief ontbijt &amp; lunch of diner. En we beloofden een echt goed a la carte restaurant.<\/p>\t<\/div>\n<\/div>\n<h5 class=\"qodef-e-title-holder\">\n\t<span class=\"qodef-e-title\">Kan ik zonder auto aankomen?<\/span>\n\t<span class=\"qodef-e-mark\">\n\t\t<span class=\"qodef-icon--plus\">\n\t\t\t\t<span class=\"qodef-e-icon\">\n\t\t<i aria-hidden=\"true\" class=\"fas fa-plus\"><\/i>\t<\/span>\n\t\t\t<\/span>\n\t\t<span class=\"qodef-icon--minus\">\n\t\t\t\t<span class=\"qodef-e-icon\">\n\t\t<i aria-hidden=\"true\" class=\"fas fa-minus\"><\/i>\t<\/span>\n\t\t\t<\/span>\n\t<\/span>\n<\/h5>\n<div class=\"qodef-e-content\">\n\t<div class=\"qodef-e-content-inner\">\n\t\t<p>Ook met het openbaar vervoer is het heel gemakkelijk om hier te komen.<br>Trein en bus zijn aanwezig en ook de laatste kilometers kun je met een ophaalservice bij ons krijgen.<\/p><p>MEER OVER DIT<\/p>\t<\/div>\n<\/div>\n<h5 class=\"qodef-e-title-holder\">\n\t<span class=\"qodef-e-title\">Ik ben op een etappefietstocht, kan ik bij jou stoppen?<\/span>\n\t<span class=\"qodef-e-mark\">\n\t\t<span class=\"qodef-icon--plus\">\n\t\t\t\t<span class=\"qodef-e-icon\">\n\t\t<i aria-hidden=\"true\" class=\"fas fa-plus\"><\/i>\t<\/span>\n\t\t\t<\/span>\n\t\t<span class=\"qodef-icon--minus\">\n\t\t\t\t<span class=\"qodef-e-icon\">\n\t\t<i aria-hidden=\"true\" class=\"fas fa-minus\"><\/i>\t<\/span>\n\t\t\t<\/span>\n\t<\/span>\n<\/h5>\n<div class=\"qodef-e-content\">\n\t<div class=\"qodef-e-content-inner\">\n\t\t<p>U kunt ons ook per fiets (Drauradweg, Ciclovia Alpe Adria, MTB Tour 3) of te voet (Alpe Adria Trail, Jakobsweg, Marienpilgerweg) bereiken.<\/p>\t<\/div>\n<\/div>\n<h5 class=\"qodef-e-title-holder\">\n\t<span class=\"qodef-e-title\">Wat is de watertemperatuur van Faaker See?<\/span>\n\t<span class=\"qodef-e-mark\">\n\t\t<span class=\"qodef-icon--plus\">\n\t\t\t\t<span class=\"qodef-e-icon\">\n\t\t<i aria-hidden=\"true\" class=\"fas fa-plus\"><\/i>\t<\/span>\n\t\t\t<\/span>\n\t\t<span class=\"qodef-icon--minus\">\n\t\t\t\t<span class=\"qodef-e-icon\">\n\t\t<i aria-hidden=\"true\" class=\"fas fa-minus\"><\/i>\t<\/span>\n\t\t\t<\/span>\n\t<\/span>\n<\/h5>\n<div class=\"qodef-e-content\">\n\t<div class=\"qodef-e-content-inner\">\n\t\t<p>De Faaker See is een van de warmste zwemmeren van Oostenrijk. Vanaf mei kan er gezwommen worden. Vanaf juni is het warm ;-).<\/p>\t<\/div>\n<\/div>\n<h5 class=\"qodef-e-title-holder\">\n\t<span class=\"qodef-e-title\">Kan ik iets rechtstreeks vanuit de tent doen?<\/span>\n\t<span class=\"qodef-e-mark\">\n\t\t<span class=\"qodef-icon--plus\">\n\t\t\t\t<span class=\"qodef-e-icon\">\n\t\t<i aria-hidden=\"true\" class=\"fas fa-plus\"><\/i>\t<\/span>\n\t\t\t<\/span>\n\t\t<span class=\"qodef-icon--minus\">\n\t\t\t\t<span class=\"qodef-e-icon\">\n\t\t<i aria-hidden=\"true\" class=\"fas fa-minus\"><\/i>\t<\/span>\n\t\t\t<\/span>\n\t<\/span>\n<\/h5>\n<div class=\"qodef-e-content\">\n\t<div class=\"qodef-e-content-inner\">\n\t\t<p>Ja. Wij zijn al jaren een basiskamp voor wandelaars, klimmers, mountainbikers en fietsers en bieden ook canyoningtochten aan in Zuid-Karinthi\u00eb, Sloveni\u00eb en Itali\u00eb. We hebben alle belangrijke tips &amp; kaarten voor tochten (MTB, wandelen, klimmen, via ferrata, fietsen) van de Karawanken naar de Triglav. Met onze bergschool \"High Life\" is er ook een hoogwaardig <a class=\"intext int textintlink\" href=\"https:\/\/www.campinganderwald.at\/nl\/?page_id=4895\" target=\"_self\">aanbod van rondleidingen<\/a> (canyoning!)<\/p>\t<\/div>\n<\/div>\n<\/div>\n\t\t\t\t<\/div>\n\t\t\t\t<\/div>\n\t\t\t\t\t<\/div>\n\t\t<\/div>\n\t\t\t\t\t<\/div>\n\t\t<\/section>\n\t\t\t\t<\/div>\n\t\t","protected":false},"excerpt":{"rendered":"<p>Tentsile boomtent slapen in de boom Wonen in een boomtent &#8211; een avontuur onder de sterrenhemel direct in het bos aan het meer van Faak. Breng de nacht door drijvend tussen de bomen op slechts 5 meter van het water. Als er een huuraccommodatie bij ons past dan is het deze \ud83d\ude09 Heb ik nog [&hellip;]<\/p>\n","protected":false},"author":2,"featured_media":0,"parent":0,"menu_order":0,"comment_status":"closed","ping_status":"closed","template":"page-full-width.php","meta":{"footnotes":""},"class_list":["post-3370","page","type-page","status-publish","hentry"],"yoast_head":"<!-- This site is optimized with the Yoast SEO plugin v27.5 - https:\/\/yoast.com\/product\/yoast-seo-wordpress\/ -->\n<title>boom tenten - Camping Anderwald<\/title>\n<meta name=\"robots\" content=\"index, follow, max-snippet:-1, max-image-preview:large, max-video-preview:-1\" \/>\n<link rel=\"canonical\" href=\"https:\/\/www.campinganderwald.at\/nl\/boom-tent\/\" \/>\n<meta property=\"og:locale\" content=\"nl_NL\" \/>\n<meta property=\"og:type\" content=\"article\" \/>\n<meta property=\"og:title\" content=\"boom tenten - Camping Anderwald\" \/>\n<meta property=\"og:description\" content=\"Tentsile boomtent slapen in de boom Wonen in een boomtent &#8211; een avontuur onder de sterrenhemel direct in het bos aan het meer van Faak. Breng de nacht door drijvend tussen de bomen op slechts 5 meter van het water. Als er een huuraccommodatie bij ons past dan is het deze \ud83d\ude09 Heb ik nog [&hellip;]\" \/>\n<meta property=\"og:url\" content=\"https:\/\/www.campinganderwald.at\/nl\/boom-tent\/\" \/>\n<meta property=\"og:site_name\" content=\"Camping Anderwald\" \/>\n<meta property=\"article:modified_time\" content=\"2024-01-03T23:05:37+00:00\" \/>\n<meta property=\"og:image\" content=\"https:\/\/www.campinganderwald.at\/wp-content\/uploads\/2024\/01\/Baumzelt1-1300x650.jpg\" \/>\n<meta name=\"twitter:card\" content=\"summary_large_image\" \/>\n<meta name=\"twitter:label1\" content=\"Geschatte leestijd\" \/>\n\t<meta name=\"twitter:data1\" content=\"2 minuten\" \/>\n<script type=\"application\/ld+json\" class=\"yoast-schema-graph\">{\"@context\":\"https:\\\/\\\/schema.org\",\"@graph\":[{\"@type\":\"WebPage\",\"@id\":\"https:\\\/\\\/www.campinganderwald.at\\\/nl\\\/boom-tent\\\/\",\"url\":\"https:\\\/\\\/www.campinganderwald.at\\\/nl\\\/boom-tent\\\/\",\"name\":\"boom tenten - Camping Anderwald\",\"isPartOf\":{\"@id\":\"https:\\\/\\\/www.campinganderwald.at\\\/nl\\\/#website\"},\"primaryImageOfPage\":{\"@id\":\"https:\\\/\\\/www.campinganderwald.at\\\/nl\\\/boom-tent\\\/#primaryimage\"},\"image\":{\"@id\":\"https:\\\/\\\/www.campinganderwald.at\\\/nl\\\/boom-tent\\\/#primaryimage\"},\"thumbnailUrl\":\"https:\\\/\\\/www.campinganderwald.at\\\/wp-content\\\/uploads\\\/2024\\\/01\\\/Baumzelt1-1300x650.jpg\",\"datePublished\":\"2021-06-08T10:56:32+00:00\",\"dateModified\":\"2024-01-03T23:05:37+00:00\",\"breadcrumb\":{\"@id\":\"https:\\\/\\\/www.campinganderwald.at\\\/nl\\\/boom-tent\\\/#breadcrumb\"},\"inLanguage\":\"nl-NL\",\"potentialAction\":[{\"@type\":\"ReadAction\",\"target\":[\"https:\\\/\\\/www.campinganderwald.at\\\/nl\\\/boom-tent\\\/\"]}]},{\"@type\":\"ImageObject\",\"inLanguage\":\"nl-NL\",\"@id\":\"https:\\\/\\\/www.campinganderwald.at\\\/nl\\\/boom-tent\\\/#primaryimage\",\"url\":\"https:\\\/\\\/www.campinganderwald.at\\\/wp-content\\\/uploads\\\/2024\\\/01\\\/Baumzelt1-1300x650.jpg\",\"contentUrl\":\"https:\\\/\\\/www.campinganderwald.at\\\/wp-content\\\/uploads\\\/2024\\\/01\\\/Baumzelt1-1300x650.jpg\"},{\"@type\":\"BreadcrumbList\",\"@id\":\"https:\\\/\\\/www.campinganderwald.at\\\/nl\\\/boom-tent\\\/#breadcrumb\",\"itemListElement\":[{\"@type\":\"ListItem\",\"position\":1,\"name\":\"Startseite\",\"item\":\"https:\\\/\\\/www.campinganderwald.at\\\/nl\\\/\"},{\"@type\":\"ListItem\",\"position\":2,\"name\":\"boom tenten\"}]},{\"@type\":\"WebSite\",\"@id\":\"https:\\\/\\\/www.campinganderwald.at\\\/nl\\\/#website\",\"url\":\"https:\\\/\\\/www.campinganderwald.at\\\/nl\\\/\",\"name\":\"Camping Anderwald\",\"description\":\"Unser Campingplatz liegt direkt am Faaker See in K\u00e4rnten, eingebettet in die traumhafte Kulisse der das gesamte Gebiet umgebenden Karawanken. Der Faaker See ist nicht nur der s\u00fcdlichste Badesee K\u00e4rntens, er ist auch einer der...\",\"publisher\":{\"@id\":\"https:\\\/\\\/www.campinganderwald.at\\\/nl\\\/#organization\"},\"potentialAction\":[{\"@type\":\"SearchAction\",\"target\":{\"@type\":\"EntryPoint\",\"urlTemplate\":\"https:\\\/\\\/www.campinganderwald.at\\\/nl\\\/?s={search_term_string}\"},\"query-input\":{\"@type\":\"PropertyValueSpecification\",\"valueRequired\":true,\"valueName\":\"search_term_string\"}}],\"inLanguage\":\"nl-NL\"},{\"@type\":\"Organization\",\"@id\":\"https:\\\/\\\/www.campinganderwald.at\\\/nl\\\/#organization\",\"name\":\"Camping Anderwald\",\"url\":\"https:\\\/\\\/www.campinganderwald.at\\\/nl\\\/\",\"logo\":{\"@type\":\"ImageObject\",\"inLanguage\":\"nl-NL\",\"@id\":\"https:\\\/\\\/www.campinganderwald.at\\\/nl\\\/#\\\/schema\\\/logo\\\/image\\\/\",\"url\":\"https:\\\/\\\/www.campinganderwald.at\\\/wp-content\\\/uploads\\\/2022\\\/01\\\/campingAnderwald-logo.svg\",\"contentUrl\":\"https:\\\/\\\/www.campinganderwald.at\\\/wp-content\\\/uploads\\\/2022\\\/01\\\/campingAnderwald-logo.svg\",\"caption\":\"Camping Anderwald\"},\"image\":{\"@id\":\"https:\\\/\\\/www.campinganderwald.at\\\/nl\\\/#\\\/schema\\\/logo\\\/image\\\/\"}}]}<\/script>\n<!-- \/ Yoast SEO plugin. -->","yoast_head_json":{"title":"boom tenten - Camping Anderwald","robots":{"index":"index","follow":"follow","max-snippet":"max-snippet:-1","max-image-preview":"max-image-preview:large","max-video-preview":"max-video-preview:-1"},"canonical":"https:\/\/www.campinganderwald.at\/nl\/boom-tent\/","og_locale":"nl_NL","og_type":"article","og_title":"boom tenten - Camping Anderwald","og_description":"Tentsile boomtent slapen in de boom Wonen in een boomtent &#8211; een avontuur onder de sterrenhemel direct in het bos aan het meer van Faak. Breng de nacht door drijvend tussen de bomen op slechts 5 meter van het water. Als er een huuraccommodatie bij ons past dan is het deze \ud83d\ude09 Heb ik nog [&hellip;]","og_url":"https:\/\/www.campinganderwald.at\/nl\/boom-tent\/","og_site_name":"Camping Anderwald","article_modified_time":"2024-01-03T23:05:37+00:00","og_image":[{"url":"https:\/\/www.campinganderwald.at\/wp-content\/uploads\/2024\/01\/Baumzelt1-1300x650.jpg","type":"","width":"","height":""}],"twitter_card":"summary_large_image","twitter_misc":{"Geschatte leestijd":"2 minuten"},"schema":{"@context":"https:\/\/schema.org","@graph":[{"@type":"WebPage","@id":"https:\/\/www.campinganderwald.at\/nl\/boom-tent\/","url":"https:\/\/www.campinganderwald.at\/nl\/boom-tent\/","name":"boom tenten - Camping Anderwald","isPartOf":{"@id":"https:\/\/www.campinganderwald.at\/nl\/#website"},"primaryImageOfPage":{"@id":"https:\/\/www.campinganderwald.at\/nl\/boom-tent\/#primaryimage"},"image":{"@id":"https:\/\/www.campinganderwald.at\/nl\/boom-tent\/#primaryimage"},"thumbnailUrl":"https:\/\/www.campinganderwald.at\/wp-content\/uploads\/2024\/01\/Baumzelt1-1300x650.jpg","datePublished":"2021-06-08T10:56:32+00:00","dateModified":"2024-01-03T23:05:37+00:00","breadcrumb":{"@id":"https:\/\/www.campinganderwald.at\/nl\/boom-tent\/#breadcrumb"},"inLanguage":"nl-NL","potentialAction":[{"@type":"ReadAction","target":["https:\/\/www.campinganderwald.at\/nl\/boom-tent\/"]}]},{"@type":"ImageObject","inLanguage":"nl-NL","@id":"https:\/\/www.campinganderwald.at\/nl\/boom-tent\/#primaryimage","url":"https:\/\/www.campinganderwald.at\/wp-content\/uploads\/2024\/01\/Baumzelt1-1300x650.jpg","contentUrl":"https:\/\/www.campinganderwald.at\/wp-content\/uploads\/2024\/01\/Baumzelt1-1300x650.jpg"},{"@type":"BreadcrumbList","@id":"https:\/\/www.campinganderwald.at\/nl\/boom-tent\/#breadcrumb","itemListElement":[{"@type":"ListItem","position":1,"name":"Startseite","item":"https:\/\/www.campinganderwald.at\/nl\/"},{"@type":"ListItem","position":2,"name":"boom tenten"}]},{"@type":"WebSite","@id":"https:\/\/www.campinganderwald.at\/nl\/#website","url":"https:\/\/www.campinganderwald.at\/nl\/","name":"Camping Anderwald","description":"Unser Campingplatz liegt direkt am Faaker See in K\u00e4rnten, eingebettet in die traumhafte Kulisse der das gesamte Gebiet umgebenden Karawanken. Der Faaker See ist nicht nur der s\u00fcdlichste Badesee K\u00e4rntens, er ist auch einer der...","publisher":{"@id":"https:\/\/www.campinganderwald.at\/nl\/#organization"},"potentialAction":[{"@type":"SearchAction","target":{"@type":"EntryPoint","urlTemplate":"https:\/\/www.campinganderwald.at\/nl\/?s={search_term_string}"},"query-input":{"@type":"PropertyValueSpecification","valueRequired":true,"valueName":"search_term_string"}}],"inLanguage":"nl-NL"},{"@type":"Organization","@id":"https:\/\/www.campinganderwald.at\/nl\/#organization","name":"Camping Anderwald","url":"https:\/\/www.campinganderwald.at\/nl\/","logo":{"@type":"ImageObject","inLanguage":"nl-NL","@id":"https:\/\/www.campinganderwald.at\/nl\/#\/schema\/logo\/image\/","url":"https:\/\/www.campinganderwald.at\/wp-content\/uploads\/2022\/01\/campingAnderwald-logo.svg","contentUrl":"https:\/\/www.campinganderwald.at\/wp-content\/uploads\/2022\/01\/campingAnderwald-logo.svg","caption":"Camping Anderwald"},"image":{"@id":"https:\/\/www.campinganderwald.at\/nl\/#\/schema\/logo\/image\/"}}]}},"_links":{"self":[{"href":"https:\/\/www.campinganderwald.at\/nl\/wp-json\/wp\/v2\/pages\/3370","targetHints":{"allow":["GET"]}}],"collection":[{"href":"https:\/\/www.campinganderwald.at\/nl\/wp-json\/wp\/v2\/pages"}],"about":[{"href":"https:\/\/www.campinganderwald.at\/nl\/wp-json\/wp\/v2\/types\/page"}],"author":[{"embeddable":true,"href":"https:\/\/www.campinganderwald.at\/nl\/wp-json\/wp\/v2\/users\/2"}],"replies":[{"embeddable":true,"href":"https:\/\/www.campinganderwald.at\/nl\/wp-json\/wp\/v2\/comments?post=3370"}],"version-history":[{"count":3,"href":"https:\/\/www.campinganderwald.at\/nl\/wp-json\/wp\/v2\/pages\/3370\/revisions"}],"predecessor-version":[{"id":11098,"href":"https:\/\/www.campinganderwald.at\/nl\/wp-json\/wp\/v2\/pages\/3370\/revisions\/11098"}],"wp:attachment":[{"href":"https:\/\/www.campinganderwald.at\/nl\/wp-json\/wp\/v2\/media?parent=3370"}],"curies":[{"name":"wp","href":"https:\/\/api.w.org\/{rel}","templated":true}]}}